{"id":120,"date":"2013-01-29T11:04:24","date_gmt":"2013-01-29T10:04:24","guid":{"rendered":"http:\/\/surmedicalisation.fr\/?page_id=120"},"modified":"2013-09-13T14:31:28","modified_gmt":"2013-09-13T12:31:28","slug":"les-actes","status":"publish","type":"page","link":"http:\/\/surmedicalisation.fr\/?page_id=120","title":{"rendered":"Les actes &#8211; Colloque 2012"},"content":{"rendered":"<p><script type=\"text\/javascript\">\/\/ <![CDATA[\n(function(i,s,o,g,r,a,m){i['GoogleAnalyticsObject']=r;i[r]=i[r]||function(){   (i[r].q=i[r].q||[]).push(arguments)},i[r].l=1*new Date();a=s.createElement(o),   m=s.getElementsByTagName(o)[0];a.async=1;a.src=g;m.parentNode.insertBefore(a,m)   })(window,document,'script','\/\/www.google-analytics.com\/analytics.js','ga');   ga('create', 'UA-40453293-1', 'surmedicalisation.fr');   ga('send', 'pageview');\n\/\/ ]]><\/script><\/p>\n<h5 style=\"text-align: center;\"><\/h5>\n<h1 style=\"text-align: center;\">Colloque 2012<\/h1>\n<h2 style=\"text-align: center;\"><strong><span style=\"color: #ff0000;\">Surm\u00e9dicalisation, surdiagnostics, surtraitements<\/span><\/strong><\/h2>\n<h2 style=\"text-align: center;\">Facult\u00e9 de M\u00e9decine de Bobigny<\/h2>\n<h3 style=\"text-align: center;\"><span style=\"color: #808080;\"><em>Du 27 et 28 avril 2012<\/em><\/span><\/h3>\n<h2 style=\"text-align: center;\"><span style=\"color: #000000;\">Vue d\u2019ensemble des ateliers<\/span><\/h2>\n<h5 style=\"text-align: center;\"><span style=\"color: #0000ff;\">Cliquer sur les liens pour ouvrir les pages de chaque atelier<\/span><\/h5>\n<h2 style=\"text-align: center;\"><a title=\"Surm\u00e9dicalisation, mythe ou r\u00e9alit\u00e9\" href=\"http:\/\/surmedicalisation.fr\/?page_id=333Visuel\" target=\"_blank\">Atelier N\u00b01: 27 avril , matin<\/a><\/h2>\n<h1 style=\"text-align: center;\"><span style=\"color: #0000ff;\">Surm\u00e9dication, Mythe ou r\u00e9alit\u00e9<\/span><\/h1>\n<h3 style=\"text-align: center;\"><strong>Mod\u00e9rateur : Jean Claude Salomon<\/strong><\/h3>\n<p style=\"text-align: center;\"><span style=\"color: #000000;\">Sylvie Fainzang<\/span><\/p>\n<h3 style=\"text-align: center;\"><span style=\"text-decoration: underline;\"><span style=\"color: #808080; text-decoration: underline;\"><em>La surm\u00e9dicalisation, entre m\u00e9decins et malades<\/em><\/span><\/span><\/h3>\n<h3 style=\"text-align: center;\"><span style=\"color: #000000;\">Jacques Birg\u00e9<br \/>\n<\/span><\/h3>\n<h3 style=\"text-align: center;\"><span style=\"text-decoration: underline;\"><span style=\"color: #808080; text-decoration: underline;\"><em>La non prescription en m\u00e9decine g\u00e9n\u00e9rale : enqu\u00eate de pratiques chez les ma\u00eetres de stage et stagiaires SASPAS lorrains<\/em><\/span><\/span><\/h3>\n<h3 style=\"text-align: center;\">Bernard Junod<\/h3>\n<h3 style=\"text-align: center;\"><span style=\"text-decoration: underline;\"><span style=\"color: #808080; text-decoration: underline;\"><em>D\u00e9pistage du cancer\u00a0: le mod\u00e8le de pr\u00e9vention contredit par les faits<\/em><\/span><\/span><\/h3>\n<h3 style=\"text-align: center;\">Antoine Etienne<\/h3>\n<h3 style=\"text-align: center;\"><span style=\"text-decoration: underline;\"><span style=\"color: #808080; text-decoration: underline;\"><em>Surm\u00e9dicalisation ou contre-productivit\u00e9 : un regard contemporain sur Ivan Illich.<\/em><\/span><\/span><\/h3>\n<p style=\"text-align: center;\">&#8212;&#8212;&#8212;&#8212;&#8212;&#8212;-<\/p>\n<h2 style=\"text-align: center;\"><a title=\"Causes et sources de surm\u00e9dicalisation\" href=\"http:\/\/surmedicalisation.fr\/?page_id=338\" target=\"_blank\">Atelier N\u00b02: 27 avril, matin<\/a><\/h2>\n<h1 style=\"text-align: center;\"><span style=\"color: #0000ff;\">Causes et sources de surm\u00e9dicalisation<\/span><\/h1>\n<h3 style=\"text-align: center;\"><strong>Mod\u00e9rateur : Elena Pasca<\/strong><\/h3>\n<h3 style=\"text-align: center;\">Monique Debauche<\/h3>\n<h3 style=\"text-align: center;\"><span style=\"text-decoration: underline;\"><span style=\"color: #808080; text-decoration: underline;\"><em>Les m\u00e9dicaments psychiatriques : modes et tendances<\/em><\/span><\/span><\/h3>\n<h3 style=\"text-align: center;\">Edwige Le Mouel, Olivier Decaux, Antoinette Perlat, Patrick Jego, Bernard Grosbois.<\/h3>\n<h3 style=\"text-align: center;\"><span style=\"text-decoration: underline;\"><span style=\"color: #808080; text-decoration: underline;\"><em>Incidentalomes biologiques\u00a0:\u00e9tude prospective en consultation de m\u00e9decine interne<\/em><\/span><\/span><\/h3>\n<h3 style=\"text-align: center;\">Laurent Letrilliart, Denis Pouchain<\/h3>\n<h3 style=\"text-align: center;\"><span style=\"text-decoration: underline;\"><span style=\"color: #808080; text-decoration: underline;\"><em>Troubles cognitifs l\u00e9gers: une zone grise \u00e0 risque de surm\u00e9dicalisation<\/em><\/span><\/span><\/h3>\n<h3 style=\"text-align: center;\"><span style=\"color: #000000;\">Luc Perino<\/span><\/h3>\n<h3 style=\"text-align: center;\"><span style=\"text-decoration: underline;\"><em>Surm\u00e9dicalisation\u00a0: un dysfonctionnement syst\u00e9mique habilement exploit\u00e9.<\/em><\/span><\/h3>\n<p style=\"text-align: center;\"><span style=\"background-color: #ffffff; color: #000000;\">Pierre-Guillaume Paris<\/span><\/p>\n<h3 style=\"text-align: center;\"><span style=\"text-decoration: underline;\"><span style=\"color: #808080; text-decoration: underline;\"><em>La sant\u00e9, cat\u00e9gorie normative qui fa\u00e7onne les subjectivit\u00e9s<\/em><\/span><\/span><\/h3>\n<p style=\"text-align: center;\">&#8212;&#8212;&#8212;&#8212;&#8212;&#8212;-<\/p>\n<h2 style=\"text-align: center;\"><a href=\"http:\/\/surmedicalisation.fr\/?page_id=340\" target=\"_blank\"><span style=\"color: #000000;\">Atelier N\u00b03: 27 avril, apr\u00e8s midi<\/span><\/a><\/h2>\n<h1 style=\"text-align: center;\"><span style=\"color: #0000ff;\">Surdiagnostics source de surtraitements<\/span><\/h1>\n<h3 style=\"text-align: center;\"><strong>Mod\u00e9rateur : Alain Siary<\/strong><\/h3>\n<h3 style=\"text-align: center;\">Bernard Junod<\/h3>\n<h3 style=\"text-align: center;\"><span style=\"text-decoration: underline;\"><em><span style=\"color: #808080; text-decoration: underline;\">Surdiagnostic et surtraitement du cancer du sein par radioth\u00e9rapie<\/span><\/em><\/span><\/h3>\n<h3 style=\"text-align: center;\"><span style=\"color: #000000;\">Alain Braillon<\/span><\/h3>\n<h3 style=\"text-align: center;\"><span style=\"text-decoration: underline;\"><em><span style=\"color: #808080; text-decoration: underline;\">D\u00e9pistage du cancer de la prostate, un scandale sanitaire de plus ?<\/span><\/em><\/span><\/h3>\n<h3 style=\"text-align: center;\"><span style=\"color: #000000;\">Ibrahima Lassoued, Marc Jamoulle<\/span><\/h3>\n<h3 style=\"text-align: center;\"><span style=\"text-decoration: underline;\"><em><span style=\"color: #808080; text-decoration: underline;\">Cancer du sein\u00a0; d\u00e9pistage ou surdiagnostic\u00a0?<\/span><\/em><\/span><\/h3>\n<p style=\"text-align: center;\"><span style=\"color: #000000;\">Jacques Testart<\/span><\/p>\n<h3 style=\"text-align: center;\"><span style=\"text-decoration: underline;\"><em><span style=\"color: #808080; text-decoration: underline;\">Le cas de l\u2019Assistance m\u00e9dicale \u00e0 la procr\u00e9ation (AMP)<\/span><\/em><\/span><\/h3>\n<p style=\"text-align: center;\">&#8212;&#8212;&#8212;&#8212;&#8212;&#8212;-<\/p>\n<h2 style=\"text-align: center;\"><a href=\"http:\/\/surmedicalisation.fr\/?page_id=342\" target=\"_blank\"><span style=\"color: #000000;\">Atelier N\u00b04: 27 avril apr\u00e8s midi<\/span><\/a><\/h2>\n<h1 style=\"text-align: center;\"><span style=\"color: #0000ff;\">Surtraitements non li\u00e9s aux surdiagnostics<\/span><\/h1>\n<h3 style=\"text-align: center;\"><strong>Mod\u00e9rateur : Fran\u00e7ois\u00a0 Pesty<\/strong><\/h3>\n<h3 style=\"text-align: center;\">Marie-France Legoaziou<\/h3>\n<p style=\"text-align: center;\"><span style=\"text-decoration: underline;\"><em><span style=\"color: #808080; text-decoration: underline;\">Surm\u00e9dicalisation\u00a0: A propos de deux situations qui m\u2019ont interrog\u00e9es<\/span><\/em><\/span><\/p>\n<h3 style=\"text-align: center;\">Xavier Briffault<\/h3>\n<p style=\"text-align: center;\"><span style=\"text-decoration: underline;\"><em><span style=\"color: #808080; text-decoration: underline;\">AMM et RBP, \u00ab\u00a0substituts pratiques\u00a0\u00bb au raisonnement EBM\u00a0?<\/span><\/em><\/span><\/p>\n<h3 style=\"text-align: center;\"><span style=\"color: #000000;\">Bernard Guillonneau<\/span><\/h3>\n<h3 style=\"text-align: center;\"><span style=\"text-decoration: underline;\"><em><span style=\"color: #808080; text-decoration: underline;\">R\u00e9flexions sur le(s) Cancer(s) de la Prostate<\/span><\/em><\/span><\/h3>\n<p style=\"text-align: center;\">&#8212;&#8212;&#8212;&#8212;&#8212;&#8212;-<\/p>\n<h2 style=\"text-align: center;\"><a href=\"http:\/\/surmedicalisation.fr\/?page_id=344\" target=\"_blank\"><span style=\"color: #000000;\">Atelier N\u00b05: 28 avril matin<\/span><\/a><\/h2>\n<h1 style=\"text-align: center;\"><span style=\"color: #0000ff;\">Consid\u00e9rations et enjeux<\/span><\/h1>\n<h3 style=\"text-align: center;\"><strong><span style=\"color: #000000;\">Mod\u00e9rateur : Omar Brixi<\/span><\/strong><\/h3>\n<h3 style=\"text-align: center;\">Chlo\u00e9 Langeard,Guy Minguet,Laetitia Gueganton,Pierre Cam,Christine Faquet,Pierre Lombrail,Gilles Rault,<\/h3>\n<h3 style=\"text-align: center;\"><span style=\"text-decoration: underline;\"><span style=\"color: #808080;\"><em>A propos du d\u00e9pistage n\u00e9onatal syst\u00e9matique de la mucoviscidose<\/em><\/span><\/span><\/h3>\n<h3 style=\"text-align: center;\"><span style=\"color: #000000;\">Anne Pellissier-Fall<\/span><\/h3>\n<p style=\"text-align: center;\"><span style=\"text-decoration: underline;\"><em><span style=\"color: #808080; text-decoration: underline;\">M\u00e9dicalisation et anticipation de la maladie<\/span><\/em><\/span><\/p>\n<h3 style=\"text-align: center;\"><span style=\"text-decoration: underline;\"><span style=\"color: #000000; text-decoration: underline;\">Anne Vega<\/span><\/span><\/h3>\n<h3 style=\"text-align: center;\"><span style=\"text-decoration: underline;\"><span style=\"color: #808080; text-decoration: underline;\"><em>Exergue\u00a0: \u00ab\u00a0Les m\u00e9decins devraient \u00eatre sensibilis\u00e9s pendant leur formation aux m\u00e9thodes qu\u2019utilisent les firmes pharmaceutiques pour les influencer.\u00a0\u00bb<\/em><\/span><\/span><\/h3>\n<p style=\"text-align: center;\">&#8212;&#8212;&#8212;&#8212;&#8212;&#8212;-<\/p>\n<h2 style=\"text-align: center;\"><a href=\"http:\/\/surmedicalisation.fr\/?page_id=346\" target=\"_blank\">Atelier N\u00b06: 28 avril matin<\/a><\/h2>\n<h1 style=\"text-align: center;\"><span style=\"color: #0000ff;\">Hierarchiser les moyens, les m\u00e9dicaments essentiels<\/span><\/h1>\n<h3 style=\"text-align: center;\"><strong><span style=\"color: #000000;\">Mod\u00e9rateurs : Michel Thomas , Michel Dor\u00e9<\/span><\/strong><\/h3>\n<h3 style=\"text-align: center;\"><span style=\"color: #000000;\">Dominique Bedoin<\/span><\/h3>\n<h3 style=\"text-align: center;\"><span style=\"text-decoration: underline;\"><span style=\"color: #808080; text-decoration: underline;\"><em>La prise en charge des affections transitoires b\u00e9nignes en m\u00e9decine g\u00e9n\u00e9rale\u00a0:<\/em><\/span><\/span><\/h3>\n<h3 style=\"text-align: center;\"><span style=\"text-decoration: underline;\"><span style=\"color: #808080; text-decoration: underline;\"><em>avec ou sans m\u00e9dicaments<\/em><\/span><\/span><\/h3>\n<h3 style=\"text-align: center;\">Ma\u00eelys Michot Casbas<\/h3>\n<h3 style=\"text-align: center;\"><span style=\"text-decoration: underline;\"><em><span style=\"color: #808080; text-decoration: underline;\">Sur prise en charge ou mauvaise prise en charge\u00a0?<\/span><\/em><\/span><\/h3>\n<h3 style=\"text-align: center;\"><span style=\"color: #000000;\">Michel Thomas, Philippe Arlet, Olivier Aumaitre, Julie Cosserat, Bernard Grosbois, Lo\u00eec Guillevin, Adrien Kettaneh, Claire Le Jeune, Christian Massot, Philippe Morlat.<\/span><\/h3>\n<h3 style=\"text-align: center;\"><span style=\"text-decoration: underline;\"><em><span style=\"color: #808080; text-decoration: underline;\">Les m\u00e9dicaments essentiels\u00a0: la d\u00e9marche des internistes<\/span><\/em><\/span><\/h3>\n<h3 style=\"text-align: center;\">Yassine Hilal<\/h3>\n<h3 style=\"text-align: center;\"><span style=\"text-decoration: underline;\"><span style=\"color: #666699;\"><em>Les m\u00e9dicaments essentiels\u00a0: la liste de Bobigny<\/em><\/span><\/span><\/h3>\n<p>&nbsp;<\/p>\n<h4 style=\"text-align: center;\"><strong><em><span style=\"text-decoration: underline;\">Le groupe Princeps<\/span> : Michel Thomas, Omar Brixi, Elena Pasca,<\/em><\/strong><\/h4>\n<h4 style=\"text-align: center;\"><strong><em>\u00a0Fran\u00e7ois Pesty,et Jean-Claude Salomon<br \/>\n<\/em><\/strong><\/h4>\n<h4 style=\"text-align: center;\"><strong><em> Le d\u00e9partement de m\u00e9decine g\u00e9n\u00e9rale de la Facult\u00e9 de M\u00e9decine de Bobigny,<\/em><\/strong><\/h4>\n<h4 style=\"text-align: center;\"><strong><em> La Soci\u00e9t\u00e9 de Formation Th\u00e9rapeutique\u00a0 du G\u00e9n\u00e9raliste ( SFTG), repr\u00e9sent\u00e9e par Alain SIARY.<br \/>\n<\/em><\/strong><\/h4>\n<h3 style=\"text-align: center;\"><\/h3>\n<p>&nbsp;<\/p>\n<p style=\"text-align: center;\">&#8212;&#8212;&#8212;&#8212;&#8212;&#8212;-<\/p>\n<h2 style=\"text-align: center;\"><a href=\"http:\/\/surmedicalisation.fr\/?page_id=2549\" target=\"_blank\">Echanges entre participants : 27 &amp; 28 avril 2012<\/a><\/h2>\n<h3 style=\"text-align: center;\"><\/h3>\n<h1 style=\"text-align: center;\"><span style=\"color: #0000ff;\">R\u00e9sum\u00e9s, verbatims des principales interventions des participants<\/span><\/h1>\n<h4 style=\"text-align: center;\">(En dehors des contributions pr\u00e9sent\u00e9es lors des six ateliers)<\/h4>\n<h3 style=\"text-align: center;\"><\/h3>\n<h3 style=\"text-align: center;\">Par<strong> Fran\u00e7ois PESTY<\/strong>, et quelques ajouts d&rsquo;<strong>Elena PASCA<br \/>\n<\/strong><\/h3>\n<h3 style=\"text-align: center;\"><span style=\"text-decoration: underline;\"><br \/>\n<\/span><strong><em><\/em><\/strong><\/h3>\n<h3 style=\"text-align: center;\"><strong><em><br \/>\n<\/em><\/strong><em><strong><\/strong><\/em><\/h3>\n<p style=\"text-align: center;\"><em><span style=\"text-decoration: underline; color: #0000ff;\">Les actes ont \u00e9galement \u00e9t\u00e9 publi\u00e9s par Elena PASCA sur le blog Pharmacritique\u00a0(<a href=\"http:\/\/pharmacritique.20minutes-blogs.fr\/archive\/2012\/06\/08\/actes-du-colloque-surmedicalisation-surdiagnostics-surtraite.html\" target=\"_blank\"><span style=\"color: #0000ff; text-decoration: underline;\">ici<\/span><\/a>) ainsi que sur le site de la SFTG, Soci\u00e9t\u00e9 de Formation \u00e0 la Th\u00e9rapeutique du G\u00e9n\u00e9raliste (<a href=\"http:\/\/www.sftg.net\/Colloque%20surmedicalisation.html\" target=\"_blank\"><span style=\"color: #0000ff; text-decoration: underline;\">l\u00e0<\/span><\/a>)<\/span><\/em><\/p>\n","protected":false},"excerpt":{"rendered":"<p>Colloque 2012 Surm\u00e9dicalisation, surdiagnostics, surtraitements Facult\u00e9 de M\u00e9decine de Bobigny Du 27 et 28 avril 2012 Vue d\u2019ensemble des ateliers Cliquer sur les liens pour ouvrir les pages de chaque atelier Atelier N\u00b01: 27 avril , matin Surm\u00e9dication, Mythe ou &hellip; <a href=\"http:\/\/surmedicalisation.fr\/?page_id=120\">Continuer la lecture <span class=\"meta-nav\">&rarr;<\/span><\/a><\/p>\n","protected":false},"author":9,"featured_media":0,"parent":111,"menu_order":1,"comment_status":"open","ping_status":"open","template":"","meta":[],"_links":{"self":[{"href":"http:\/\/surmedicalisation.fr\/index.php?rest_route=\/wp\/v2\/pages\/120"}],"collection":[{"href":"http:\/\/surmedicalisation.fr\/index.php?rest_route=\/wp\/v2\/pages"}],"about":[{"href":"http:\/\/surmedicalisation.fr\/index.php?rest_route=\/wp\/v2\/types\/page"}],"author":[{"embeddable":true,"href":"http:\/\/surmedicalisation.fr\/index.php?rest_route=\/wp\/v2\/users\/9"}],"replies":[{"embeddable":true,"href":"http:\/\/surmedicalisation.fr\/index.php?rest_route=%2Fwp%2Fv2%2Fcomments&post=120"}],"version-history":[{"count":62,"href":"http:\/\/surmedicalisation.fr\/index.php?rest_route=\/wp\/v2\/pages\/120\/revisions"}],"predecessor-version":[{"id":2564,"href":"http:\/\/surmedicalisation.fr\/index.php?rest_route=\/wp\/v2\/pages\/120\/revisions\/2564"}],"up":[{"embeddable":true,"href":"http:\/\/surmedicalisation.fr\/index.php?rest_route=\/wp\/v2\/pages\/111"}],"wp:attachment":[{"href":"http:\/\/surmedicalisation.fr\/index.php?rest_route=%2Fwp%2Fv2%2Fmedia&parent=120"}],"curies":[{"name":"wp","href":"https:\/\/api.w.org\/{rel}","templated":true}]}}