{"id":3714,"date":"2016-02-07T23:52:42","date_gmt":"2016-02-07T22:52:42","guid":{"rendered":"http:\/\/surmedicalisation.fr\/?page_id=3714"},"modified":"2016-09-22T16:34:48","modified_gmt":"2016-09-22T14:34:48","slug":"rencontre-du-12-janvier-2016-sur-le-depistage-organise-des-cancers-du-sein","status":"publish","type":"page","link":"http:\/\/surmedicalisation.fr\/?page_id=3714","title":{"rendered":"Rencontre du 12 janvier 2016 sur \u00ab Le d\u00e9pistage organis\u00e9 des cancers du sein \u00bb"},"content":{"rendered":"<h1><script>\/\/ <![CDATA[ (function(i,s,o,g,r,a,m){i['GoogleAnalyticsObject']=r;i[r]=i[r]||function(){ (i[r].q=i[r].q||[]).push(arguments)},i[r].l=1*new Date();a=s.createElement(o), m=s.getElementsByTagName(o)[0];a.async=1;a.src=g;m.parentNode.insertBefore(a,m) })(window,document,'script','\/\/www.google-analytics.com\/analytics.js','ga'); ga('create', 'UA-40453293-1', 'surmedicalisation.fr'); ga('send', 'pageview'); \/\/ ]]><\/script><\/h1>\n<p>&nbsp;<\/p>\n<h4 style=\"text-align: justify;\"><strong>Le groupe de r\u00e9flexion Princeps et la SFTG ont eu le plaisir d&rsquo;organiser cette rencontre le 12 janvier 2016, de 14h00 \u00e0 17h30, \u00e0 la Fondation Charles L\u00e9opold Mayer pour le Progr\u00e8s de l&rsquo;Homme, 38, rue Saint Sabin, 75011 Paris<\/strong><\/h4>\n<h3><span style=\"background-color: #ffffff; color: #000000;\">Introduction par le Dr Jean-Claude SALOMON, M\u00e9decin, Directeur de recherche honoraire CNRS, Paris<\/span><\/h3>\n<p>&nbsp;<\/p>\n<p><iframe loading=\"lazy\" src=\"https:\/\/www.youtube.com\/embed\/videoseries?list=PLsYpHIMDwFhj2bvWi7m9c9BH9KZvfhC3L\" width=\"560\" height=\"315\" frameborder=\"0\" allowfullscreen=\"allowfullscreen\"><\/iframe><\/p>\n<h4>Diapositives de pr\u00e9sentation (cliquer sur l&rsquo;image ci-dessous pour ouvrir le fichier)<\/h4>\n<p><a href=\"http:\/\/surmedicalisation.fr\/blog\/WordPress3\/wp-content\/uploads\/2016\/02\/Salomon-Introduction.ppt\" target=\"_blank\" rel=\"attachment wp-att-3728\"><img loading=\"lazy\" class=\"alignnone wp-image-3728 size-medium\" src=\"http:\/\/surmedicalisation.fr\/blog\/WordPress3\/wp-content\/uploads\/2016\/02\/Salomon-Introduction-300x225.jpg\" alt=\"Salomon Introduction\" width=\"300\" height=\"225\" srcset=\"http:\/\/surmedicalisation.fr\/blog\/WordPress3\/wp-content\/uploads\/2016\/02\/Salomon-Introduction-300x225.jpg 300w, http:\/\/surmedicalisation.fr\/blog\/WordPress3\/wp-content\/uploads\/2016\/02\/Salomon-Introduction-768x576.jpg 768w, http:\/\/surmedicalisation.fr\/blog\/WordPress3\/wp-content\/uploads\/2016\/02\/Salomon-Introduction.jpg 960w\" sizes=\"(max-width: 300px) 100vw, 300px\" \/><\/a><\/p>\n<p>&nbsp;<\/p>\n<h3>Dr Bernard DUPERRAY, M\u00e9decin Radiologue, Paris &#8211; Histoire naturelle des cancers du sein<\/h3>\n<p>&nbsp;<\/p>\n<p><iframe loading=\"lazy\" src=\"https:\/\/www.youtube.com\/embed\/H8hG_v1C4oo?list=PLsYpHIMDwFhj2bvWi7m9c9BH9KZvfhC3L\" width=\"560\" height=\"315\" frameborder=\"0\" allowfullscreen=\"allowfullscreen\"><\/iframe><\/p>\n<h4>Diapositives de pr\u00e9sentation (cliquer sur l&rsquo;image ci-dessous pour ouvrir le fichier)<\/h4>\n<p><a href=\"http:\/\/surmedicalisation.fr\/blog\/WordPress3\/wp-content\/uploads\/2016\/02\/Bernard-Duperray.pptx\" target=\"_blank\" rel=\"attachment wp-att-3729\"><img loading=\"lazy\" class=\"alignnone wp-image-3729 size-medium\" src=\"http:\/\/surmedicalisation.fr\/blog\/WordPress3\/wp-content\/uploads\/2016\/02\/Bernard-Duperray-1-300x225.jpg\" alt=\"Bernard Duperray\" width=\"300\" height=\"225\" srcset=\"http:\/\/surmedicalisation.fr\/blog\/WordPress3\/wp-content\/uploads\/2016\/02\/Bernard-Duperray-1-300x225.jpg 300w, http:\/\/surmedicalisation.fr\/blog\/WordPress3\/wp-content\/uploads\/2016\/02\/Bernard-Duperray-1-768x576.jpg 768w, http:\/\/surmedicalisation.fr\/blog\/WordPress3\/wp-content\/uploads\/2016\/02\/Bernard-Duperray-1.jpg 960w\" sizes=\"(max-width: 300px) 100vw, 300px\" \/><\/a><\/p>\n<p>&nbsp;<\/p>\n<p>&nbsp;<\/p>\n<p>Ilana L\u00d6WY, Historienne, Directeur de recherche INSERM, Paris &#8211; Histoire culturelle des cancers du sein du d\u00e9but du XX\u00e8me si\u00e8cle \u00e0 nos jours<\/p>\n<p>&nbsp;<\/p>\n<p><iframe loading=\"lazy\" src=\"https:\/\/www.youtube.com\/embed\/zyIxJlx7HKQ\" width=\"560\" height=\"315\" frameborder=\"0\" allowfullscreen=\"allowfullscreen\"><\/iframe><\/p>\n<h4>Diapositives de pr\u00e9sentation (cliquer sur l&rsquo;image ci-dessous pour ouvrir le fichier)<\/h4>\n<p><a href=\"http:\/\/surmedicalisation.fr\/blog\/WordPress3\/wp-content\/uploads\/2016\/02\/iliana-Lowy.ppt\" target=\"_blank\" rel=\"attachment wp-att-3726\"><img loading=\"lazy\" class=\"alignnone wp-image-3726 size-medium\" src=\"http:\/\/surmedicalisation.fr\/blog\/WordPress3\/wp-content\/uploads\/2016\/02\/iliana-Lowy-300x225.jpg\" alt=\"iliana Lowy\" width=\"300\" height=\"225\" srcset=\"http:\/\/surmedicalisation.fr\/blog\/WordPress3\/wp-content\/uploads\/2016\/02\/iliana-Lowy-300x225.jpg 300w, http:\/\/surmedicalisation.fr\/blog\/WordPress3\/wp-content\/uploads\/2016\/02\/iliana-Lowy-768x576.jpg 768w, http:\/\/surmedicalisation.fr\/blog\/WordPress3\/wp-content\/uploads\/2016\/02\/iliana-Lowy.jpg 960w\" sizes=\"(max-width: 300px) 100vw, 300px\" \/><\/a><\/p>\n<h4>Document 32 pages (cliquer sur l&rsquo;image ci-dessous pour ouvrir le fichier)<\/h4>\n<p><a href=\"http:\/\/surmedicalisation.fr\/blog\/WordPress3\/wp-content\/uploads\/2016\/02\/Ilana-Lowy-Histoire_copy_doc_32_pages.pdf\" target=\"_blank\" rel=\"attachment wp-att-3725\"><img loading=\"lazy\" class=\"alignnone wp-image-3725 size-medium\" src=\"http:\/\/surmedicalisation.fr\/blog\/WordPress3\/wp-content\/uploads\/2016\/02\/DOC_32pages_Iliana_L\u00f6wy_12-01-2016-203x300.jpg\" alt=\"DOC_32pages_Iliana_L\u00f6wy_12-01-2016\" width=\"203\" height=\"300\" srcset=\"http:\/\/surmedicalisation.fr\/blog\/WordPress3\/wp-content\/uploads\/2016\/02\/DOC_32pages_Iliana_L\u00f6wy_12-01-2016-203x300.jpg 203w, http:\/\/surmedicalisation.fr\/blog\/WordPress3\/wp-content\/uploads\/2016\/02\/DOC_32pages_Iliana_L\u00f6wy_12-01-2016.jpg 361w\" sizes=\"(max-width: 203px) 100vw, 203px\" \/><\/a><\/p>\n<p>&nbsp;<\/p>\n<p>&nbsp;<\/p>\n<h3 style=\"text-align: justify;\"><span style=\"color: #000000;\">Dr Philippe AUTIER, M\u00e9decin \u00e9pid\u00e9miologiste, Directeur de recherche Strathclyde Institute for Global Public Health at iPRI (International Prevention Research Institute) &#8211; D\u00e9pistage mammographique, une erreur de la m\u00e9decine moderne\u00a0?<\/span><\/h3>\n<p>&nbsp;<\/p>\n<p><iframe loading=\"lazy\" src=\"https:\/\/www.youtube.com\/embed\/yPkF-SwIaiA?list=PLsYpHIMDwFhj2bvWi7m9c9BH9KZvfhC3L\" width=\"560\" height=\"315\" frameborder=\"0\" allowfullscreen=\"allowfullscreen\"><\/iframe><\/p>\n<h4>Diapositives de pr\u00e9sentation (cliquer sur l&rsquo;image ci-dessous pour ouvrir le fichier)<\/h4>\n<p><a href=\"http:\/\/surmedicalisation.fr\/blog\/WordPress3\/wp-content\/uploads\/2016\/02\/PhilippeAutier-D\u00e9pistage-mammographique-une-erreur-de-la-m\u00e9dicine-moderne.pptx\" target=\"_blank\" rel=\"attachment wp-att-3723\"><img loading=\"lazy\" class=\"alignnone wp-image-3723 size-medium\" src=\"http:\/\/surmedicalisation.fr\/blog\/WordPress3\/wp-content\/uploads\/2016\/02\/PhilippeAutier-D\u00e9pistage-mammographique-une-erreur-de-la-m\u00e9dicine-moderne-300x169.jpg\" alt=\"PhilippeAutier D\u00e9pistage mammographique - une erreur de la m\u00e9dicine moderne\" width=\"300\" height=\"169\" srcset=\"http:\/\/surmedicalisation.fr\/blog\/WordPress3\/wp-content\/uploads\/2016\/02\/PhilippeAutier-D\u00e9pistage-mammographique-une-erreur-de-la-m\u00e9dicine-moderne-300x169.jpg 300w, http:\/\/surmedicalisation.fr\/blog\/WordPress3\/wp-content\/uploads\/2016\/02\/PhilippeAutier-D\u00e9pistage-mammographique-une-erreur-de-la-m\u00e9dicine-moderne-768x432.jpg 768w, http:\/\/surmedicalisation.fr\/blog\/WordPress3\/wp-content\/uploads\/2016\/02\/PhilippeAutier-D\u00e9pistage-mammographique-une-erreur-de-la-m\u00e9dicine-moderne-1024x576.jpg 1024w, http:\/\/surmedicalisation.fr\/blog\/WordPress3\/wp-content\/uploads\/2016\/02\/PhilippeAutier-D\u00e9pistage-mammographique-une-erreur-de-la-m\u00e9dicine-moderne.jpg 1280w\" sizes=\"(max-width: 300px) 100vw, 300px\" \/><\/a><\/p>\n<p>&nbsp;<\/p>\n<p>&nbsp;<\/p>\n<h3 style=\"text-align: justify;\">Dr C\u00e9cile BOUR, M\u00e9decin radiologue,\u00a057525 Clouange &#8211; Raisons et circonstances qui m&rsquo;ont amen\u00e9e \u00e0 entreprendre de participer au d\u00e9pistage organis\u00e9 des cancers du sein, et \u00e0 cesser apr\u00e8s des ann\u00e9es de pratique en tant que radiologue de participer au d\u00e9pistage syst\u00e9matique<\/h3>\n<p>&nbsp;<\/p>\n<p><iframe loading=\"lazy\" src=\"https:\/\/www.youtube.com\/embed\/UeZR49CvtcY?list=PLsYpHIMDwFhj2bvWi7m9c9BH9KZvfhC3L\" width=\"560\" height=\"315\" frameborder=\"0\" allowfullscreen=\"allowfullscreen\"><\/iframe><\/p>\n<h4>Diapositives de pr\u00e9sentation (cliquer sur l&rsquo;image ci-dessous pour ouvrir le fichier)<\/h4>\n<p><a href=\"http:\/\/surmedicalisation.fr\/blog\/WordPress3\/wp-content\/uploads\/2016\/02\/Cecile-Bour-intervention-janvier-2016-bis-copie.pdf\" target=\"_blank\" rel=\"attachment wp-att-3720\"><img loading=\"lazy\" class=\"alignnone wp-image-3720 size-medium\" src=\"http:\/\/surmedicalisation.fr\/blog\/WordPress3\/wp-content\/uploads\/2016\/02\/Cecile-Bour-intervention-janvier-2016-bis-copie-300x225.jpg\" alt=\"Cecile Bour intervention janvier 2016 bis - copie\" width=\"300\" height=\"225\" srcset=\"http:\/\/surmedicalisation.fr\/blog\/WordPress3\/wp-content\/uploads\/2016\/02\/Cecile-Bour-intervention-janvier-2016-bis-copie-300x225.jpg 300w, http:\/\/surmedicalisation.fr\/blog\/WordPress3\/wp-content\/uploads\/2016\/02\/Cecile-Bour-intervention-janvier-2016-bis-copie-768x576.jpg 768w, http:\/\/surmedicalisation.fr\/blog\/WordPress3\/wp-content\/uploads\/2016\/02\/Cecile-Bour-intervention-janvier-2016-bis-copie.jpg 960w\" sizes=\"(max-width: 300px) 100vw, 300px\" \/><\/a><\/p>\n<p>&nbsp;<\/p>\n<p>&nbsp;<\/p>\n<h3>Dr Michel DOR\u00c9, M\u00e9decin g\u00e9n\u00e9raliste, 77500 Chelles &#8211; Ethique du d\u00e9pistage<\/h3>\n<p>&nbsp;<\/p>\n<p><iframe loading=\"lazy\" src=\"https:\/\/www.youtube.com\/embed\/PgLCjZ1ND1A?list=PLsYpHIMDwFhj2bvWi7m9c9BH9KZvfhC3L\" width=\"560\" height=\"315\" frameborder=\"0\" allowfullscreen=\"allowfullscreen\"><\/iframe><\/p>\n<h4>Diapositives de pr\u00e9sentation (cliquer sur l&rsquo;image ci-dessous pour ouvrir le fichier)<\/h4>\n<p><a href=\"http:\/\/surmedicalisation.fr\/blog\/WordPress3\/wp-content\/uploads\/2016\/02\/Michel-Dor\u00e9-Ethique-du-d\u00e9pistage.pptx\" rel=\"attachment wp-att-3719\"><img loading=\"lazy\" class=\"alignnone wp-image-3719 size-medium\" src=\"http:\/\/surmedicalisation.fr\/blog\/WordPress3\/wp-content\/uploads\/2016\/02\/Michel-Dor\u00e9-Ethique-du-d\u00e9pistage-300x225.jpg\" alt=\"Michel Dor\u00e9 Ethique du d\u00e9pistage\" width=\"300\" height=\"225\" srcset=\"http:\/\/surmedicalisation.fr\/blog\/WordPress3\/wp-content\/uploads\/2016\/02\/Michel-Dor\u00e9-Ethique-du-d\u00e9pistage-300x225.jpg 300w, http:\/\/surmedicalisation.fr\/blog\/WordPress3\/wp-content\/uploads\/2016\/02\/Michel-Dor\u00e9-Ethique-du-d\u00e9pistage-768x576.jpg 768w, http:\/\/surmedicalisation.fr\/blog\/WordPress3\/wp-content\/uploads\/2016\/02\/Michel-Dor\u00e9-Ethique-du-d\u00e9pistage.jpg 960w\" sizes=\"(max-width: 300px) 100vw, 300px\" \/><\/a><\/p>\n<p>&nbsp;<\/p>\n<p>&nbsp;<\/p>\n<h3>Dr Bernard Pabion, M\u00e9decin g\u00e9n\u00e9raliste,\u00a058220 Donzy &#8211; Que faire maintenant\u00a0?<\/h3>\n<p><iframe loading=\"lazy\" src=\"https:\/\/www.youtube.com\/embed\/vnk6so4E0c0?list=PLsYpHIMDwFhj2bvWi7m9c9BH9KZvfhC3L\" width=\"560\" height=\"315\" frameborder=\"0\" allowfullscreen=\"allowfullscreen\"><\/iframe><\/p>\n<h4>Diapositives de pr\u00e9sentation (cliquer sur l&rsquo;image ci-dessous pour ouvrir le fichier)<\/h4>\n<p><a href=\"http:\/\/surmedicalisation.fr\/blog\/WordPress3\/wp-content\/uploads\/2016\/02\/Bernard-Pabion-Que-faire.ppt\" target=\"_blank\" rel=\"attachment wp-att-3721\"><img loading=\"lazy\" class=\"alignnone wp-image-3721 size-medium\" src=\"http:\/\/surmedicalisation.fr\/blog\/WordPress3\/wp-content\/uploads\/2016\/02\/Bernard-Pabion-Que-faire-300x225.jpg\" alt=\"Bernard Pabion Que faire\" width=\"300\" height=\"225\" srcset=\"http:\/\/surmedicalisation.fr\/blog\/WordPress3\/wp-content\/uploads\/2016\/02\/Bernard-Pabion-Que-faire-300x225.jpg 300w, http:\/\/surmedicalisation.fr\/blog\/WordPress3\/wp-content\/uploads\/2016\/02\/Bernard-Pabion-Que-faire-768x576.jpg 768w, http:\/\/surmedicalisation.fr\/blog\/WordPress3\/wp-content\/uploads\/2016\/02\/Bernard-Pabion-Que-faire-1024x768.jpg 1024w, http:\/\/surmedicalisation.fr\/blog\/WordPress3\/wp-content\/uploads\/2016\/02\/Bernard-Pabion-Que-faire.jpg 1058w\" sizes=\"(max-width: 300px) 100vw, 300px\" \/><\/a><\/p>\n<p>&nbsp;<\/p>\n<p>&nbsp;<\/p>\n<h3 style=\"text-align: justify;\"><span style=\"color: #000000;\">Dr Omar BRIXI, M\u00e9decin enseignant et consultant en Sant\u00e9 Publique,\u00a094120 Fontenay sous Bois &#8211; La pr\u00e9vention des cancers<\/span><\/h3>\n<p>&nbsp;<\/p>\n<p><iframe loading=\"lazy\" src=\"https:\/\/www.youtube.com\/embed\/UeFvo0Injog?list=PLsYpHIMDwFhj2bvWi7m9c9BH9KZvfhC3L\" width=\"560\" height=\"315\" frameborder=\"0\" allowfullscreen=\"allowfullscreen\"><\/iframe><\/p>\n<h4>Diapositives de pr\u00e9sentation (cliquer sur l&rsquo;image ci-dessous pour ouvrir le fichier)<\/h4>\n<p><a href=\"http:\/\/surmedicalisation.fr\/blog\/WordPress3\/wp-content\/uploads\/2016\/02\/Omar-Brixi-Pr\u00e9vention-des-cancers.pptx\" target=\"_blank\" rel=\"attachment wp-att-3722\"><img loading=\"lazy\" class=\"alignnone wp-image-3722 size-medium\" src=\"http:\/\/surmedicalisation.fr\/blog\/WordPress3\/wp-content\/uploads\/2016\/02\/Omar-Brixi-Pr\u00e9vention-des-cancers-300x225.jpg\" alt=\"Omar Brixi Pr\u00e9vention des cancers\" width=\"300\" height=\"225\" srcset=\"http:\/\/surmedicalisation.fr\/blog\/WordPress3\/wp-content\/uploads\/2016\/02\/Omar-Brixi-Pr\u00e9vention-des-cancers-300x225.jpg 300w, http:\/\/surmedicalisation.fr\/blog\/WordPress3\/wp-content\/uploads\/2016\/02\/Omar-Brixi-Pr\u00e9vention-des-cancers-768x576.jpg 768w, http:\/\/surmedicalisation.fr\/blog\/WordPress3\/wp-content\/uploads\/2016\/02\/Omar-Brixi-Pr\u00e9vention-des-cancers.jpg 960w\" sizes=\"(max-width: 300px) 100vw, 300px\" \/><\/a><\/p>\n<h3>Pr Michel THOMAS, M\u00e9decin Interniste, Ancien Chef de Service \u00e0 l&rsquo;AP-HP, 94130 Nogent-sur-Marne &#8211; Diagnostic Histologique<\/h3>\n<h4>Diapositives de pr\u00e9sentation (cliquer sur l&rsquo;image ci-dessous pour ouvrir le fichier)<\/h4>\n<p><a href=\"http:\/\/surmedicalisation.fr\/blog\/WordPress3\/wp-content\/uploads\/2016\/02\/Michel-Thomas-Diagnostic-histologique.jpg\" rel=\"attachment wp-att-3724\"><img loading=\"lazy\" class=\"alignnone size-medium wp-image-3724\" src=\"http:\/\/surmedicalisation.fr\/blog\/WordPress3\/wp-content\/uploads\/2016\/02\/Michel-Thomas-Diagnostic-histologique-300x225.jpg\" alt=\"Michel Thomas Diagnostic histologique\" width=\"300\" height=\"225\" srcset=\"http:\/\/surmedicalisation.fr\/blog\/WordPress3\/wp-content\/uploads\/2016\/02\/Michel-Thomas-Diagnostic-histologique-300x225.jpg 300w, http:\/\/surmedicalisation.fr\/blog\/WordPress3\/wp-content\/uploads\/2016\/02\/Michel-Thomas-Diagnostic-histologique-768x576.jpg 768w, http:\/\/surmedicalisation.fr\/blog\/WordPress3\/wp-content\/uploads\/2016\/02\/Michel-Thomas-Diagnostic-histologique.jpg 960w\" sizes=\"(max-width: 300px) 100vw, 300px\" \/><\/a><\/p>\n<p>&nbsp;<\/p>\n<h3 style=\"text-align: justify;\"><span style=\"color: #000000;\">Tour de table de pr\u00e9sentation des participants &#8211; Echanges entre participants et intervenants &#8211; Conclusion de la rencontre sur le d\u00e9pistage organis\u00e9 des cancers du sein<\/span><\/h3>\n<p>&nbsp;<\/p>\n<p><iframe loading=\"lazy\" src=\"https:\/\/www.youtube.com\/embed\/96z5atqEUTA?list=PLsYpHIMDwFhj2bvWi7m9c9BH9KZvfhC3L\" width=\"560\" height=\"315\" frameborder=\"0\" allowfullscreen=\"allowfullscreen\"><\/iframe><\/p>\n<p>&nbsp;<\/p>\n<p>&nbsp;<\/p>\n<p>&nbsp;<\/p>\n<p>&nbsp;<\/p>\n","protected":false},"excerpt":{"rendered":"<p>&nbsp; Le groupe de r\u00e9flexion Princeps et la SFTG ont eu le plaisir d&rsquo;organiser cette rencontre le 12 janvier 2016, de 14h00 \u00e0 17h30, \u00e0 la Fondation Charles L\u00e9opold Mayer pour le Progr\u00e8s de l&rsquo;Homme, 38, rue Saint Sabin, 75011 &hellip; <a href=\"http:\/\/surmedicalisation.fr\/?page_id=3714\">Continuer la lecture <span class=\"meta-nav\">&rarr;<\/span><\/a><\/p>\n","protected":false},"author":1,"featured_media":0,"parent":2907,"menu_order":2,"comment_status":"closed","ping_status":"closed","template":"","meta":[],"_links":{"self":[{"href":"http:\/\/surmedicalisation.fr\/index.php?rest_route=\/wp\/v2\/pages\/3714"}],"collection":[{"href":"http:\/\/surmedicalisation.fr\/index.php?rest_route=\/wp\/v2\/pages"}],"about":[{"href":"http:\/\/surmedicalisation.fr\/index.php?rest_route=\/wp\/v2\/types\/page"}],"author":[{"embeddable":true,"href":"http:\/\/surmedicalisation.fr\/index.php?rest_route=\/wp\/v2\/users\/1"}],"replies":[{"embeddable":true,"href":"http:\/\/surmedicalisation.fr\/index.php?rest_route=%2Fwp%2Fv2%2Fcomments&post=3714"}],"version-history":[{"count":17,"href":"http:\/\/surmedicalisation.fr\/index.php?rest_route=\/wp\/v2\/pages\/3714\/revisions"}],"predecessor-version":[{"id":3716,"href":"http:\/\/surmedicalisation.fr\/index.php?rest_route=\/wp\/v2\/pages\/3714\/revisions\/3716"}],"up":[{"embeddable":true,"href":"http:\/\/surmedicalisation.fr\/index.php?rest_route=\/wp\/v2\/pages\/2907"}],"wp:attachment":[{"href":"http:\/\/surmedicalisation.fr\/index.php?rest_route=%2Fwp%2Fv2%2Fmedia&parent=3714"}],"curies":[{"name":"wp","href":"https:\/\/api.w.org\/{rel}","templated":true}]}}