{"id":4173,"date":"2016-09-16T14:43:14","date_gmt":"2016-09-16T12:43:14","guid":{"rendered":"http:\/\/surmedicalisation.fr\/?page_id=4173"},"modified":"2016-09-16T14:43:14","modified_gmt":"2016-09-16T12:43:14","slug":"atelier-n1-colloque-2016","status":"publish","type":"page","link":"http:\/\/surmedicalisation.fr\/?page_id=4173","title":{"rendered":"Atelier N\u00b01 &#8211; Colloque 2016"},"content":{"rendered":"<p><script>\n  (function(i,s,o,g,r,a,m){i['GoogleAnalyticsObject']=r;i[r]=i[r]||function(){\n  (i[r].q=i[r].q||[]).push(arguments)},i[r].l=1*new Date();a=s.createElement(o),\n  m=s.getElementsByTagName(o)[0];a.async=1;a.src=g;m.parentNode.insertBefore(a,m)\n  })(window,document,'script','\/\/www.google-analytics.com\/analytics.js','ga');<\/p>\n<p>  ga('create', 'UA-40453293-1', 'surmedicalisation.fr');\n  ga('send', 'pageview');<\/p>\n<p><\/script><\/p>\n<p style=\"text-align: center;\"><em>Vendredi 27 mai 2016 &#8211; apr\u00e8s-midi<\/em><\/p>\n<h1 style=\"text-align: center;\"><span style=\"color: #000000;\"><strong><a id=\"Atelier_N\u00b01\"><\/a>\u00ab Les Antibiotiques en 2016 : Panne, impasse et menaces \u00bb<\/strong><\/span><\/h1>\n<p style=\"text-align: center;\">Mod\u00e9rateur\u00a0: Michel DOR\u00c9, Rapporteur\u00a0: Jean-Claude SALOMON<\/p>\n<h2 style=\"text-align: center;\"><span style=\"text-decoration: underline; color: #000000;\"><a id=\"ATB_Jean_CARLET\"><\/a>Conf\u00e9rence introductive<\/span><\/h2>\n<h1 style=\"text-align: center;\"><span style=\"color: #0000ff;\">\u00ab Antibior\u00e9sistance : Cons\u00e9quence de surdiagnostics et de surtraitements \u00bb<\/span><\/h1>\n<p style=\"text-align: center;\"><span style=\"color: #000000;\"><strong>Dr.<\/strong> <strong>Jean CARLET<\/strong>, <strong>R\u00e9animateur, Infectiologue, Pr\u00e9sident de l\u2019Alliance mondiale contre la r\u00e9sistance aux antibiotiques (WAAAR), Rapport minist\u00e9riel juin 2015 \u00ab\u00a0pour la pr\u00e9servation des antibiotiques\u00a0\u00bb<\/strong><\/span><\/p>\n<p style=\"text-align: center;\"><a href=\"http:\/\/surmedicalisation.fr\/blog\/WordPress3\/wp-content\/uploads\/2016\/09\/IMG_1087.jpg\"><img loading=\"lazy\" class=\"alignnone size-medium wp-image-4175\" src=\"http:\/\/surmedicalisation.fr\/blog\/WordPress3\/wp-content\/uploads\/2016\/09\/IMG_1087-300x225.jpg\" alt=\"img_1087\" width=\"300\" height=\"225\" srcset=\"http:\/\/surmedicalisation.fr\/blog\/WordPress3\/wp-content\/uploads\/2016\/09\/IMG_1087-300x225.jpg 300w, http:\/\/surmedicalisation.fr\/blog\/WordPress3\/wp-content\/uploads\/2016\/09\/IMG_1087.jpg 640w\" sizes=\"(max-width: 300px) 100vw, 300px\" \/><\/a><\/p>\n<p><span style=\"color: #ffffff;\">\u00a0&#8230;<\/span><\/p>\n<p><iframe loading=\"lazy\" src=\"https:\/\/www.youtube.com\/embed\/koqGhiMmork?list=PLsYpHIMDwFhhG4BsOR5DT2Y-nQLRxHkJm\" width=\"854\" height=\"480\" frameborder=\"0\" allowfullscreen=\"allowfullscreen\"><\/iframe><\/p>\n<h6 style=\"text-align: center;\">Cliquer sur l&rsquo;image ci-dessous pour ouvrir la pr\u00e9sentation diapositive du Dr Jean CARLET<a href=\"http:\/\/surmedicalisation.fr\/blog\/WordPress3\/wp-content\/uploads\/2016\/09\/bobigny-Carlet.pdf\" target=\"_blank\"><img loading=\"lazy\" class=\"aligncenter wp-image-4178 size-full\" src=\"http:\/\/surmedicalisation.fr\/blog\/WordPress3\/wp-content\/uploads\/2016\/09\/bobigny-Carlet.jpg\" alt=\"bobigny-carlet\" width=\"960\" height=\"720\" srcset=\"http:\/\/surmedicalisation.fr\/blog\/WordPress3\/wp-content\/uploads\/2016\/09\/bobigny-Carlet.jpg 960w, http:\/\/surmedicalisation.fr\/blog\/WordPress3\/wp-content\/uploads\/2016\/09\/bobigny-Carlet-300x225.jpg 300w, http:\/\/surmedicalisation.fr\/blog\/WordPress3\/wp-content\/uploads\/2016\/09\/bobigny-Carlet-768x576.jpg 768w\" sizes=\"(max-width: 960px) 100vw, 960px\" \/><\/a><\/h6>\n<h1 style=\"text-align: center;\"><\/h1>\n<h1 style=\"text-align: center;\"><\/h1>\n<h1 style=\"text-align: center;\"><span style=\"color: #0000ff;\"><a id=\"ATB_Jacques_BIRGE\"><\/a>\u00ab Antibiotiques et antibior\u00e9sistance :<br \/>\nEtat des lieux \u00bb<\/span><\/h1>\n<p style=\"text-align: center;\"><span style=\"color: #000000;\"><strong>Communication orale, Dr.<\/strong> <strong>Jacques BIRG\u00c9<\/strong>,\u00a0<strong>M\u00e9decin g\u00e9n\u00e9raliste, Enseignant en M\u00e9decine g\u00e9n\u00e9rale, Vice-pr\u00e9sident d\u2019Antibiolor, Association r\u00e9gionale pour le bon usage des antibiotiques, Nancy <\/strong><\/span><\/p>\n<p><span style=\"color: #ffffff;\">\u00a0&#8230;<\/span><\/p>\n<p><iframe loading=\"lazy\" src=\"https:\/\/www.youtube.com\/embed\/H7yFnbCURbQ?list=PLsYpHIMDwFhhG4BsOR5DT2Y-nQLRxHkJm\" width=\"854\" height=\"480\" frameborder=\"0\" allowfullscreen=\"allowfullscreen\"><\/iframe><\/p>\n<h6 style=\"text-align: center;\"><\/h6>\n<h6 style=\"text-align: center;\"><\/h6>\n<h6 style=\"text-align: center;\">Cliquer sur l&rsquo;image ci-dessous pour ouvrir la pr\u00e9sentation diapositive du Dr Jacques BIRG\u00c9<a href=\"http:\/\/surmedicalisation.fr\/blog\/WordPress3\/wp-content\/uploads\/2016\/09\/Bobigny-28-mai-16.J.Birg\u00e9.pdf\" target=\"_blank\"><img loading=\"lazy\" class=\"aligncenter wp-image-4185 size-full\" src=\"http:\/\/surmedicalisation.fr\/blog\/WordPress3\/wp-content\/uploads\/2016\/09\/Bobigny-28-mai-16.J.Birg\u00e9.jpg\" alt=\"bobigny-28-mai-16-j-birge\" width=\"960\" height=\"720\" srcset=\"http:\/\/surmedicalisation.fr\/blog\/WordPress3\/wp-content\/uploads\/2016\/09\/Bobigny-28-mai-16.J.Birg\u00e9.jpg 960w, http:\/\/surmedicalisation.fr\/blog\/WordPress3\/wp-content\/uploads\/2016\/09\/Bobigny-28-mai-16.J.Birg\u00e9-300x225.jpg 300w, http:\/\/surmedicalisation.fr\/blog\/WordPress3\/wp-content\/uploads\/2016\/09\/Bobigny-28-mai-16.J.Birg\u00e9-768x576.jpg 768w\" sizes=\"(max-width: 960px) 100vw, 960px\" \/><\/a><\/h6>\n<p>&nbsp;<\/p>\n<p>&nbsp;<\/p>\n<p>&nbsp;<\/p>\n<h1 style=\"text-align: center;\"><\/h1>\n<h1 style=\"text-align: center;\"><span style=\"color: #0000ff;\"><a id=\"ATB_Francois_PESTY\"><\/a>\u00ab Visite acad\u00e9mique \/ Visite des DAM* : Comment modifier la prescription antibiotique en ville pour faire reculer l&rsquo;antibior\u00e9sistance ? \u00bb<\/span><\/h1>\n<p style=\"text-align: center;\"><span style=\"color: #000000;\"><strong>Communication orale, Fran\u00e7ois PESTY<\/strong><\/span><\/p>\n<p>(*) : D\u00e9l\u00e9gu\u00e9s de l&rsquo;assurance maladie<br \/>\n<iframe loading=\"lazy\" src=\"https:\/\/www.youtube.com\/embed\/mv2EcoiKbSw?list=PLsYpHIMDwFhhG4BsOR5DT2Y-nQLRxHkJm\" width=\"854\" height=\"480\" frameborder=\"0\" allowfullscreen=\"allowfullscreen\"><\/iframe><br \/>\n<span style=\"color: #ffffff;\">\u00a0&#8230;<\/span><\/p>\n<h6 style=\"text-align: center;\">Cliquer sur l&rsquo;image ci-dessous pour ouvrir la pr\u00e9sentation diapositive de Fran\u00e7ois PESTY<a href=\"http:\/\/surmedicalisation.fr\/blog\/WordPress3\/wp-content\/uploads\/2016\/09\/Colloque_Bobigny_2016_Atelier_N\u00b01_Visites-de-DAM-sur-les-ATB_Fran\u00e7ois_PESTY_27-05-2016.pdf\" target=\"_blank\"><img loading=\"lazy\" class=\"wp-image-4188 size-large alignnone\" src=\"http:\/\/surmedicalisation.fr\/blog\/WordPress3\/wp-content\/uploads\/2016\/09\/Colloque_Bobigny_2016_Atelier_N\u00b01_Visites-de-DAM-sur-les-ATB_Fran\u00e7ois_PESTY_27-05-2016-1024x710.jpg\" alt=\"colloque_bobigny_2016_atelier_n1_visites-de-dam-sur-les-atb_francois_pesty_27-05-2016\" width=\"640\" height=\"444\" srcset=\"http:\/\/surmedicalisation.fr\/blog\/WordPress3\/wp-content\/uploads\/2016\/09\/Colloque_Bobigny_2016_Atelier_N\u00b01_Visites-de-DAM-sur-les-ATB_Fran\u00e7ois_PESTY_27-05-2016-1024x710.jpg 1024w, http:\/\/surmedicalisation.fr\/blog\/WordPress3\/wp-content\/uploads\/2016\/09\/Colloque_Bobigny_2016_Atelier_N\u00b01_Visites-de-DAM-sur-les-ATB_Fran\u00e7ois_PESTY_27-05-2016-300x208.jpg 300w, http:\/\/surmedicalisation.fr\/blog\/WordPress3\/wp-content\/uploads\/2016\/09\/Colloque_Bobigny_2016_Atelier_N\u00b01_Visites-de-DAM-sur-les-ATB_Fran\u00e7ois_PESTY_27-05-2016-768x532.jpg 768w, http:\/\/surmedicalisation.fr\/blog\/WordPress3\/wp-content\/uploads\/2016\/09\/Colloque_Bobigny_2016_Atelier_N\u00b01_Visites-de-DAM-sur-les-ATB_Fran\u00e7ois_PESTY_27-05-2016.jpg 1039w\" sizes=\"(max-width: 640px) 100vw, 640px\" \/><\/a><\/h6>\n<h1 style=\"text-align: center;\"><\/h1>\n<h1 style=\"text-align: center;\"><span style=\"color: #0000ff;\"><a id=\"ATB_Michel_THOMAS\"><\/a>\u00ab Lutte contre l&rsquo;antibior\u00e9sistance :<br \/>\nUne histoire ancienne \u00bb<\/span><\/h1>\n<p style=\"text-align: center;\"><span style=\"color: #000000;\"><strong>Communication orale, Pr. Michel THOMAS<\/strong><\/span><\/p>\n<p><span style=\"color: #ffffff;\">\u00a0&#8230;<\/span><br \/>\n<iframe loading=\"lazy\" src=\"https:\/\/www.youtube.com\/embed\/CSvgTMw0NPw?list=PLsYpHIMDwFhhG4BsOR5DT2Y-nQLRxHkJm\" width=\"854\" height=\"480\" frameborder=\"0\" allowfullscreen=\"allowfullscreen\"><\/iframe><\/p>\n<h6 style=\"text-align: center;\"><\/h6>\n<h6 style=\"text-align: center;\">Cliquer sur l&rsquo;image ci-dessous pour ouvrir la pr\u00e9sentation diapositive du Pr. Michel THOMAS<a href=\"http:\/\/surmedicalisation.fr\/blog\/WordPress3\/wp-content\/uploads\/2016\/09\/Michel_THOMAS_lutte-contre-lantibior\u00e9sistance-Bobigny.pdf\" target=\"_blank\"><img loading=\"lazy\" class=\"wp-image-4203 size-full aligncenter\" src=\"http:\/\/surmedicalisation.fr\/blog\/WordPress3\/wp-content\/uploads\/2016\/09\/Michel_THOMAS_lutte-contre-lantibior\u00e9sistance-Bobigny_2016.jpg\" alt=\"michel_thomas_lutte-contre-lantibioresistance-bobigny_2016\" width=\"960\" height=\"720\" srcset=\"http:\/\/surmedicalisation.fr\/blog\/WordPress3\/wp-content\/uploads\/2016\/09\/Michel_THOMAS_lutte-contre-lantibior\u00e9sistance-Bobigny_2016.jpg 960w, http:\/\/surmedicalisation.fr\/blog\/WordPress3\/wp-content\/uploads\/2016\/09\/Michel_THOMAS_lutte-contre-lantibior\u00e9sistance-Bobigny_2016-300x225.jpg 300w, http:\/\/surmedicalisation.fr\/blog\/WordPress3\/wp-content\/uploads\/2016\/09\/Michel_THOMAS_lutte-contre-lantibior\u00e9sistance-Bobigny_2016-768x576.jpg 768w\" sizes=\"(max-width: 960px) 100vw, 960px\" \/><\/a><\/h6>\n<p>&nbsp;<\/p>\n<p>&nbsp;<\/p>\n<p>&nbsp;<\/p>\n<p style=\"text-align: center;\"><strong><span style=\"color: #000000;\"><a id=\"Echanges_ATB_1\"><\/a>Discussion<\/span><\/strong><\/p>\n<p><iframe loading=\"lazy\" src=\"https:\/\/www.youtube.com\/embed\/_eTqJUXGKrg?list=PLsYpHIMDwFhhG4BsOR5DT2Y-nQLRxHkJm\" width=\"854\" height=\"480\" frameborder=\"0\" allowfullscreen=\"allowfullscreen\"><\/iframe><\/p>\n<p style=\"text-align: center;\"><strong><span style=\"color: #000000;\"><a id=\"Echanges_ATB_2\"><\/a>Discussion (Suite)<\/span><\/strong><\/p>\n<p>&nbsp;<\/p>\n<p><iframe loading=\"lazy\" src=\"https:\/\/www.youtube.com\/embed\/DLINPdBp8KI?list=PLsYpHIMDwFhhG4BsOR5DT2Y-nQLRxHkJm\" width=\"854\" height=\"480\" frameborder=\"0\" allowfullscreen=\"allowfullscreen\"><\/iframe><\/p>\n<h6 style=\"text-align: center;\"><\/h6>\n<h6 style=\"text-align: center;\">Cliquer sur l&rsquo;image ci-dessous pour ouvrir la pr\u00e9sentation diapositives support d&rsquo;animation de l&rsquo;atelier &#8211; Fran\u00e7ois PESTY<a href=\"http:\/\/surmedicalisation.fr\/blog\/WordPress3\/wp-content\/uploads\/2016\/09\/Discussion-Atelier_N\u00b01_ATB_Colloque_Bobigny_2016_FP.pdf\" target=\"_blank\"><img loading=\"lazy\" class=\"aligncenter wp-image-4192 size-large\" src=\"http:\/\/surmedicalisation.fr\/blog\/WordPress3\/wp-content\/uploads\/2016\/09\/Discussion-Atelier_N\u00b01_ATB_Colloque_Bobigny_2016_FP-1024x710.jpg\" alt=\"discussion-atelier_n1_atb_colloque_bobigny_2016_fp\" width=\"640\" height=\"444\" srcset=\"http:\/\/surmedicalisation.fr\/blog\/WordPress3\/wp-content\/uploads\/2016\/09\/Discussion-Atelier_N\u00b01_ATB_Colloque_Bobigny_2016_FP-1024x710.jpg 1024w, http:\/\/surmedicalisation.fr\/blog\/WordPress3\/wp-content\/uploads\/2016\/09\/Discussion-Atelier_N\u00b01_ATB_Colloque_Bobigny_2016_FP-300x208.jpg 300w, http:\/\/surmedicalisation.fr\/blog\/WordPress3\/wp-content\/uploads\/2016\/09\/Discussion-Atelier_N\u00b01_ATB_Colloque_Bobigny_2016_FP-768x532.jpg 768w, http:\/\/surmedicalisation.fr\/blog\/WordPress3\/wp-content\/uploads\/2016\/09\/Discussion-Atelier_N\u00b01_ATB_Colloque_Bobigny_2016_FP.jpg 1039w\" sizes=\"(max-width: 640px) 100vw, 640px\" \/><\/a><\/h6>\n<p><strong><span style=\"color: #000000;\"><a id=\"Synth\u00e8se_restitution_ateliers_1&amp;2\"><\/a>Restitution en pl\u00e9ni\u00e8re des ateliers N\u00b01 &amp; N\u00b02 &#8211; Jean-Claude SALOMON et Ma\u00eflys MICHOT-CASBAS<br \/>\n<\/span><\/strong><br \/>\n<iframe loading=\"lazy\" src=\"https:\/\/www.youtube.com\/embed\/XdRCfoJw788?list=PLsYpHIMDwFhhG4BsOR5DT2Y-nQLRxHkJm\" width=\"854\" height=\"480\" frameborder=\"0\" allowfullscreen=\"allowfullscreen\"><\/iframe><\/p>\n","protected":false},"excerpt":{"rendered":"<p>Vendredi 27 mai 2016 &#8211; apr\u00e8s-midi \u00ab Les Antibiotiques en 2016 : Panne, impasse et menaces \u00bb Mod\u00e9rateur\u00a0: Michel DOR\u00c9, Rapporteur\u00a0: Jean-Claude SALOMON Conf\u00e9rence introductive \u00ab Antibior\u00e9sistance : Cons\u00e9quence de surdiagnostics et de surtraitements \u00bb Dr. Jean CARLET, R\u00e9animateur, Infectiologue, &hellip; <a href=\"http:\/\/surmedicalisation.fr\/?page_id=4173\">Continuer la lecture <span class=\"meta-nav\">&rarr;<\/span><\/a><\/p>\n","protected":false},"author":1,"featured_media":0,"parent":4094,"menu_order":2,"comment_status":"closed","ping_status":"closed","template":"","meta":[],"_links":{"self":[{"href":"http:\/\/surmedicalisation.fr\/index.php?rest_route=\/wp\/v2\/pages\/4173"}],"collection":[{"href":"http:\/\/surmedicalisation.fr\/index.php?rest_route=\/wp\/v2\/pages"}],"about":[{"href":"http:\/\/surmedicalisation.fr\/index.php?rest_route=\/wp\/v2\/types\/page"}],"author":[{"embeddable":true,"href":"http:\/\/surmedicalisation.fr\/index.php?rest_route=\/wp\/v2\/users\/1"}],"replies":[{"embeddable":true,"href":"http:\/\/surmedicalisation.fr\/index.php?rest_route=%2Fwp%2Fv2%2Fcomments&post=4173"}],"version-history":[{"count":20,"href":"http:\/\/surmedicalisation.fr\/index.php?rest_route=\/wp\/v2\/pages\/4173\/revisions"}],"predecessor-version":[{"id":4407,"href":"http:\/\/surmedicalisation.fr\/index.php?rest_route=\/wp\/v2\/pages\/4173\/revisions\/4407"}],"up":[{"embeddable":true,"href":"http:\/\/surmedicalisation.fr\/index.php?rest_route=\/wp\/v2\/pages\/4094"}],"wp:attachment":[{"href":"http:\/\/surmedicalisation.fr\/index.php?rest_route=%2Fwp%2Fv2%2Fmedia&parent=4173"}],"curies":[{"name":"wp","href":"https:\/\/api.w.org\/{rel}","templated":true}]}}