{"id":4951,"date":"2018-01-03T11:21:41","date_gmt":"2018-01-03T10:21:41","guid":{"rendered":"http:\/\/surmedicalisation.fr\/?page_id=4951"},"modified":"2018-11-18T23:21:29","modified_gmt":"2018-11-18T22:21:29","slug":"1er-appel-a-contribution-03012018","status":"publish","type":"page","link":"http:\/\/surmedicalisation.fr\/?page_id=4951","title":{"rendered":"1er appel \u00e0 contribution &#8211; 03\/01\/2018"},"content":{"rendered":"<p><script>\n  (function(i,s,o,g,r,a,m){i['GoogleAnalyticsObject']=r;i[r]=i[r]||function(){\n  (i[r].q=i[r].q||[]).push(arguments)},i[r].l=1*new Date();a=s.createElement(o),\n  m=s.getElementsByTagName(o)[0];a.async=1;a.src=g;m.parentNode.insertBefore(a,m)\n  })(window,document,'script','https:\/\/www.google-analytics.com\/analytics.js','ga');<\/p>\n<p>  ga('create', 'UA-40453293-1', 'auto');\n  ga('send', 'pageview');<\/p>\n<p><\/script><\/p>\n<p>03\/01\/2018<\/p>\n<p>A VOS AGENDAS POUR LES 13 &amp; 14 AVRIL 2018<\/p>\n<p><strong>PREMI\u00c8RE ANNONCE ET APPEL \u00c1 COMMUNICATIONS<\/strong><\/p>\n<p>Le groupe Princeps, le D\u00e9partement de M\u00e9decine G\u00e9n\u00e9rale de la Facult\u00e9 de M\u00e9decine de Bobigny, la Soci\u00e9t\u00e9 de Formation Th\u00e9rapeutique du G\u00e9n\u00e9raliste (SFTG) et l\u2019association Civic Sant\u00e9 ont le plaisir de vous inviter au<\/p>\n<p>&nbsp;<\/p>\n<h2><strong>7\u00b0 Colloque de Bobigny\u00a0: \u00ab\u00a0Sur- et sous-m\u00e9dicalisation, surdiagnostics et surtraitements\u00a0\u00bb<\/strong><\/h2>\n<p>&nbsp;<\/p>\n<h1 style=\"text-align: center;\"><strong>\u00ab\u00a0Internet, m\u00e9decine personnalis\u00e9e, sources de surm\u00e9dicalisation ?\u00a0\u00bb<\/strong><\/h1>\n<p><strong>\u00a0<\/strong><\/p>\n<p>Qui se tiendra, sous le patronage du Doyen de la Facult\u00e9 de M\u00e9decine de Bobigny (UFR SMBH),\u00a0 les <strong>vendredi 13 et samedi 14 avril 2018<\/strong>, Facult\u00e9 de m\u00e9decine de Bobigny (entr\u00e9e avenue de la Convention)<\/p>\n<p>&nbsp;<\/p>\n<p><strong><span style=\"text-decoration: underline;\">Pr\u00e9programme<\/span>\u00a0(th\u00e9matiques des 4 ateliers) :<\/strong><\/p>\n<p><strong>\u00ab\u00a0La recherche d\u2019information sur Internet par les m\u00e9decins et les patients, la t\u00e9l\u00e9m\u00e9decine, sont-elles source de surm\u00e9dicalisation ?\u00a0\u00bb<\/strong><strong>\u00a0<\/strong><\/p>\n<p><strong>\u00ab\u00a0La surm\u00e9dicalisation des personnes \u00e2g\u00e9es et les difficult\u00e9s de la d\u00e9prescription\u00a0\u00bb<\/strong><strong>\u00a0<\/strong><\/p>\n<p><strong>\u00ab\u00a0L\u2019ind\u00e9pendance, la validation des experts, les recommandations officielles (HAS et Soci\u00e9t\u00e9s Savantes) sont-elles causes de surm\u00e9dicalisation ?\u00a0\u00bb<\/strong><strong>\u00a0<\/strong><\/p>\n<p><strong>La \u00ab m\u00e9decine personnalis\u00e9e \u00bb, progr\u00e8s ou nouveau leurre, nouvelle source de profits, et de sur- et sous-m\u00e9dicalisation ?<\/strong><\/p>\n<p><strong>\u00a0<\/strong><\/p>\n<p><strong><span style=\"text-decoration: underline;\">Conf\u00e9rences<\/span>\u00a0: Le colloque 2018 sera \u00e9galement rythm\u00e9 par 3 conf\u00e9rences qui feront l\u2019objet d\u2019une prochaine annonce.<\/strong><\/p>\n<p><strong>\u00a0<\/strong><\/p>\n<p><strong>APPEL A COMMUNICATIONS<\/strong><\/p>\n<p style=\"text-align: justify;\">Les communications devront \u00eatre <em><u>soumises avant le 10 mars 2018<\/u><\/em> par voie \u00e9lectronique \u00e0 <a href=\"mailto:colloque_bobigny_2018@surmedicalisation.fr\">colloque_bobigny_2018@surmedicalisation.fr<\/a> <strong>Toutes les communications s\u00e9lectionn\u00e9es pourront \u00eatre affich\u00e9es<\/strong>. Taille des posters\u00a0: 110 cm large, 160 cm haut.<\/p>\n<p style=\"text-align: justify;\">Le comit\u00e9 d\u2019organisation s\u00e9lectionnera de plus, deux (ou au maximum trois) communications qui seront pr\u00e9sent\u00e9es en 10 minutes par oral au d\u00e9but de chacun des trois ateliers. Ces six \u00e0 neuf communications orales devront traiter les th\u00e9matiques abord\u00e9es lors des ateliers. Les communications affich\u00e9es, quant \u00e0 elles, pourront embrasser l\u2019ensemble du champ immense de la sur- et sous-m\u00e9dicalisation, des surdiagnostics et surtraitements\u2026<\/p>\n<p style=\"text-align: justify;\">N&rsquo;h\u00e9sitez-pas \u00e0\u00a0diffuser \u00e0 vos r\u00e9seaux ou connaissances cette invitation et appel \u00e0 contribution<\/p>\n<p>Le groupe Princeps<\/p>\n<p style=\"text-align: justify;\">Nota\u00a0: Les actes des \u00e9ditions <a href=\"http:\/\/surmedicalisation.fr\/?page_id=120\" target=\"_blank\" rel=\"noopener\">2012<\/a>, <a href=\"http:\/\/surmedicalisation.fr\/?page_id=285\" target=\"_blank\" rel=\"noopener\">2013<\/a>, <a href=\"http:\/\/surmedicalisation.fr\/?page_id=2958\" target=\"_blank\" rel=\"noopener\">2014<\/a>, <a href=\"http:\/\/surmedicalisation.fr\/?page_id=3782\" target=\"_blank\" rel=\"noopener\">2015<\/a>, <a href=\"http:\/\/surmedicalisation.fr\/?page_id=4094\">2016<\/a> et <a href=\"http:\/\/surmedicalisation.fr\/?page_id=4525\" target=\"_blank\" rel=\"noopener\">2017<\/a> du Colloque sont tous accessibles en suivant le lien\u00a0: <a href=\"http:\/\/surmedicalisation.fr\/?page_id=103\" target=\"_blank\" rel=\"noopener\">ici<\/a>. La rencontre organis\u00e9e le 12 janvier 2016 par le groupe Princeps et la SFTG sur le \u00ab\u00a0D\u00e9pistage organis\u00e9 des cancers du sein\u00a0\u00bb est accessible <a href=\"http:\/\/surmedicalisation.fr\/?page_id=3714\" target=\"_blank\" rel=\"noopener\">ici<\/a> et la rencontre du 16 octobre 2016 \u00ab\u00a0Le prix, le co\u00fbt et la valeur des m\u00e9dicaments\u00a0\u00bb <a href=\"http:\/\/surmedicalisation.fr\/?page_id=4444\" target=\"_blank\" rel=\"noopener\">ici<\/a>.<\/p>\n<p>&nbsp;<\/p>\n<p>&nbsp;<\/p>\n<p><strong>INSCRIPTIONS<\/strong><\/p>\n<p style=\"text-align: justify;\">Le montant de l\u2019inscription est de <strong>40 euros <\/strong>(20 euros pour les \u00e9tudiants et Internes en M\u00e9decine).<\/p>\n<p style=\"text-align: justify;\">Ces frais d\u2019inscription tr\u00e8s limit\u00e9s, qui comprennent les accueils et pauses caf\u00e9, le repas de midi du vendredi, et l\u2019intendance du colloque, ne sont possibles que gr\u00e2ce aux locaux mis \u00e0 disposition par la Facult\u00e9 de m\u00e9decine de Bobigny, et l\u2019engagement de la SFTG. Cette modeste somme est le prix de notre ind\u00e9pendance.<\/p>\n<p style=\"text-align: justify;\">Les inscriptions doivent \u00eatre adress\u00e9es \u00e0 la <strong>SFTG, 233 bis rue de Tolbiac 75013 Paris<\/strong>, avec la mention \u00ab\u00a0Colloque de Bobigny\u00a0\u00bb.\u00a0L\u2019inscription en ligne est possible : <a href=\"http:\/\/www.sftg.eu\/programme-par-types\/colloques\/\" target=\"_blank\" rel=\"noopener\">ici<\/a>.<strong>\u00a0 <\/strong> <strong>\u00a0\u00a0\u00a0\u00a0\u00a0\u00a0\u00a0 <\/strong><\/p>\n<p style=\"text-align: justify;\">Vous pouvez \u00e9galement t\u00e9l\u00e9charger <a href=\"http:\/\/surmedicalisation.fr\/blog\/WordPress3\/wp-content\/uploads\/2018\/01\/bulletin-dinscription-SFTG_Colloque_Bobigny_2018.pdf\" target=\"_blank\" rel=\"noopener\">ici<\/a> le bulletin d\u2019inscription, le remplir et l\u2019adresser \u00e0 la SFTG<\/p>\n<p>&nbsp;<\/p>\n","protected":false},"excerpt":{"rendered":"<p>03\/01\/2018 A VOS AGENDAS POUR LES 13 &amp; 14 AVRIL 2018 PREMI\u00c8RE ANNONCE ET APPEL \u00c1 COMMUNICATIONS Le groupe Princeps, le D\u00e9partement de M\u00e9decine G\u00e9n\u00e9rale de la Facult\u00e9 de M\u00e9decine de Bobigny, la Soci\u00e9t\u00e9 de Formation Th\u00e9rapeutique du G\u00e9n\u00e9raliste (SFTG) &hellip; <a href=\"http:\/\/surmedicalisation.fr\/?page_id=4951\">Continuer la lecture <span class=\"meta-nav\">&rarr;<\/span><\/a><\/p>\n","protected":false},"author":1,"featured_media":0,"parent":4934,"menu_order":4,"comment_status":"closed","ping_status":"closed","template":"","meta":[],"_links":{"self":[{"href":"http:\/\/surmedicalisation.fr\/index.php?rest_route=\/wp\/v2\/pages\/4951"}],"collection":[{"href":"http:\/\/surmedicalisation.fr\/index.php?rest_route=\/wp\/v2\/pages"}],"about":[{"href":"http:\/\/surmedicalisation.fr\/index.php?rest_route=\/wp\/v2\/types\/page"}],"author":[{"embeddable":true,"href":"http:\/\/surmedicalisation.fr\/index.php?rest_route=\/wp\/v2\/users\/1"}],"replies":[{"embeddable":true,"href":"http:\/\/surmedicalisation.fr\/index.php?rest_route=%2Fwp%2Fv2%2Fcomments&post=4951"}],"version-history":[{"count":8,"href":"http:\/\/surmedicalisation.fr\/index.php?rest_route=\/wp\/v2\/pages\/4951\/revisions"}],"predecessor-version":[{"id":4962,"href":"http:\/\/surmedicalisation.fr\/index.php?rest_route=\/wp\/v2\/pages\/4951\/revisions\/4962"}],"up":[{"embeddable":true,"href":"http:\/\/surmedicalisation.fr\/index.php?rest_route=\/wp\/v2\/pages\/4934"}],"wp:attachment":[{"href":"http:\/\/surmedicalisation.fr\/index.php?rest_route=%2Fwp%2Fv2%2Fmedia&parent=4951"}],"curies":[{"name":"wp","href":"https:\/\/api.w.org\/{rel}","templated":true}]}}