{"id":5507,"date":"2019-01-06T10:37:50","date_gmt":"2019-01-06T09:37:50","guid":{"rendered":"http:\/\/surmedicalisation.fr\/?page_id=5507"},"modified":"2019-01-06T10:37:50","modified_gmt":"2019-01-06T09:37:50","slug":"princeps-au-colloque-medicament-de-lespace-ethique-idf-le-7-mars-2018","status":"publish","type":"page","link":"http:\/\/surmedicalisation.fr\/?page_id=5507","title":{"rendered":"Princeps au colloque \u00ab m\u00e9dicament \u00bb de l\u2019Espace \u00c9thique IdF, le 7 mars 2018"},"content":{"rendered":"<p><script>\n  (function(i,s,o,g,r,a,m){i['GoogleAnalyticsObject']=r;i[r]=i[r]||function(){\n  (i[r].q=i[r].q||[]).push(arguments)},i[r].l=1*new Date();a=s.createElement(o),\n  m=s.getElementsByTagName(o)[0];a.async=1;a.src=g;m.parentNode.insertBefore(a,m)\n  })(window,document,'script','https:\/\/www.google-analytics.com\/analytics.js','ga');<\/p>\n<p>  ga('create', 'UA-40453293-1', 'auto');\n  ga('send', 'pageview');<\/p>\n<p><\/script><\/p>\n<h2 style=\"text-align: center;\">Espace \u00c9thique \u00cele-de-France<\/h2>\n<h1 style=\"text-align: center;\">Colloque\u00a0: \u00ab\u00a0Le m\u00e9dicament : enjeux \u00e9thiques, politiques, scientifiques et \u00e9conomiques\u00a0\u00bb<\/h1>\n<h3 style=\"text-align: center;\"><span style=\"color: #000000;\">Mercredi 7 mars 2018<\/span><\/h3>\n<p>&nbsp;<\/p>\n<p>&nbsp;<\/p>\n<h2 style=\"text-align: center;\">\u00ab\u00a0Bien-\u00eatre et sant\u00e9, luxe et n\u00e9cessit\u00e9 : les fronti\u00e8res du m\u00e9dicament\u00a0\u00bb<\/h2>\n<h3 style=\"text-align: center;\"><span style=\"color: #000000;\">Pr. Michel THOMAS<br \/>\n(25 min 26 s)<br \/>\n<\/span><\/h3>\n<p><iframe loading=\"lazy\" src=\"https:\/\/www.youtube.com\/embed\/NTVxPDJnX3A\" width=\"560\" height=\"315\" frameborder=\"0\" allowfullscreen=\"allowfullscreen\"><\/iframe><\/p>\n<hr \/>\n<h3 style=\"text-align: center;\"><span style=\"color: #000000;\">Interventions pendant les \u00e9changes avec les participants<\/span><\/h3>\n<h2 style=\"text-align: center;\">\u00ab\u00a0Oxycodone\u00a0\u00bb<\/h2>\n<h3 style=\"text-align: center;\"><span style=\"color: #000000;\">Pr. Michel THOMAS<br \/>\n(32 s)<br \/>\n<\/span><\/h3>\n<div style=\"width: 640px;\" class=\"wp-video\"><!--[if lt IE 9]><script>document.createElement('video');<\/script><![endif]-->\n<video class=\"wp-video-shortcode\" id=\"video-5507-1\" width=\"640\" height=\"360\" preload=\"metadata\" controls=\"controls\"><source type=\"video\/mp4\" src=\"http:\/\/surmedicalisation.fr\/blog\/WordPress3\/wp-content\/uploads\/2018\/12\/Espace_Ethique_IdF_Colloque_m\u00e9dicaments_07-03-2018_Michel_THOMAS_Oxycodone.mp4?_=1\" \/><a href=\"http:\/\/surmedicalisation.fr\/blog\/WordPress3\/wp-content\/uploads\/2018\/12\/Espace_Ethique_IdF_Colloque_m\u00e9dicaments_07-03-2018_Michel_THOMAS_Oxycodone.mp4\">http:\/\/surmedicalisation.fr\/blog\/WordPress3\/wp-content\/uploads\/2018\/12\/Espace_Ethique_IdF_Colloque_m\u00e9dicaments_07-03-2018_Michel_THOMAS_Oxycodone.mp4<\/a><\/video><\/div>\n<h2><\/h2>\n<h2 style=\"text-align: center;\">\u00ab\u00a0Paiement \u00e0 l\u2019acte\u00a0\u00bb<\/h2>\n<h3 style=\"text-align: center;\"><span style=\"color: #000000;\">Pr. Michel THOMAS<br \/>\n(2 min 31 s)<br \/>\n<\/span><\/h3>\n<div style=\"width: 640px;\" class=\"wp-video\"><video class=\"wp-video-shortcode\" id=\"video-5507-2\" width=\"640\" height=\"360\" preload=\"metadata\" controls=\"controls\"><source type=\"video\/mp4\" src=\"http:\/\/surmedicalisation.fr\/blog\/WordPress3\/wp-content\/uploads\/2018\/12\/Espace_Ethique_IdF_Colloque_m\u00e9dicaments_07-03-2018_Michel_THOMAS_Paiement_\u00e0_lacte.mp4?_=2\" \/><a href=\"http:\/\/surmedicalisation.fr\/blog\/WordPress3\/wp-content\/uploads\/2018\/12\/Espace_Ethique_IdF_Colloque_m\u00e9dicaments_07-03-2018_Michel_THOMAS_Paiement_\u00e0_lacte.mp4\">http:\/\/surmedicalisation.fr\/blog\/WordPress3\/wp-content\/uploads\/2018\/12\/Espace_Ethique_IdF_Colloque_m\u00e9dicaments_07-03-2018_Michel_THOMAS_Paiement_\u00e0_lacte.mp4<\/a><\/video><\/div>\n<h2><\/h2>\n<h2 style=\"text-align: center;\">\u00ab\u00a0Divers commentaires\u00a0\u00bb<\/h2>\n<h3 style=\"text-align: center;\"><span style=\"color: #000000;\">Dr. Jean-Claude SALOMON et Pr. Michel THOMAS<br \/>\n(6 min 36 s)<br \/>\n<\/span><\/h3>\n<div style=\"width: 640px;\" class=\"wp-video\"><video class=\"wp-video-shortcode\" id=\"video-5507-3\" width=\"640\" height=\"360\" preload=\"metadata\" controls=\"controls\"><source type=\"video\/mp4\" src=\"http:\/\/surmedicalisation.fr\/blog\/WordPress3\/wp-content\/uploads\/2018\/12\/Espace_Ethique_IdF_Colloque_m\u00e9dicaments_07-03-2018_Jean-Claude_SALOMON__Michel_THOMAS_divers_commentaires.mp4?_=3\" \/><a href=\"http:\/\/surmedicalisation.fr\/blog\/WordPress3\/wp-content\/uploads\/2018\/12\/Espace_Ethique_IdF_Colloque_m\u00e9dicaments_07-03-2018_Jean-Claude_SALOMON__Michel_THOMAS_divers_commentaires.mp4\">http:\/\/surmedicalisation.fr\/blog\/WordPress3\/wp-content\/uploads\/2018\/12\/Espace_Ethique_IdF_Colloque_m\u00e9dicaments_07-03-2018_Jean-Claude_SALOMON__Michel_THOMAS_divers_commentaires.mp4<\/a><\/video><\/div>\n<h2><\/h2>\n<h2 style=\"text-align: center;\">\u00ab CROZEMARIE, mucoviscidose, s\u00e9rum sal\u00e9, th\u00e9rapie g\u00e9nique et m\u00e9decine personnalis\u00e9e \u00bb<\/h2>\n<h3 style=\"text-align: center;\">Dr. Jean-Claude SALOMON et Pr. Michel THOMAS<br \/>\n(3 min 53 s)<\/h3>\n<div style=\"width: 640px;\" class=\"wp-video\"><video class=\"wp-video-shortcode\" id=\"video-5507-4\" width=\"640\" height=\"360\" preload=\"metadata\" controls=\"controls\"><source type=\"video\/mp4\" src=\"http:\/\/surmedicalisation.fr\/blog\/WordPress3\/wp-content\/uploads\/2018\/12\/Espace_Ethique_IdF_Colloque_m\u00e9dicaments_07-03-2018_Jean-Claude_SALOMON_CROZEMARIE_mucoviscidose_s\u00e9rum_sal\u00e9_et_th\u00e9rapie_g\u00e9nique.mp4?_=4\" \/><a href=\"http:\/\/surmedicalisation.fr\/blog\/WordPress3\/wp-content\/uploads\/2018\/12\/Espace_Ethique_IdF_Colloque_m\u00e9dicaments_07-03-2018_Jean-Claude_SALOMON_CROZEMARIE_mucoviscidose_s\u00e9rum_sal\u00e9_et_th\u00e9rapie_g\u00e9nique.mp4\">http:\/\/surmedicalisation.fr\/blog\/WordPress3\/wp-content\/uploads\/2018\/12\/Espace_Ethique_IdF_Colloque_m\u00e9dicaments_07-03-2018_Jean-Claude_SALOMON_CROZEMARIE_mucoviscidose_s\u00e9rum_sal\u00e9_et_th\u00e9rapie_g\u00e9nique.mp4<\/a><\/video><\/div>\n<h2><\/h2>\n<h2 style=\"text-align: center;\">\u00ab\u00a0Conclusion de la journ\u00e9e par le grand t\u00e9moin\u00a0\u00bb<\/h2>\n<h3 style=\"text-align: center;\"><span style=\"color: #000000;\">Fran\u00e7ois PESTY<br \/>\n(38 min 08 s)<br \/>\n<\/span><\/h3>\n<p><iframe loading=\"lazy\" src=\"https:\/\/www.youtube.com\/embed\/NgApF50Knig\" width=\"560\" height=\"315\" frameborder=\"0\" allowfullscreen=\"allowfullscreen\"><\/iframe><\/p>\n<h3><\/h3>\n<h3><span style=\"color: #000000;\">Acc\u00e8s \u00e0 toutes les vid\u00e9os de la journ\u00e9e\u00a0:<\/span> <a href=\"https:\/\/www.youtube.com\/playlist?list=PLi-yyU8cpcgWxsofXwz1WUCK7sNvhBujg\">ici<\/a>.<\/h3>\n","protected":false},"excerpt":{"rendered":"<p>Espace \u00c9thique \u00cele-de-France Colloque\u00a0: \u00ab\u00a0Le m\u00e9dicament : enjeux \u00e9thiques, politiques, scientifiques et \u00e9conomiques\u00a0\u00bb Mercredi 7 mars 2018 &nbsp; &nbsp; \u00ab\u00a0Bien-\u00eatre et sant\u00e9, luxe et n\u00e9cessit\u00e9 : les fronti\u00e8res du m\u00e9dicament\u00a0\u00bb Pr. Michel THOMAS (25 min 26 s) Interventions pendant les &hellip; <a href=\"http:\/\/surmedicalisation.fr\/?page_id=5507\">Continuer la lecture <span class=\"meta-nav\">&rarr;<\/span><\/a><\/p>\n","protected":false},"author":1,"featured_media":0,"parent":2907,"menu_order":4,"comment_status":"closed","ping_status":"closed","template":"","meta":[],"_links":{"self":[{"href":"http:\/\/surmedicalisation.fr\/index.php?rest_route=\/wp\/v2\/pages\/5507"}],"collection":[{"href":"http:\/\/surmedicalisation.fr\/index.php?rest_route=\/wp\/v2\/pages"}],"about":[{"href":"http:\/\/surmedicalisation.fr\/index.php?rest_route=\/wp\/v2\/types\/page"}],"author":[{"embeddable":true,"href":"http:\/\/surmedicalisation.fr\/index.php?rest_route=\/wp\/v2\/users\/1"}],"replies":[{"embeddable":true,"href":"http:\/\/surmedicalisation.fr\/index.php?rest_route=%2Fwp%2Fv2%2Fcomments&post=5507"}],"version-history":[{"count":6,"href":"http:\/\/surmedicalisation.fr\/index.php?rest_route=\/wp\/v2\/pages\/5507\/revisions"}],"predecessor-version":[{"id":5517,"href":"http:\/\/surmedicalisation.fr\/index.php?rest_route=\/wp\/v2\/pages\/5507\/revisions\/5517"}],"up":[{"embeddable":true,"href":"http:\/\/surmedicalisation.fr\/index.php?rest_route=\/wp\/v2\/pages\/2907"}],"wp:attachment":[{"href":"http:\/\/surmedicalisation.fr\/index.php?rest_route=%2Fwp%2Fv2%2Fmedia&parent=5507"}],"curies":[{"name":"wp","href":"https:\/\/api.w.org\/{rel}","templated":true}]}}