{"id":5586,"date":"2019-02-18T16:52:00","date_gmt":"2019-02-18T15:52:00","guid":{"rendered":"http:\/\/surmedicalisation.fr\/?page_id=5586"},"modified":"2019-02-18T16:57:34","modified_gmt":"2019-02-18T15:57:34","slug":"princeps-invite-par-la-ligue-des-droits-de-lhomme-le-11-janvier-2019","status":"publish","type":"page","link":"http:\/\/surmedicalisation.fr\/?page_id=5586","title":{"rendered":"Princeps invit\u00e9 par la Ligue des Droits de l&rsquo;Homme le 11 janvier 2019"},"content":{"rendered":"<p><script>\n  (function(i,s,o,g,r,a,m){i['GoogleAnalyticsObject']=r;i[r]=i[r]||function(){\n  (i[r].q=i[r].q||[]).push(arguments)},i[r].l=1*new Date();a=s.createElement(o),\n  m=s.getElementsByTagName(o)[0];a.async=1;a.src=g;m.parentNode.insertBefore(a,m)\n  })(window,document,'script','https:\/\/www.google-analytics.com\/analytics.js','ga');<\/p>\n<p>  ga('create', 'UA-40453293-1', 'auto');\n  ga('send', 'pageview');<\/p>\n<p><\/script><\/p>\n<h2 style=\"text-align: justify;\">Intervention de Fran\u00e7ois PESTY devant le Groupe de Travail National \u00ab Sant\u00e9 &amp; Bio\u00e9thique \u00bb de la Ligue des Droits de l&rsquo;Homme<\/h2>\n<h1><\/h1>\n<h1><\/h1>\n<h1 style=\"text-align: center;\">\u00ab Bon usage des m\u00e9dicaments : Passer des bonnes intentions au respect de droits fondamentaux \u00bb<\/h1>\n<p style=\"text-align: center;\"><strong>Dr.<\/strong> <strong>Fran\u00e7ois PESTY, Pharmacien<br \/>\n<\/strong><\/p>\n<p>&nbsp;<\/p>\n<p><span style=\"font-size: 10pt;\">Cliquer pour ouvrir\u00a0\u00a0\u00a0\u00a0\u00a0\u00a0\u00a0\u00a0\u00a0\u00a0\u00a0\u00a0\u00a0\u00a0\u00a0\u00a0 Cliquer ci-dessous pour ouvrir\u00a0\u00a0\u00a0\u00a0\u00a0\u00a0\u00a0\u00a0\u00a0\u00a0\u00a0\u00a0\u00a0\u00a0\u00a0\u00a0\u00a0\u00a0\u00a0\u00a0\u00a0\u00a0\u00a0\u00a0\u00a0\u00a0\u00a0\u00a0\u00a0 Cliquer pour ouvrir<\/span><br \/>\n<span style=\"font-size: 10pt;\">l&rsquo;enregistrement audio\u00a0\u00a0\u00a0\u00a0\u00a0\u00a0\u00a0\u00a0\u00a0 la pr\u00e9sentation diapositives sonoris\u00e9e\u00a0\u00a0\u00a0\u00a0\u00a0\u00a0\u00a0\u00a0\u00a0 \u00a0 \u00a0 \u00a0\u00a0\u00a0\u00a0 la version .pdf<\/span><br \/>\n<a href=\"http:\/\/surmedicalisation.fr\/blog\/WordPress3\/wp-content\/uploads\/2019\/02\/LDH_GT_Sant\u00e9-bio\u00e9thique_5_droits_relatifs_au_bon_usage_des_m\u00e9dicaments_Fran\u00e7ois_PESTY_11-01-2019_net.mp3\" target=\"_blank\" rel=\"noopener\"><img loading=\"lazy\" class=\"alignleft wp-image-5046\" src=\"http:\/\/surmedicalisation.fr\/blog\/WordPress3\/wp-content\/uploads\/2018\/11\/Fichier_audio_logo_haut-parleur.jpg\" alt=\"\" width=\"100\" height=\"100\" \/><\/a><a href=\"http:\/\/surmedicalisation.fr\/blog\/WordPress3\/wp-content\/uploads\/2019\/02\/LDH_r\u00e9union_GT_Sant\u00e9-Bio\u00e9thique_Pr\u00e9sentation_Fran\u00e7ois_PESTY_11-01-2019.pdf\" target=\"_blank\" rel=\"noopener\"><img loading=\"lazy\" class=\"wp-image-5051 alignnone\" src=\"http:\/\/surmedicalisation.fr\/blog\/WordPress3\/wp-content\/uploads\/2018\/11\/pdf_logo.jpg\" alt=\"\" width=\"93\" height=\"100\" \/><\/a><a href=\"http:\/\/surmedicalisation.fr\/blog\/WordPress3\/wp-content\/uploads\/2019\/02\/LDH_r\u00e9union_GT_Sant\u00e9-Bio\u00e9thique_Pr\u00e9sentation_Fran\u00e7ois_PESTY_11-01-2019_sonoris\u00e9_red.ppsx\" target=\"_blank\" rel=\"noopener\"><img loading=\"lazy\" class=\"alignleft wp-image-5587 size-medium\" style=\"border-width: 2px; border-style: solid;\" src=\"http:\/\/surmedicalisation.fr\/blog\/WordPress3\/wp-content\/uploads\/2019\/02\/LDH_r\u00e9union_GT_Sant\u00e9-Bio\u00e9thique_Pr\u00e9sentation_Fran\u00e7ois_PESTY_11-01-2019_sonoris\u00e9-300x207.jpg\" alt=\"\" width=\"300\" height=\"207\" srcset=\"http:\/\/surmedicalisation.fr\/blog\/WordPress3\/wp-content\/uploads\/2019\/02\/LDH_r\u00e9union_GT_Sant\u00e9-Bio\u00e9thique_Pr\u00e9sentation_Fran\u00e7ois_PESTY_11-01-2019_sonoris\u00e9-300x207.jpg 300w, http:\/\/surmedicalisation.fr\/blog\/WordPress3\/wp-content\/uploads\/2019\/02\/LDH_r\u00e9union_GT_Sant\u00e9-Bio\u00e9thique_Pr\u00e9sentation_Fran\u00e7ois_PESTY_11-01-2019_sonoris\u00e9-768x531.jpg 768w, http:\/\/surmedicalisation.fr\/blog\/WordPress3\/wp-content\/uploads\/2019\/02\/LDH_r\u00e9union_GT_Sant\u00e9-Bio\u00e9thique_Pr\u00e9sentation_Fran\u00e7ois_PESTY_11-01-2019_sonoris\u00e9-1024x708.jpg 1024w, http:\/\/surmedicalisation.fr\/blog\/WordPress3\/wp-content\/uploads\/2019\/02\/LDH_r\u00e9union_GT_Sant\u00e9-Bio\u00e9thique_Pr\u00e9sentation_Fran\u00e7ois_PESTY_11-01-2019_sonoris\u00e9.jpg 1042w\" sizes=\"(max-width: 300px) 100vw, 300px\" \/><\/a><\/p>\n<p>&nbsp;<\/p>\n<p>&nbsp;<\/p>\n<p>&nbsp;<\/p>\n<h4 style=\"text-align: justify;\">Pour \u00e9couter l&rsquo;enregistrement audio, visionner la pr\u00e9sentations diapositives sonoris\u00e9es et pour t\u00e9l\u00e9charger le pdf de la pr\u00e9sentations diapositives de cette page web, vous pourrez utiliser les logiciels libres suivants :<\/h4>\n<h4 style=\"text-align: justify;\">&#8211; VLC M\u00e9dia Player (t\u00e9l\u00e9chargeable : <a href=\"https:\/\/get.videolan.org\/vlc\/3.0.4\/win64\/vlc-3.0.4-win64.exe\" target=\"_blank\" rel=\"noopener\">ici<\/a>) pour les fichiers audio .wav<br \/>\n&#8211; La visionneuse PowerPoint (\u00e0 t\u00e9l\u00e9charger et installer gratuitement si vous ne disposez pas de PowerPoint, en cliquant : <a href=\"https:\/\/www.commentcamarche.net\/download\/telecharger-208-powerpoint-viewer\" target=\"_blank\" rel=\"noopener\">ici<\/a>) pour les pr\u00e9sentations diapositives sonoris\u00e9es<br \/>\n&#8211; Adobe Acrobat Reader DC (<a href=\"https:\/\/get.adobe.com\/fr\/reader\/\" target=\"_blank\" rel=\"noopener\">ici<\/a>) pour ouvrir les fichiers .pdf<\/h4>\n<h4 style=\"text-align: justify;\"><strong>Remarque\u00a0importante<\/strong> : Pour que les diapos restent parfaitement synchronis\u00e9es avec le fichier audio, il est n\u00e9cessaire d\u2019ouvrir les fichiers PowerPoint \u00ab\u00a0.ppsx\u00a0\u00bb avec la <strong>visionneuse PWP<\/strong> (lien de t\u00e9l\u00e9chargement ci-dessus), et non pas avec PowerPoint, qui retarde le passage des diapositives jusqu&rsquo;\u00e0 accuser un d\u00e9calage pouvant \u00eatre important en fin de pr\u00e9sentation.<\/h4>\n<h2><\/h2>\n","protected":false},"excerpt":{"rendered":"<p>Intervention de Fran\u00e7ois PESTY devant le Groupe de Travail National \u00ab Sant\u00e9 &amp; Bio\u00e9thique \u00bb de la Ligue des Droits de l&rsquo;Homme \u00ab Bon usage des m\u00e9dicaments : Passer des bonnes intentions au respect de droits fondamentaux \u00bb Dr. Fran\u00e7ois &hellip; <a href=\"http:\/\/surmedicalisation.fr\/?page_id=5586\">Continuer la lecture <span class=\"meta-nav\">&rarr;<\/span><\/a><\/p>\n","protected":false},"author":1,"featured_media":0,"parent":2907,"menu_order":6,"comment_status":"closed","ping_status":"closed","template":"","meta":[],"_links":{"self":[{"href":"http:\/\/surmedicalisation.fr\/index.php?rest_route=\/wp\/v2\/pages\/5586"}],"collection":[{"href":"http:\/\/surmedicalisation.fr\/index.php?rest_route=\/wp\/v2\/pages"}],"about":[{"href":"http:\/\/surmedicalisation.fr\/index.php?rest_route=\/wp\/v2\/types\/page"}],"author":[{"embeddable":true,"href":"http:\/\/surmedicalisation.fr\/index.php?rest_route=\/wp\/v2\/users\/1"}],"replies":[{"embeddable":true,"href":"http:\/\/surmedicalisation.fr\/index.php?rest_route=%2Fwp%2Fv2%2Fcomments&post=5586"}],"version-history":[{"count":10,"href":"http:\/\/surmedicalisation.fr\/index.php?rest_route=\/wp\/v2\/pages\/5586\/revisions"}],"predecessor-version":[{"id":5600,"href":"http:\/\/surmedicalisation.fr\/index.php?rest_route=\/wp\/v2\/pages\/5586\/revisions\/5600"}],"up":[{"embeddable":true,"href":"http:\/\/surmedicalisation.fr\/index.php?rest_route=\/wp\/v2\/pages\/2907"}],"wp:attachment":[{"href":"http:\/\/surmedicalisation.fr\/index.php?rest_route=%2Fwp%2Fv2%2Fmedia&parent=5586"}],"curies":[{"name":"wp","href":"https:\/\/api.w.org\/{rel}","templated":true}]}}