{"id":2984,"date":"2014-05-19T16:26:21","date_gmt":"2014-05-19T14:26:21","guid":{"rendered":"http:\/\/surmedicalisation.fr\/?page_id=2984"},"modified":"2014-06-26T17:22:59","modified_gmt":"2014-06-26T15:22:59","slug":"les-conferences-introductives","status":"publish","type":"page","link":"https:\/\/surmedicalisation.fr\/?page_id=2984","title":{"rendered":"Les conf\u00e9rences introductives"},"content":{"rendered":"<p><script>\/\/ <![CDATA[\n(function(i,s,o,g,r,a,m){i['GoogleAnalyticsObject']=r;i[r]=i[r]||function(){   (i[r].q=i[r].q||[]).push(arguments)},i[r].l=1*new Date();a=s.createElement(o),   m=s.getElementsByTagName(o)[0];a.async=1;a.src=g;m.parentNode.insertBefore(a,m)   })(window,document,'script','\/\/www.google-analytics.com\/analytics.js','ga');   ga('create', 'UA-40453293-1', 'surmedicalisation.fr');   ga('send', 'pageview');\n\/\/ ]]><\/script><\/p>\n<p style=\"text-align: center;\"><em> \u00a0 Vendredi 25 avril 2014 &#8211; Matin\u00e9e<\/em><\/p>\n<p><a name=\"Pr_Jean-Luc_DUMAS\"><\/a><\/p>\n<p style=\"text-align: center;\"><strong>Accueil<\/strong><\/p>\n<p style=\"text-align: center;\"><strong> Pr. Jean-Luc DUMAS<\/strong>, Doyen de la Facult\u00e9 de M\u00e9decine de Bobigny (UFR SMBH)<\/p>\n<p style=\"text-align: center;\"><em>pr\u00e9sentation de 6,42 minutes en d\u00e9but de vid\u00e9o<\/em><\/p>\n<p><a name=\"Pr_Jean-Luc_HAROUSSEAU\"><\/a><\/p>\n<p style=\"text-align: center;\"><strong>Conf\u00e9rence introductive<\/strong><\/p>\n<p style=\"text-align: center;\"><strong> Pr. Jean-Luc HAROUSSEAU<\/strong>, Pr\u00e9sident de la Haute Autorit\u00e9 de Sant\u00e9,<\/p>\n<p style=\"text-align: center;\"><iframe loading=\"lazy\" src=\"\/\/www.youtube.com\/embed\/hiYHz7FSWR0\" width=\"425\" height=\"350\"><\/iframe><\/p>\n<h6 style=\"text-align: center;\">Cliquer sur l&rsquo;image pour ouvrir la vid\u00e9o<\/h6>\n<p style=\"text-align: center;\">suite de la contribution introductive du Pr Jean Luc Harousseau<\/p>\n<p style=\"text-align: center;\"><iframe loading=\"lazy\" src=\"\/\/www.youtube.com\/embed\/yIIjPRadm_g\" width=\"425\" height=\"350\"><\/iframe><\/p>\n<h6 style=\"text-align: center;\">Cliquer sur l&rsquo;image pour ouvrir la vid\u00e9o<\/h6>\n<p>&nbsp;<\/p>\n<h6 style=\"text-align: center;\">Cliquer sur l&rsquo;image ci-dessous pour ouvrir la pr\u00e9sentation diapositive du Pr Jean-Luc HAROUSSEAU<a href=\"http:\/\/surmedicalisation.fr\/blog\/WordPress3\/wp-content\/uploads\/2014\/05\/Conf\u00e9rence_Pr_J-L_HAROUSSEAU.pps\" target=\"_blank\"><img loading=\"lazy\" class=\"size-medium wp-image-3506 aligncenter\" src=\"http:\/\/surmedicalisation.fr\/blog\/WordPress3\/wp-content\/uploads\/2014\/05\/Conf\u00e9rence_Pr_J-L_HAROUSSEAU-300x225.jpg\" alt=\"Conf\u00e9rence_Pr_J-L_HAROUSSEAU\" width=\"300\" height=\"225\" srcset=\"https:\/\/surmedicalisation.fr\/blog\/WordPress3\/wp-content\/uploads\/2014\/05\/Conf\u00e9rence_Pr_J-L_HAROUSSEAU-300x225.jpg 300w, https:\/\/surmedicalisation.fr\/blog\/WordPress3\/wp-content\/uploads\/2014\/05\/Conf\u00e9rence_Pr_J-L_HAROUSSEAU.jpg 960w\" sizes=\"(max-width: 300px) 100vw, 300px\" \/><\/a><\/h6>\n<p><a name=\"Dr_Patrick_BOUET\"><\/a><\/p>\n<p style=\"text-align: center;\"><em>Vendredi 25 avril 2014 &#8211; Apr\u00e8s-midi<\/em><\/p>\n<p style=\"text-align: center;\">Conf\u00e9rences introductives<\/p>\n<p style=\"text-align: center;\"><strong> Dr. Patrick BOUET,<\/strong> Pr\u00e9sident du Conseil National de l\u2019Ordre des M\u00e9decins<\/p>\n<p style=\"text-align: center;\">\u00a0\u00a0\u00a0\u00a0\u00a0\u00a0\u00a0\u00a0\u00a0\u00a0\u00a0\u00a0\u00a0\u00a0\u00a0\u00a0\u00a0\u00a0\u00a0\u00a0\u00a0\u00a0\u00a0\u00a0\u00a0\u00a0\u00a0\u00a0\u00a0\u00a0\u00a0\u00a0\u00a0\u00a0\u00a0\u00a0\u00a0\u00a0\u00a0\u00a0\u00a0\u00a0\u00a0\u00a0\u00a0\u00a0\u00a0\u00a0\u00a0\u00a0\u00a0\u00a0\u00a0\u00a0\u00a0\u00a0\u00a0\u00a0\u00a0\u00a0\u00a0\u00a0 <img loading=\"lazy\" class=\"aligncenter size-full wp-image-3015\" src=\"http:\/\/surmedicalisation.fr\/blog\/WordPress3\/wp-content\/uploads\/2014\/05\/Ordre-National-des-Medecins.jpg\" alt=\"Ordre National des Medecins\" width=\"270\" height=\"160\" \/><img loading=\"lazy\" class=\"size-full wp-image-3014\" src=\"http:\/\/surmedicalisation.fr\/blog\/WordPress3\/wp-content\/uploads\/2014\/05\/Patrick-Bouet.jpg\" alt=\"Patrick Bouet\" width=\"157\" height=\"120\" \/><\/p>\n<p><a name=\"Dr_Iona_HEATH\"><\/a><\/p>\n<p style=\"text-align: center;\"><strong> Dr Iona HEATH<\/strong>, ancienne Pr\u00e9sidente du\u00a0<em> Royal College of General Practitioners<\/em><\/p>\n<p style=\"text-align: center;\">Royaume Uni<\/p>\n<h6 style=\"text-align: center;\"><a href=\"http:\/\/surmedicalisation.fr\/blog\/WordPress3\/wp-content\/uploads\/2014\/05\/I.-HEATH-Bobigny-250414-in-French-11.ppsx\"><img loading=\"lazy\" class=\"aligncenter size-medium wp-image-3551\" src=\"http:\/\/surmedicalisation.fr\/blog\/WordPress3\/wp-content\/uploads\/2014\/05\/Iona-Heath-photo-colloque-2014-300x204.jpg\" alt=\"Iona Heath photo colloque 2014\" width=\"300\" height=\"204\" srcset=\"https:\/\/surmedicalisation.fr\/blog\/WordPress3\/wp-content\/uploads\/2014\/05\/Iona-Heath-photo-colloque-2014-300x204.jpg 300w, https:\/\/surmedicalisation.fr\/blog\/WordPress3\/wp-content\/uploads\/2014\/05\/Iona-Heath-photo-colloque-2014.jpg 663w\" sizes=\"(max-width: 300px) 100vw, 300px\" \/><\/a><strong><span style=\"color: #339966;\">Cliquer sur l&rsquo;image pour ouvrir la pr\u00e9sentation<\/span><\/strong><\/h6>\n<p>&nbsp;<\/p>\n<p style=\"text-align: center;\"><a href=\"http:\/\/surmedicalisation.fr\/blog\/WordPress3\/wp-content\/uploads\/2014\/05\/20140425-143040.m4a\">Cliquez ici pour entendre Dr Iona HEATH<\/a><\/p>\n<p><a name=\"Pr_Didier_SICARD\"><\/a><\/p>\n<p style=\"text-align: center;\"><em>Samedi 26 avril 2014 &#8211; Matin\u00e9e<\/em><\/p>\n<p style=\"text-align: center;\">Conf\u00e9rence introductive<\/p>\n<p style=\"text-align: center;\"><strong> Pr. Didier SICARD<\/strong><\/p>\n<p style=\"text-align: center;\">Ancien Pr\u00e9sident du Comit\u00e9 Consultatif National d&rsquo;Ethique<\/p>\n<p style=\"text-align: center;\"><iframe loading=\"lazy\" src=\"\/\/www.youtube.com\/embed\/Da0X4wxoFiY\" width=\"425\" height=\"350\"><\/iframe><\/p>\n<h6 style=\"text-align: center;\">Cliquer sur l&rsquo;image pour ouvrir la vid\u00e9o<\/h6>\n<h4 style=\"text-align: center;\"><em>R\u00e9sum\u00e9 de l&rsquo;intervention de Didier Sicard<\/em><\/h4>\n<h4 style=\"text-align: justify;\"><span style=\"color: #000000;\">La voix du malade, c\u2019est le th\u00e8me d\u2019un congr\u00e8s international. Le contraste entre un lieu qui pense, comme ici, et un lieu qui incante et qui disserte, est particuli\u00e8rement spectaculaire. Parce que la \u00ab voix du malade \u00bb, si j\u2019y \u00e9tais intervenu, j\u2019aurais fait un conf\u00e9rence sur \u00ab<strong> la voix de son ma\u00eetre<\/strong> \u00bb. Dans la mesure o\u00f9 effectivement, les malades sont pris dans le pi\u00e8ge de la m\u00e9decine.<br \/>\n<\/span><\/h4>\n<h4 style=\"text-align: justify;\"><span style=\"color: #000000;\">Je voudrais tenter de r\u00e9fl\u00e9chir pendant une demi-heure sur au fond les trois questions qui me paraissent essentielles :<\/span><\/h4>\n<h4 style=\"text-align: justify;\"><span style=\"color: #000000;\">&#8211; <strong>Qu\u2019est-ce-que je fais devant mon malade<\/strong> ? (avec de beaux discours sur l\u2019inanit\u00e9 de tel ou tel d\u00e9pistage)<br \/>\n&#8211; <strong>Comment en sommes-nous arriv\u00e9s l\u00e0 ?<\/strong><br \/>\n&#8211; <strong>Comment peut-on en sortir ?<\/strong><\/span><\/h4>\n<h4 style=\"text-align: justify;\"><span style=\"color: #000000;\"> Au fond, est-ce qu\u2019il faut \u00eatre pessimiste ou bien optimiste ?<br \/>\nCette question est celle de la lucidit\u00e9. Essayer de comprendre l\u2019amont et l\u2019aval.<br \/>\nPlut\u00f4t que de se focaliser sur telle absurdit\u00e9 \u00e9conomique, m\u00e9dicale, scientifique sur tel ou tel d\u00e9pistage.<\/span><\/h4>\n<h4 style=\"text-align: justify;\"><span style=\"color: #000000;\"><strong>Essayer de r\u00e9fl\u00e9chir en se d\u00e9centrant.<\/strong><\/span><\/h4>\n<h4 style=\"text-align: justify;\"><span style=\"color: #000000;\"> La m\u00e9decine n\u2019a de sens que si elle est regard\u00e9e de l\u2019ext\u00e9rieur et non pas \u00e0 l\u2019int\u00e9rieur.<br \/>\n<\/span><\/h4>\n<h4 style=\"text-align: justify;\"><span style=\"color: #000000;\">Pour commencer, je partirais de l\u2019exp\u00e9rience r\u00e9cente que j\u2019ai eu, c&rsquo;est-\u00e0-dire avec mon rapport sur la fin de vie (<a href=\"http:\/\/www.elysee.fr\/assets\/pdf\/Rapport-de-la-commission-de-reflexion-sur-la-fin-de-vie-en-France.pdfhttp:\/\/\" target=\"_blank\">ici<\/a>), laquelle me para\u00eet \u00eatre le paradigme, au fond, l\u2019essentiel qui rassemble la surm\u00e9dicalisation qui se confronte \u00e0 la sous m\u00e9dicalisation.<\/span><\/h4>\n<h4 style=\"text-align: justify;\"><span style=\"color: #000000;\"> <strong>Surm\u00e9dicalisation, parce qu\u2019en France, la mort est consid\u00e9r\u00e9e par la m\u00e9decine comme un \u00e9chec, ce qui est le comble de l\u2019absurde.<\/strong><\/span><\/h4>\n<h4 style=\"text-align: justify;\"><span style=\"color: #000000;\"> Les jeunes m\u00e9decins sont entra\u00een\u00e9s \u00e0 penser que la faillite du corps, c\u2019est la responsabilit\u00e9 de la m\u00e9decine et par cons\u00e9quent, il faut s\u2019acharner.\u00a0Alors il y a des Lois qui disent que l\u2019acharnement th\u00e9rapeutique c\u2019est ill\u00e9gal. Il n\u2019y a jamais eu le moindre jugement qui ait reproch\u00e9 \u00e0 quiconque de s\u2019acharner. Et peut \u00eatre que l\u2019acharnement le plus subtile, le plus larv\u00e9, le plus souterrain, c\u2019est ce qu&rsquo;on appelle la chimioth\u00e9rapie palliative.<\/span><\/h4>\n<h4 style=\"text-align: justify;\"><span style=\"color: #000000;\">Lorsqu\u2019un malade n\u2019a plus d\u2019espoir th\u00e9rapeutique : soit un my\u00e9lome, un cancer digestif m\u00e9tastas\u00e9, un cancer bronchique m\u00e9tastas\u00e9. Il faut que la m\u00e9decine garde l\u2019esp\u00e9rance.<\/span><\/h4>\n<h4 style=\"text-align: justify;\"><span style=\"color: #000000;\">Donc, on va lui donner le mot chimioth\u00e9rapie et puis le mot palliatif, <strong>puisqu\u2019il faut perdre l\u2019id\u00e9e que cette chimioth\u00e9rapie sera curative.<\/strong> Simplement, on oublie que derri\u00e8re le palliatif, il y a un malade.<\/span><br \/>\n<span style=\"color: #000000;\"> Et le malade, lui, il voudrait vivre\u2026<br \/>\n<\/span><\/h4>\n<h4 style=\"text-align: justify;\"><span style=\"color: #000000;\">Ma fonction que j&rsquo;ai actuellement (Pr\u00e9sident du comit\u00e9 d&rsquo;experts de l\u2019Institut des donn\u00e9es de sant\u00e9), me permet d&rsquo;\u00eatre plus lucide. Il y a de trop nombreuses ordonnances de 10 m\u00e9dicaments.<strong> Concernant l&rsquo;acc\u00e8s aux donn\u00e9es de sant\u00e9, on est \u00e0 la remorque des Italiens, des Espagnols &#8230;<\/strong><\/span><\/h4>\n<h4 style=\"text-align: justify;\"><span style=\"color: #000000;\">La m\u00e9decine est pi\u00e9g\u00e9e par l\u2019\u00e9conomie.\u00a0Les fonds de pension ont bien compris que l\u2019humain angoiss\u00e9 est pr\u00eat \u00e0 d\u00e9penser n\u2019importe quoi. Les enjeux \u00e9conomiques et techniques l\u2019emportent largement sur l\u2019int\u00e9r\u00eat des personnes.\u00a0Exemple, le march\u00e9 du g\u00e8ne.\u00a0 L&rsquo;\u00e9conomie devient le surplomb. L&rsquo;id\u00e9e que le droit est totalement indiff\u00e9rent \u00e0 l&rsquo;\u00e9conomie. <strong>L&rsquo;\u00e9conomie va orienter ce que va \u00eatre la m\u00e9decine du futur.<\/strong><br \/>\n<\/span><\/h4>\n<h4 style=\"text-align: justify;\"><span style=\"color: #000000;\"><strong>La notion m\u00eame de d\u00e9pistage est articul\u00e9e \u00e0 ceux qui touchent de l&rsquo;argent<\/strong>. Le d\u00e9pistage est une ali\u00e9nation. Un Coloscan co\u00fbte beaucoup moins cher qu\u2019une coloscopie. On a compl\u00e8tement d\u00e9l\u00e9gu\u00e9 la technique \u00e0 l&rsquo;\u00e9tranger. <strong>D\u00e9l\u00e9gation sur la technique auquel nous n&rsquo;avons aucun contr\u00f4le.<\/strong><\/span><\/h4>\n<h4 style=\"text-align: justify;\"><span style=\"color: #000000;\"><strong>La pr\u00e9vention<\/strong>, \u00e7a demande de la comp\u00e9tence, fait appel \u00e0 la sociologie, \u00e0 l\u2019anthropologie. Il y a une d\u00e9faillance collective dans tout cela. Jean Luc Harousseau disait \u00a0\u00bb Avastin, Lucentis \u00ab, c&rsquo;est le m\u00eame labo. Les effets sont rigoureusement identiques. <strong>C&rsquo;est l&rsquo;argent public qui est gaspill\u00e9<\/strong>. On interdit aux h\u00f4pitaux publics d&rsquo;utiliser l&rsquo;Avastin. Le patient, il faudrait l&rsquo;informer sur tout. Cette r\u00e9flexion est totalement absente des d\u00e9bats. A Harvard, on recentre la relation m\u00e9decin- malade. Le malade revient au c\u0153ur du syst\u00e8me. Le plus grand mythe (en France), c\u2019est l\u2019information du malade.\u00a0<strong> La technologie n&rsquo;est plus un outil de d\u00e9ification<\/strong>. Les USA ont pourtant le syst\u00e8me de sant\u00e9 le plus in\u00e9galitaire au monde.<br \/>\n<\/span><\/h4>\n<h4 style=\"text-align: justify;\"><span style=\"color: #000000;\">La France a une strat\u00e9gie de sant\u00e9 au doigt mouill\u00e9. Le politique n\u2019a que deux choix\u00a0: Le courage, et alors sa chute ou l\u2019immobilisme et la paix sociale. L\u2019\u00e9vidence scientifique n\u2019a pas la capacit\u00e9 \u00e0 \u00eatre transf\u00e9r\u00e9e sur la d\u00e9cision politique. Je tiens \u00e0 signaler le travail extraordinaire d&rsquo;Alain Cordier. Un rapport des plus complets. La ministre a consid\u00e9r\u00e9 ce rapport trop utopique&#8230;<br \/>\n<\/span><\/h4>\n<h4 style=\"text-align: justify;\"><span style=\"color: #000000;\">Pour conclure,<\/span><\/h4>\n<h4 style=\"text-align: justify;\"><span style=\"color: #000000;\">&#8211; Un propos optimiste\u00a0: Les m\u00e9decins doivent renoncer \u00e0 attendre de l\u2019Etat,<br \/>\n&#8211; Et un danger, le m\u00e9decin qui devient l\u2019esclave du march\u00e9,<br \/>\n<strong>&#8211; Mais le m\u00e9decin g\u00e9n\u00e8re le respect, s\u2019il d\u00e9cide.<br \/>\n<\/strong><\/span><\/h4>\n<h4 style=\"text-align: justify;\"><span style=\"color: #000000;\"><strong>Il doit \u00eatre un m\u00e9decin responsable, porteur du futur.<\/strong><\/span><\/h4>\n<p>&nbsp;<\/p>\n<p><strong>\u00a0<\/strong><\/p>\n<p>&nbsp;<\/p>\n","protected":false},"excerpt":{"rendered":"<p>\u00a0 Vendredi 25 avril 2014 &#8211; Matin\u00e9e Accueil Pr. Jean-Luc DUMAS, Doyen de la Facult\u00e9 de M\u00e9decine de Bobigny (UFR SMBH) pr\u00e9sentation de 6,42 minutes en d\u00e9but de vid\u00e9o Conf\u00e9rence introductive Pr. Jean-Luc HAROUSSEAU, Pr\u00e9sident de la Haute Autorit\u00e9 de &hellip; <a href=\"https:\/\/surmedicalisation.fr\/?page_id=2984\">Continuer la lecture <span class=\"meta-nav\">&rarr;<\/span><\/a><\/p>\n","protected":false},"author":9,"featured_media":0,"parent":2958,"menu_order":1,"comment_status":"open","ping_status":"open","template":"","meta":[],"_links":{"self":[{"href":"https:\/\/surmedicalisation.fr\/index.php?rest_route=\/wp\/v2\/pages\/2984"}],"collection":[{"href":"https:\/\/surmedicalisation.fr\/index.php?rest_route=\/wp\/v2\/pages"}],"about":[{"href":"https:\/\/surmedicalisation.fr\/index.php?rest_route=\/wp\/v2\/types\/page"}],"author":[{"embeddable":true,"href":"https:\/\/surmedicalisation.fr\/index.php?rest_route=\/wp\/v2\/users\/9"}],"replies":[{"embeddable":true,"href":"https:\/\/surmedicalisation.fr\/index.php?rest_route=%2Fwp%2Fv2%2Fcomments&post=2984"}],"version-history":[{"count":54,"href":"https:\/\/surmedicalisation.fr\/index.php?rest_route=\/wp\/v2\/pages\/2984\/revisions"}],"predecessor-version":[{"id":3607,"href":"https:\/\/surmedicalisation.fr\/index.php?rest_route=\/wp\/v2\/pages\/2984\/revisions\/3607"}],"up":[{"embeddable":true,"href":"https:\/\/surmedicalisation.fr\/index.php?rest_route=\/wp\/v2\/pages\/2958"}],"wp:attachment":[{"href":"https:\/\/surmedicalisation.fr\/index.php?rest_route=%2Fwp%2Fv2%2Fmedia&parent=2984"}],"curies":[{"name":"wp","href":"https:\/\/api.w.org\/{rel}","templated":true}]}}