{"id":344,"date":"2013-06-10T16:58:55","date_gmt":"2013-06-10T14:58:55","guid":{"rendered":"http:\/\/surmedicalisation.fr\/?page_id=344"},"modified":"2013-09-13T14:35:10","modified_gmt":"2013-09-13T12:35:10","slug":"atelier-n5-colloque-2012","status":"publish","type":"page","link":"https:\/\/surmedicalisation.fr\/?page_id=344","title":{"rendered":"Atelier N\u00b05 &#8211; Colloque 2012"},"content":{"rendered":"<p><script type=\"text\/javascript\">\/\/ <![CDATA[\n(function(i,s,o,g,r,a,m){i['GoogleAnalyticsObject']=r;i[r]=i[r]||function(){\n  (i[r].q=i[r].q||[]).push(arguments)},i[r].l=1*new Date();a=s.createElement(o),\n  m=s.getElementsByTagName(o)[0];a.async=1;a.src=g;m.parentNode.insertBefore(a,m)\n  })(window,document,'script','\/\/www.google-analytics.com\/analytics.js','ga');\n\n  ga('create', 'UA-40453293-1', 'surmedicalisation.fr');\n  ga('send', 'pageview');\n\/\/ ]]><\/script><\/p>\n<h2><span style=\"color: #000000;\">28 avril, matin.<br \/>\n<\/span><\/h2>\n<h1 style=\"text-align: center;\"><span style=\"color: #0000ff;\">Consid\u00e9rations et enjeux<\/span><\/h1>\n<h3 style=\"text-align: center;\"><strong>Mod\u00e9rateur : Omar Brixi<\/strong><\/h3>\n<p><a href=\"http:\/\/surmedicalisation.fr\/blog\/WordPress3\/wp-content\/uploads\/2013\/05\/270420121917.jpg\"><img loading=\"lazy\" class=\"aligncenter size-medium wp-image-479\" alt=\"270420121917\" src=\"http:\/\/surmedicalisation.fr\/blog\/WordPress3\/wp-content\/uploads\/2013\/05\/270420121917-300x225.jpg\" width=\"300\" height=\"225\" srcset=\"https:\/\/surmedicalisation.fr\/blog\/WordPress3\/wp-content\/uploads\/2013\/05\/270420121917-300x225.jpg 300w, https:\/\/surmedicalisation.fr\/blog\/WordPress3\/wp-content\/uploads\/2013\/05\/270420121917-1024x768.jpg 1024w, https:\/\/surmedicalisation.fr\/blog\/WordPress3\/wp-content\/uploads\/2013\/05\/270420121917.jpg 1600w\" sizes=\"(max-width: 300px) 100vw, 300px\" \/><\/a><\/p>\n<h3 style=\"text-align: center;\">\u00a0Introduction par<strong> Omar Brixi<\/strong> et interventions lors de l&rsquo;atelier :<\/h3>\n<h3 style=\"text-align: center;\"><a href=\"http:\/\/surmedicalisation.fr\/blog\/WordPress3\/wp-content\/uploads\/2013\/05\/ESSMED_Colloque_3S_R\u00e9sum\u00e9_Atelier_N\u00b05_O_BRIXI_120430.pdf\" target=\"_blank\">cliquer sur le lien<\/a><\/h3>\n<h3 style=\"text-align: center;\"><span style=\"text-decoration: underline;\">Pr\u00e9sentation de l&rsquo;atelier N\u00b0 5<\/span> :<\/h3>\n<h3 style=\"text-align: center;\"><span style=\"text-decoration: underline;\"> <span style=\"color: #0000ff; text-decoration: underline;\">consid\u00e9rations \u00e9conomiques, des ph\u00e9nom\u00e8nes in\u00e9luctables !!!<\/span><\/span><\/h3>\n<h4 style=\"text-align: justify;\">Quand on d\u00e9crypte les pratiques et logiques de surm\u00e9dicalisation et \u00e0 l&rsquo;inverse de sous m\u00e9dicalisation, on ne saurait faire l&rsquo;\u00e9conomie d&rsquo;en interroger les aspects \u00e9conomiques.<\/h4>\n<h4 style=\"text-align: justify;\"><span style=\"color: #000000;\">Donc de revenir \u00e0 la question de base : \u00e0 qui cela profite ?<\/span><\/h4>\n<h4 style=\"text-align: justify;\"><span style=\"color: #000000;\">Il est \u00e9vident et bien connu que pour se soigner, il faut payer ou acheter \u00ab\u00a0du travail\u00a0\u00bb de professionnels, des investigations, des traitements, des s\u00e9jours en \u00e9tablissements.<\/span>&#8230;<\/h4>\n<h4 style=\"text-align: justify;\">Entre acheter des services, y compris dans des syst\u00e8mes solidaris\u00e9s, et consommer des soins \u00e0 travers des produits et des dispositifs, quelle est la fronti\u00e8re de l&rsquo;utile et du superflu<\/h4>\n<h4 style=\"text-align: justify;\">Plusieurs niveaux de questionnements nous sont pos\u00e9s, entre autres :<\/h4>\n<ul style=\"text-align: justify;\">\n<li>Celui d&rsquo;identifier les int\u00e9r\u00eats des professionnels, des institutions, des organisations \u00e0 but lucratif, non lucratif, des industriels, des interm\u00e9diaires etc &#8230;. ? Et d&rsquo;en examiner les convergences, les \u00e9carts ou les contradictions.<\/li>\n<li>Sommes-nous dans un champ marchand, strictement marchand, ou de service \u00e0 finalit\u00e9 sociale d&rsquo;int\u00e9r\u00eat g\u00e9n\u00e9ral ?<\/li>\n<\/ul>\n<h4 style=\"text-align: justify;\">Dans le m\u00eame temps, on sait que les organisations de soins et les syst\u00e8mes dans lesquelles elles s&rsquo;inscrivent &#8211; de sant\u00e9 et de protection sociale &#8211; sont aussi des syst\u00e8mes \u00e9conomiques ou se jouent des int\u00e9r\u00eats des capitaux, des emplois&#8230;..?<\/h4>\n<ul style=\"text-align: justify;\">\n<li style=\"text-align: justify;\">Quelle logique prime, celle des patients, des usagers, des professionnels, des actionnaires, des d\u00e9cideurs institutionnels ?<\/li>\n<li style=\"text-align: justify;\">Les surcouts, les marges de profits et les gabegies sont-ils des dysfonctionnements du syst\u00e8me ou inh\u00e9rents, intrins\u00e8ques aux logiques consum\u00e9ristes et m\u00e9dicalisantes ?<\/li>\n<li style=\"text-align: justify;\">Est-ce que ces tendances sont d\u00e9pendantes des contextes de type lib\u00e9ral ? ou les retrouve-t-on aussi dans des contextes dits progressistes ?<\/li>\n<li style=\"text-align: justify;\">La surm\u00e9dicalisation a-t-elle un lien avec la croissance ou avec la d\u00e9croissance, avec les situations d\u2019expansion ou de r\u00e9cession ?<\/li>\n<li style=\"text-align: justify;\">La surm\u00e9dicalisation est-elle un ph\u00e9nom\u00e8ne in\u00e9luctable, irr\u00e9versible ?<\/li>\n<li style=\"text-align: justify;\">Risque-t-elle d&rsquo;asphyxier les diff\u00e9rents syst\u00e8mes de sant\u00e9 ?<\/li>\n<\/ul>\n<h4 style=\"text-align: justify;\">C&rsquo;est ce type de questionnements qui seront propos\u00e9s et abord\u00e9s dans cet atelier. Cela est \u00e9videmment ouvert \u00e0 toute autre question ou l&rsquo;enjeu \u00e9conomique et les logiques d&rsquo;int\u00e9r\u00eats sont \u00e0 l\u2019\u0153uvre.<\/h4>\n<p>&nbsp;<\/p>\n<hr \/>\n<p>&nbsp;<\/p>\n<h3 style=\"text-align: center;\"><strong><span style=\"color: #000000;\">Chlo\u00e9 Langeard, (1), Guy Minguet, (2), Laetitia Gueganton, (3), Pierre Cam, (4), Christine Faquet, (4), Pierre Lombrail, (5), Gilles Rault, (3).<\/span><\/strong><\/h3>\n<h5 style=\"text-align: justify;\">(1) : Universit\u00e9 d\u2019Angers, Chercheure au GRANEM\u00a0; (2) : Ecole des Mines, Nantes, CGS Mines ParisTech ; (3) : Centre de R\u00e9f\u00e9rence Mucoviscidose, CHU de Nantes\u00a0; (4) : Observatoire de la vie \u00e9tudiante, Universit\u00e9 de Nantes\u00a0; (5) : UPRES EA3412 &#8211; Laboratoire de P\u00e9dagogie de la Sant\u00e9 : Education et Observance, UFR de Sant\u00e9, M\u00e9decine et Biologie Humaine, Universit\u00e9 Paris 13, Bobigny<\/h5>\n<h3 style=\"text-align: center;\"><span style=\"text-decoration: underline;\"><span style=\"color: #808080;\"><em>A propos du d\u00e9pistage n\u00e9onatal syst\u00e9matique de la mucoviscidose<\/em><\/span><\/span><\/h3>\n<p style=\"text-align: center;\"><span style=\"font-size: small; color: #008000;\">cliquer sur l&rsquo;image pour ouvrir la pr\u00e9sentation<\/span><\/p>\n<p style=\"text-align: center;\"><a href=\"http:\/\/surmedicalisation.fr\/blog\/WordPress3\/wp-content\/uploads\/2013\/05\/Minguet-G.uy-Atelier-5.pdf\" target=\"_blank\"><img loading=\"lazy\" class=\"aligncenter size-medium wp-image-816\" style=\"border: 2px solid black;\" alt=\"minguet atelier 5\" src=\"http:\/\/surmedicalisation.fr\/blog\/WordPress3\/wp-content\/uploads\/2013\/05\/minguet-atelier-5-300x225.jpg\" width=\"300\" height=\"225\" srcset=\"https:\/\/surmedicalisation.fr\/blog\/WordPress3\/wp-content\/uploads\/2013\/05\/minguet-atelier-5-300x225.jpg 300w, https:\/\/surmedicalisation.fr\/blog\/WordPress3\/wp-content\/uploads\/2013\/05\/minguet-atelier-5-1024x768.jpg 1024w, https:\/\/surmedicalisation.fr\/blog\/WordPress3\/wp-content\/uploads\/2013\/05\/minguet-atelier-5.jpg 1199w\" sizes=\"(max-width: 300px) 100vw, 300px\" \/><\/a><\/p>\n<h3 style=\"text-align: center;\">R\u00e9sum\u00e9 du diaporama : <a title=\"Le d\u00e9pistage N\u00e9onatal Syst\u00e9mique de la Mucoviscidose\" href=\"http:\/\/surmedicalisation.fr\/blog\/WordPress3\/wp-content\/uploads\/2013\/05\/Guy-Minguet-r\u00e9sum\u00e9-contribution-5.pdf\" target=\"_blank\">cliquer sur le lien<\/a><\/h3>\n<h3 style=\"text-align: center;\"><strong><span style=\"color: #000000;\">Anne Pellissier-Fall<\/span><\/strong><\/h3>\n<h3 style=\"text-align: center;\"><span style=\"text-decoration: underline;\"><span style=\"color: #808080;\"><em>M\u00e9dicalisation et anticipation de la maladie<\/em><\/span><\/span><\/h3>\n<h4 style=\"text-align: justify;\">L&rsquo;orientation pr\u00e9dictive de la m\u00e9decine se d\u00e9veloppe mais la m\u00e9dicalisation du \u00ab\u00a0risque de devenir malade\u00a0\u00bb r\u00e9sulte t-elle toujours d&rsquo;un \u00ab\u00a0projet m\u00e9dical\u00a0\u00bb ?<\/h4>\n<h4 style=\"text-align: justify;\">Une enqu\u00eate sociologique par entretiens aupr\u00e8s de 48 praticiens hospitaliers montre qu&rsquo;elle r\u00e9sulte souvent d&rsquo;une prescription \u00ab\u00a0d\u00e9fensive\u00a0\u00bb des examens compl\u00e9mentaires, li\u00e9s \u00e0 la perception par les m\u00e9decins des attentes des patients et de l&rsquo;administration du CHU.<\/h4>\n<hr \/>\n<p>&nbsp;<\/p>\n<h3 style=\"text-align: center;\"><strong><span style=\"color: #000000;\">Anne Vega<\/span><\/strong><\/h3>\n<h3 style=\"text-align: center;\"><span style=\"text-decoration: underline;\"><span style=\"color: #808080;\"><em>Exergue\u00a0: \u00ab\u00a0Les m\u00e9decins devraient \u00eatre sensibilis\u00e9s pendant leur formation aux m\u00e9thodes qu\u2019utilisent les firmes pharmaceutiques pour les influencer \u00bb<\/em><\/span><\/span><span style=\"color: #808080;\"><em>.<\/em><\/span><\/h3>\n<p style=\"text-align: center;\"><span style=\"font-size: small; color: #008000;\">Cliquer sur l&rsquo;image pour ouvrir la pr\u00e9sentation<\/span><\/p>\n<h3 style=\"text-align: left;\"><a href=\"http:\/\/surmedicalisation.fr\/blog\/WordPress3\/wp-content\/uploads\/2013\/05\/Vega-Anne-contribution-Atelier-5.pdf\" target=\"_blank\"><img loading=\"lazy\" class=\"aligncenter size-medium wp-image-822\" style=\"border: 2px solid black;\" alt=\"vega medecins influenc\u00e9s\" src=\"http:\/\/surmedicalisation.fr\/blog\/WordPress3\/wp-content\/uploads\/2013\/05\/vega-medecins-influenc\u00e9s-300x225.jpg\" width=\"300\" height=\"225\" srcset=\"https:\/\/surmedicalisation.fr\/blog\/WordPress3\/wp-content\/uploads\/2013\/05\/vega-medecins-influenc\u00e9s-300x225.jpg 300w, https:\/\/surmedicalisation.fr\/blog\/WordPress3\/wp-content\/uploads\/2013\/05\/vega-medecins-influenc\u00e9s-1024x768.jpg 1024w, https:\/\/surmedicalisation.fr\/blog\/WordPress3\/wp-content\/uploads\/2013\/05\/vega-medecins-influenc\u00e9s.jpg 1199w\" sizes=\"(max-width: 300px) 100vw, 300px\" \/><\/a><\/h3>\n<h3 style=\"text-align: center;\">R\u00e9sum\u00e9 du diaporama d&rsquo;Anne Vega : <a title=\"Comment les firmes pharmaceutiques influencent\" href=\"http:\/\/surmedicalisation.fr\/blog\/WordPress3\/wp-content\/uploads\/2013\/05\/R\u00e9sum\u00e9-contribution-Anne-Vega.pdf\" target=\"_blank\">cliquer sur le lien<\/a><\/h3>\n<h3 style=\"text-align: center;\">Compte rendu de l&rsquo;atelier N\u00b05 : <a href=\"http:\/\/surmedicalisation.fr\/blog\/WordPress3\/wp-content\/uploads\/2013\/05\/CR-atelier-5.pdf\" target=\"_blank\">cliquer sur le lien<\/a><\/h3>\n<h3 style=\"text-align: center;\"><\/h3>\n","protected":false},"excerpt":{"rendered":"<p>28 avril, matin. Consid\u00e9rations et enjeux Mod\u00e9rateur : Omar Brixi \u00a0Introduction par Omar Brixi et interventions lors de l&rsquo;atelier : cliquer sur le lien Pr\u00e9sentation de l&rsquo;atelier N\u00b0 5 : consid\u00e9rations \u00e9conomiques, des ph\u00e9nom\u00e8nes in\u00e9luctables !!! Quand on d\u00e9crypte les &hellip; <a href=\"https:\/\/surmedicalisation.fr\/?page_id=344\">Continuer la lecture <span class=\"meta-nav\">&rarr;<\/span><\/a><\/p>\n","protected":false},"author":9,"featured_media":0,"parent":120,"menu_order":5,"comment_status":"open","ping_status":"open","template":"","meta":[],"_links":{"self":[{"href":"https:\/\/surmedicalisation.fr\/index.php?rest_route=\/wp\/v2\/pages\/344"}],"collection":[{"href":"https:\/\/surmedicalisation.fr\/index.php?rest_route=\/wp\/v2\/pages"}],"about":[{"href":"https:\/\/surmedicalisation.fr\/index.php?rest_route=\/wp\/v2\/types\/page"}],"author":[{"embeddable":true,"href":"https:\/\/surmedicalisation.fr\/index.php?rest_route=\/wp\/v2\/users\/9"}],"replies":[{"embeddable":true,"href":"https:\/\/surmedicalisation.fr\/index.php?rest_route=%2Fwp%2Fv2%2Fcomments&post=344"}],"version-history":[{"count":65,"href":"https:\/\/surmedicalisation.fr\/index.php?rest_route=\/wp\/v2\/pages\/344\/revisions"}],"predecessor-version":[{"id":2615,"href":"https:\/\/surmedicalisation.fr\/index.php?rest_route=\/wp\/v2\/pages\/344\/revisions\/2615"}],"up":[{"embeddable":true,"href":"https:\/\/surmedicalisation.fr\/index.php?rest_route=\/wp\/v2\/pages\/120"}],"wp:attachment":[{"href":"https:\/\/surmedicalisation.fr\/index.php?rest_route=%2Fwp%2Fv2%2Fmedia&parent=344"}],"curies":[{"name":"wp","href":"https:\/\/api.w.org\/{rel}","templated":true}]}}