{"id":3598,"date":"2014-06-26T09:55:10","date_gmt":"2014-06-26T07:55:10","guid":{"rendered":"http:\/\/surmedicalisation.fr\/?page_id=3598"},"modified":"2020-03-20T12:44:26","modified_gmt":"2020-03-20T11:44:26","slug":"accueil","status":"publish","type":"page","link":"https:\/\/surmedicalisation.fr\/","title":{"rendered":"Accueil"},"content":{"rendered":"<h2><script>\/\/ <![CDATA[ (function(i,s,o,g,r,a,m){i['GoogleAnalyticsObject']=r;i[r]=i[r]||function(){ (i[r].q=i[r].q||[]).push(arguments)},i[r].l=1*new Date();a=s.createElement(o), m=s.getElementsByTagName(o)[0];a.async=1;a.src=g;m.parentNode.insertBefore(a,m) })(window,document,'script','\/\/www.google-analytics.com\/analytics.js','ga'); ga('create', 'UA-40453293-1', 'surmedicalisation.fr'); ga('send', 'pageview'); \/\/ ]]><\/script><\/h2>\n<h2>20\/03\/2020<\/h2>\n<h2 style=\"text-align: justify;\">Le groupe Princeps, la SFTG et tous les organisateurs du colloque 2019 ont le plaisir de vous annoncer la publication en ligne de ses actes et de l\u2019int\u00e9gralit\u00e9 de son contenu : <a href=\"http:\/\/surmedicalisation.fr\/?page_id=5707\">http:\/\/surmedicalisation.fr\/?page_id=5707<\/a><\/h2>\n<h2>&#8211; 1 th\u00e8me g\u00e9n\u00e9ral \u00ab L\u2019int\u00e9r\u00eat public face \u00e0 l\u2019extension du domaine du pathologique \u00bb,<br \/>\n&#8211; 4 conf\u00e9rences,<br \/>\n&#8211; 12 communications orales, dont une vid\u00e9o,<br \/>\n&#8211; 19 pr\u00e9sentations diapositives sonoris\u00e9es,<br \/>\n&#8211; 14 discussions avec les participants,<br \/>\n&#8211; 43 fichiers audio,<br \/>\n&#8211; plus de 200 photos et images,<\/h2>\n<h3><\/h3>\n<h2>&#8211; Matin\u00e9e du vendredi 29 novembre 2019\u00a0: <a href=\"http:\/\/surmedicalisation.fr\/?page_id=5733\">http:\/\/surmedicalisation.fr\/?page_id=5733<\/a><\/h2>\n<h2>&#8211; Apr\u00e8s-midi du vendredi 29 novembre 2019 : <a href=\"http:\/\/surmedicalisation.fr\/?page_id=5827\">http:\/\/surmedicalisation.fr\/?page_id=5827<\/a><\/h2>\n<h2>&#8211; Matin\u00e9e du samedi 30 novembre 2019 : <a href=\"http:\/\/surmedicalisation.fr\/?page_id=5917\">http:\/\/surmedicalisation.fr\/?page_id=5917<\/a><\/h2>\n<h2>&#8211; Posters\u00a0: <a href=\"http:\/\/surmedicalisation.fr\/?page_id=6014\">http:\/\/surmedicalisation.fr\/?page_id=6014<\/a><\/h2>\n<h2>&#8211; Galerie photo : <a href=\"http:\/\/surmedicalisation.fr\/?page_id=6016\">http:\/\/surmedicalisation.fr\/?page_id=6016<\/a><\/h2>\n<h2><\/h2>\n<h2>N\u2019oubliez pas de prendre des \u00e9couteurs, de monter le son, et de t\u00e9l\u00e9charger et installer la visionneuse gratuite \u00ab\u00a0Microsoft Office PowerPoint Viewer\u00a0\u00bb, indispensable au passage des diapositives synchronis\u00e9es avec les fichiers audio (lien de t\u00e9l\u00e9chargement en haut des pages web)<\/h2>\n<h2>Bonne navigation<\/h2>\n<h2>Bien amicalement<\/h2>\n<h2>Les organisateurs<\/h2>\n<h2><\/h2>\n<hr \/>\n<h2 style=\"text-align: left;\">26\/09\/2019<\/h2>\n<p style=\"text-align: center;\">\u00a0COLLOQUE DE \u00ab BOBIGNY \u00bb DES <strong>29 &amp; 30 NOVEMBRE 2019<\/strong><\/p>\n<p style=\"text-align: center;\"><strong>QUATRI\u00c8ME ANNONCE ET PROGRAMME D\u00c9FINITIF<br \/>\nAPR\u00c8S REPORT DU COLLOQUE 2019<br \/>\n<\/strong><\/p>\n<p style=\"text-align: center;\">Le groupe Princeps, la Soci\u00e9t\u00e9 de Formation Th\u00e9rapeutique du G\u00e9n\u00e9raliste (SFTG) et l\u2019association Civic Sant\u00e9 ont le plaisir de vous inviter au<\/p>\n<h2 style=\"text-align: center;\"><strong>8\u00b0 Colloque de Bobigny : \u00ab Sur- et sous-m\u00e9dicalisation, surdiagnostics et surtraitements \u00bb<\/strong><\/h2>\n<h1 style=\"text-align: center;\"><strong>\u00ab L\u2019int\u00e9r\u00eat public face \u00e0 l\u2019extension du domaine du pathologique \u00bb<\/strong><\/h1>\n<h4><a href=\"http:\/\/surmedicalisation.fr\/?page_id=5649\" target=\"_blank\" rel=\"noopener noreferrer\"><strong>Lire la suite : ici&#8230;<\/strong><\/a><\/h4>\n<p>&nbsp;<\/p>\n<p>&nbsp;<\/p>\n<p>&nbsp;<\/p>\n<hr \/>\n<p>16\/05\/2019<\/p>\n<h4 style=\"text-align: center;\"><span style=\"font-size: 14pt;\">Communiqu\u00e9<\/span><\/h4>\n<h4 style=\"text-align: justify;\"><\/h4>\n<h4 style=\"text-align: justify;\"><span style=\"font-size: 14pt;\">Le 15 mai 2019, le professeur Nathalie Charnaux, Doyen de la facult\u00e9 de m\u00e9decine de Bobigny a annonc\u00e9 que la facult\u00e9 retirait son patronage au 8\u00b0 colloque de Bobigny \u00ab\u00a0Sur- et sous-m\u00e9dicalisation, surdiagnostics et surtraitements, l\u2019int\u00e9r\u00eat public face \u00e0 l\u2019extension du domaine du pathologique\u00a0\u00bb pr\u00e9vu les 24 et 25 mai 2019.<\/span><\/h4>\n<h4 style=\"text-align: justify;\"><\/h4>\n<h4 style=\"text-align: justify;\"><span style=\"font-size: 14pt;\">Dans le m\u00eame temps, elle a demand\u00e9 qu\u2019une des communications s\u00e9lectionn\u00e9es par le comit\u00e9 d\u2019organisation soit retir\u00e9e du programme, faute de quoi, apr\u00e8s en avoir parl\u00e9 avec le Pr\u00e9sident de l\u2019Universit\u00e9 Paris 13, elle retirerait l\u2019autorisation de la tenue du colloque dans les locaux de la Facult\u00e9.<\/span><\/h4>\n<h4 style=\"text-align: justify;\"><\/h4>\n<h4 style=\"text-align: justify;\"><span style=\"font-size: 14pt;\">Les organisateurs, <strong>groupe Princeps et SFTG<\/strong>, refusent et condamnent cette censure qui ne s\u2019est jamais produite au cours des 7 premi\u00e8res \u00e9ditions de la manifestation.<\/span><\/h4>\n<h4 style=\"text-align: justify;\"><\/h4>\n<h4 style=\"text-align: justify;\"><span style=\"font-size: 14pt;\">En cons\u00e9quence,<strong> le 8\u00b0 colloque de Bobigny \u00ab\u00a0L\u2019int\u00e9r\u00eat g\u00e9n\u00e9ral face \u00e0 l\u2019extension du domaine du pathologique\u00a0\u00bb est report\u00e9 \u00e0 une date ult\u00e9rieure, avec un programme inchang\u00e9, dans un lieu qui sera pr\u00e9cis\u00e9 d\u00e8s que possible.<\/strong><\/span><\/h4>\n<h4 style=\"text-align: justify;\"><\/h4>\n<h4 style=\"text-align: justify;\"><span style=\"font-size: 14pt;\">\u00a0\u00a0\u00a0\u00a0\u00a0\u00a0\u00a0\u00a0 A Paris le 16 mai 2019,<\/span><\/h4>\n<h4 style=\"text-align: justify;\"><span style=\"font-size: 14pt;\">\u00a0\u00a0\u00a0\u00a0\u00a0\u00a0\u00a0\u00a0 Les organisateurs<\/span><\/h4>\n<p>&nbsp;<\/p>\n<hr \/>\n<p>14\/05\/2019<\/p>\n<p style=\"text-align: center;\">\u00a0COLLOQUE DE BOBIGNY DES <strong>24 &amp; 25 MAI 2019<\/strong><\/p>\n<p style=\"text-align: center;\"><strong>TROISI\u00c8ME ANNONCE ET PROGRAMME D\u00c9FINITIF<br \/>\n<\/strong><\/p>\n<p style=\"text-align: center;\">Le groupe Princeps, la Facult\u00e9 de M\u00e9decine de Bobigny, la Soci\u00e9t\u00e9 de Formation Th\u00e9rapeutique du G\u00e9n\u00e9raliste (SFTG) et l\u2019association Civic Sant\u00e9 ont le plaisir de vous inviter au<\/p>\n<h2 style=\"text-align: center;\"><strong>8\u00b0 Colloque de Bobigny : \u00ab Sur- et sous-m\u00e9dicalisation, surdiagnostics et surtraitements \u00bb<\/strong><\/h2>\n<h1 style=\"text-align: center;\"><strong>\u00ab L\u2019int\u00e9r\u00eat public face \u00e0 l\u2019extension du domaine du pathologique \u00bb<\/strong><\/h1>\n<h4 style=\"text-align: center;\"><a href=\"http:\/\/surmedicalisation.fr\/?page_id=5624\" target=\"_blank\" rel=\"noopener noreferrer\"><strong>Lire la suite : ici&#8230;<\/strong><\/a><\/h4>\n<p>&nbsp;<\/p>\n<p>&nbsp;<\/p>\n<hr \/>\n<p>01\/04\/2019<\/p>\n<p style=\"text-align: center;\">\u00a0COLLOQUE DE BOBIGNY DES <strong>24 &amp; 25 MAI 2019<\/strong><\/p>\n<p style=\"text-align: center;\"><strong>DEUXI\u00c8ME ANNONCE ET APPEL \u00c1 COMMUNICATIONS<\/strong><\/p>\n<p style=\"text-align: center;\">Le groupe Princeps, la Facult\u00e9 de M\u00e9decine de Bobigny, la Soci\u00e9t\u00e9 de Formation Th\u00e9rapeutique du G\u00e9n\u00e9raliste (SFTG) et l\u2019association Civic Sant\u00e9 ont le plaisir de vous inviter au<\/p>\n<h2 style=\"text-align: center;\"><strong>8\u00b0 Colloque de Bobigny : \u00ab Sur- et sous-m\u00e9dicalisation, surdiagnostics et surtraitements \u00bb<\/strong><\/h2>\n<h1 style=\"text-align: center;\"><strong>\u00ab L\u2019int\u00e9r\u00eat public face \u00e0 l\u2019extension du domaine du pathologique \u00bb<\/strong><\/h1>\n<h4 style=\"text-align: center;\"><a href=\"http:\/\/surmedicalisation.fr\/?page_id=5603\" target=\"_blank\" rel=\"noopener noreferrer\"><strong><span style=\"font-size: 14pt; color: #000000;\"><span style=\"color: #0000ff;\">Lire la suite : ici&#8230;<\/span><\/span><\/strong><\/a><\/h4>\n<p>&nbsp;<\/p>\n<hr \/>\n<h2 style=\"text-align: center;\"><span style=\"color: #ff0000;\">ATTENTION : CHANGEMENT DE DATES<br \/>\nPOUR LE COLLOQUE 2019 :<\/span><\/h2>\n<h2 style=\"text-align: center;\"><span style=\"color: #ff0000;\">Vendredi 24 &amp; Samedi 25 mai<\/span><\/h2>\n<p>&nbsp;<\/p>\n<p><strong><span style=\"color: #000000;\">15\/02\/2019 &#8211; 1<sup>\u00e8re<\/sup> annonce et appel \u00e0 contribution : ici.<\/span><\/strong><\/p>\n<hr \/>\n<hr \/>\n<p><strong>08\/01\/2019 &#8211; Le groupe de r\u00e9flexion et d\u2019action Princeps annonce\u00a0:<\/strong><strong>\u00a0<\/strong><\/p>\n<p style=\"text-align: justify;\"><strong>Le 7 janvier 2019<\/strong> \u2013 Publication des actes du<strong> colloque 2018 de Bobigny \u00ab Sur- et sous-m\u00e9dicalisation, surdiagnostics et surtraitements \u00bb<\/strong>\u00a0: Cliquer <a href=\"http:\/\/surmedicalisation.fr\/?page_id=5028\">ici<\/a> ou d\u00e9velopper l\u2019arborescence depuis la page d\u2019accueil (<a href=\"http:\/\/surmedicalisation.fr\/\">ici<\/a>) en survolant \u00ab\u00a0Colloque de Bobigny\u00a0\u00bb dans le bandeau du site puis cliquer sur la page de votre choix :<\/p>\n<p><a href=\"http:\/\/surmedicalisation.fr\/?attachment_id=5534\" rel=\"attachment wp-att-5534\"><img loading=\"lazy\" class=\"aligncenter wp-image-5534 size-full\" src=\"http:\/\/surmedicalisation.fr\/blog\/WordPress3\/wp-content\/uploads\/2019\/01\/Navigation_Colloque_Bobigny.jpg\" alt=\"\" width=\"1280\" height=\"632\" srcset=\"https:\/\/surmedicalisation.fr\/blog\/WordPress3\/wp-content\/uploads\/2019\/01\/Navigation_Colloque_Bobigny.jpg 1280w, https:\/\/surmedicalisation.fr\/blog\/WordPress3\/wp-content\/uploads\/2019\/01\/Navigation_Colloque_Bobigny-300x148.jpg 300w, https:\/\/surmedicalisation.fr\/blog\/WordPress3\/wp-content\/uploads\/2019\/01\/Navigation_Colloque_Bobigny-768x379.jpg 768w, https:\/\/surmedicalisation.fr\/blog\/WordPress3\/wp-content\/uploads\/2019\/01\/Navigation_Colloque_Bobigny-1024x506.jpg 1024w\" sizes=\"(max-width: 1280px) 100vw, 1280px\" \/><\/a><\/p>\n<p style=\"text-align: justify;\"><strong>Le 7 janvier 2019<\/strong> \u2013 Ajout \u00e0 la page \u00ab\u00a0Autre \u00e9v\u00e9nements\u00a0\u00bb du site, des extraits vid\u00e9os de la participation de Princeps au<strong> colloque \u00ab\u00a0Le m\u00e9dicament : enjeux \u00e9thiques, politiques, scientifiques et \u00e9conomiques\u00a0\u00bb <\/strong>organis\u00e9 le 7 mars 2018 par<strong> l\u2019Espace Ethique \u00eele-de-France<\/strong>. Cliquer <a href=\"http:\/\/surmedicalisation.fr\/?page_id=5507\">ici<\/a>.<\/p>\n<p style=\"text-align: justify;\"><strong>25 janvier 2019 &#8211; Colloque franco-canadien \u00ab\u00a0D\u00e9prescription chez la personne \u00e2g\u00e9e : comment agir ensemble ?\u00a0\u00bb<\/strong>\u00a0organis\u00e9 par la SFTG, le r\u00e9seau canadien pour la d\u00e9prescription, le groupe Princeps. Inscription gratuite sur le site de la SFTG, mais obligatoire pour y participer, dans la limite des places encore disponibles. Cliquer <a href=\"https:\/\/www.sftg.eu\/formations\/liste-formations\/colloques\/790-deprescription-chez-la-personne-agee-comment-agir-ensemble.html\">ici<\/a>.<\/p>\n<p style=\"text-align: justify;\"><del><strong>Les vendredi 17 &amp; samedi matin 18 mai 2019<\/strong><\/del>, se tiendra le <strong>8<sup>\u00e8me<\/sup> colloque de Bobigny \u00ab\u00a0La sant\u00e9 publique devant l&rsquo;extension du domaine du pathologique\u00a0\u00bb. <\/strong>Notez d\u00e8s \u00e0 pr\u00e9sent ces dates dans vos agendas.<\/p>\n<p>&nbsp;<\/p>\n<p>Nous vous souhaitons le meilleur pour 2019\u00a0!<\/p>\n<p>Groupe Princeps<\/p>\n<p>&nbsp;<\/p>\n<hr \/>\n<h4>Jeudi 5 avril 2018<\/h4>\n<h2 style=\"text-align: justify;\"><strong>Communiqu\u00e9 de Presse : \u00ab\u00a0L\u2019INCa fournit aux femmes une information incompl\u00e8te et partiale sur les avantages et les inconv\u00e9nients \u00e0 suivre le d\u00e9pistage organis\u00e9 des cancers du sein\u00a0\u00bb<\/strong><\/h2>\n<h4>Retrouver ce communiqu\u00e9 de presse : <a href=\"http:\/\/surmedicalisation.fr\/?page_id=4990\" target=\"_blank\" rel=\"noopener noreferrer\">ici<\/a><\/h4>\n<hr \/>\n<h4>Lundi 26 mars 2018<\/h4>\n<h1><strong>Colloque de Bobigny\u00a0: \u00ab\u00a0Sur- et sous-m\u00e9dicalisation, surdiagnostics et surtraitements\u00a0\u00bb<\/strong><\/h1>\n<p>&nbsp;<\/p>\n<h3><strong>Retrouver la 3<sup>\u00e8me<\/sup> annonce et le programme d\u00e9finitif : <a href=\"http:\/\/surmedicalisation.fr\/?page_id=4978\" target=\"_blank\" rel=\"noopener noreferrer\">ici<\/a><\/strong><\/h3>\n<hr \/>\n<h4>Lundi 5 mars 2018<\/h4>\n<h1 style=\"text-align: center;\"><strong>Colloque de Bobigny\u00a0: \u00ab\u00a0Sur- et sous-m\u00e9dicalisation, surdiagnostics et surtraitements\u00a0\u00bb<\/strong><\/h1>\n<p>&nbsp;<\/p>\n<h3><strong>Retrouver la 2<sup>\u00e8me<\/sup> annonce et le pr\u00e9programme : <a href=\"http:\/\/surmedicalisation.fr\/?page_id=4967\" target=\"_blank\" rel=\"noopener noreferrer\">ici<\/a><\/strong><\/h3>\n<hr \/>\n<h4>Mercredi 3 janvier 2017<\/h4>\n<h1 style=\"text-align: center;\"><strong>Colloque de Bobigny\u00a0: \u00ab\u00a0Sur- et sous-m\u00e9dicalisation, surdiagnostics et surtraitements\u00a0\u00bb<\/strong><\/h1>\n<h3><\/h3>\n<p><span style=\"color: #ffffff;\">&#8230;<\/span><\/p>\n<h3><strong><span style=\"color: #000000;\">Retrouver la 1<sup>\u00e8re<\/sup> annonce et appel \u00e0 communications<\/span> : <a href=\"http:\/\/surmedicalisation.fr\/?page_id=4951\" target=\"_blank\" rel=\"noopener noreferrer\">ici<\/a><\/strong><\/h3>\n<p>&nbsp;<\/p>\n<h3><span style=\"color: #000000;\">Les organisateurs du colloque profitent de cette annonce pour vous souhaiter une excellente ann\u00e9e 2018<\/span><\/h3>\n<h3><span style=\"color: #000000;\">Le groupe d&rsquo;initiative Princeps<\/span><\/h3>\n<p>&nbsp;<\/p>\n<hr \/>\n<h4>Lundi 18 d\u00e9cembre 2017<\/h4>\n<h1 style=\"text-align: center;\"><strong>Colloque de Bobigny\u00a0: \u00ab\u00a0Sur- et sous-m\u00e9dicalisation, surdiagnostics et surtraitements\u00a0\u00bb<\/strong><\/h1>\n<h5>Cliquer sur les liens :<\/h5>\n<h3 style=\"text-align: center;\"><a href=\"http:\/\/surmedicalisation.fr\/?page_id=4934\" target=\"_blank\" rel=\"noopener noreferrer\">R\u00e9servez dans votre agenda les dates du colloque 2018<\/a><\/h3>\n<h3 style=\"text-align: center;\"><a href=\"http:\/\/surmedicalisation.fr\/?page_id=4934\" target=\"_blank\" rel=\"noopener noreferrer\">vendredi 13 &amp; samedi 14 avril 2018<\/a><\/h3>\n<h3 style=\"text-align: center;\">__________<\/h3>\n<h3 style=\"text-align: center;\"><a href=\"http:\/\/surmedicalisation.fr\/?page_id=4525\" target=\"_blank\" rel=\"noopener noreferrer\">Retrouvez les actes du colloque 2017<\/a><\/h3>\n<h3 style=\"text-align: center;\"><a href=\"http:\/\/surmedicalisation.fr\/?page_id=4525\" target=\"_blank\" rel=\"noopener noreferrer\">6\u00b0 Colloque de Bobigny\u00a0: \u00ab\u00a0Sur- et sous-m\u00e9dicalisation,<\/a> <a href=\"http:\/\/surmedicalisation.fr\/?page_id=4525\" target=\"_blank\" rel=\"noopener noreferrer\">surdiagnostics et surtraitements\u00a0\u00bb<\/a><\/h3>\n<h3 style=\"text-align: center;\">\u00a0\u00a0\u00a0\u00a0\u00a0\u00a0\u00a0\u00a0 <a href=\"http:\/\/surmedicalisation.fr\/?page_id=4525\" target=\"_blank\" rel=\"noopener noreferrer\">vendredi 28 et samedi matin 29 avril 2017<\/a><\/h3>\n<h3 style=\"text-align: center;\">______________<\/h3>\n<h3 style=\"text-align: center;\"><a href=\"http:\/\/surmedicalisation.fr\/?page_id=4444\" target=\"_blank\" rel=\"noopener noreferrer\">Retrouvez aussi les vid\u00e9os et pr\u00e9sentations de la rencontre :<\/a><\/h3>\n<h3 style=\"text-align: center;\"><a href=\"http:\/\/surmedicalisation.fr\/?page_id=4444\" target=\"_blank\" rel=\"noopener noreferrer\">\u00ab\u00a0Le prix, le co\u00fbt et la valeur des m\u00e9dicaments\u00a0\u00bb<\/a><\/h3>\n<h3 style=\"text-align: center;\"><a href=\"http:\/\/surmedicalisation.fr\/?page_id=4444\" target=\"_blank\" rel=\"noopener noreferrer\">organis\u00e9e par Princeps le 14 octobre 2016<\/a><\/h3>\n<p>&nbsp;<\/p>\n<p>&nbsp;<\/p>\n<p>&nbsp;<\/p>\n<p>&nbsp;<\/p>\n<hr \/>\n<h3 class=\"entry-title\">Programme d\u00e9finitif du colloque 2017 &#8211; 04\/04\/2017<\/h3>\n<p>&nbsp;<\/p>\n<p>Cliquer <a href=\"http:\/\/surmedicalisation.fr\/?page_id=4503\" target=\"_blank\" rel=\"noopener noreferrer\">ici<\/a>.<\/p>\n<p>&nbsp;<\/p>\n<hr \/>\n<h1 class=\"entry-title\">2\u00e8me appel \u00e0 contribution \u2013 15\/02\/2017<\/h1>\n<div class=\"entry-content\">\n<p>15\/02\/2017<\/p>\n<p><strong>DEUXI\u00c8ME ANNONCE ET APPEL \u00c1 COMMUNICATIONS<\/strong><\/p>\n<p>Le groupe Princeps, le D\u00e9partement de M\u00e9decine G\u00e9n\u00e9rale de la Facult\u00e9 de M\u00e9decine de Bobigny, la Soci\u00e9t\u00e9 de Formation Th\u00e9rapeutique du G\u00e9n\u00e9raliste (SFTG) et l\u2019association Civic Sant\u00e9 ont le plaisir de vous inviter au<\/p>\n<h1><strong>6\u00b0 Colloque de Bobigny\u00a0: \u00ab\u00a0Sur- et sous-m\u00e9dicalisation, surdiagnostics et surtraitements\u00a0\u00bb<\/strong><\/h1>\n<h2><strong>\u00a0\u00a0\u00a0\u00a0\u00a0\u00a0\u00a0\u00a0 <\/strong><strong>Les vendredi 28 et samedi matin 29 avril 2017<\/strong><\/h2>\n<p>Cliquer <a href=\"http:\/\/surmedicalisation.fr\/?page_id=4488\" target=\"_blank\" rel=\"noopener noreferrer\">ici<\/a><\/p>\n<\/div>\n<hr \/>\n<h1 class=\"entry-title\">1er appel \u00e0 contribution \u2013 26\/12\/2016<\/h1>\n<div class=\"entry-content\">\n<p>26\/12\/2016<\/p>\n<p>SAVE THE DATES \u2013 A VOS AGENDAS POUR LES 28 &amp; 29 AVRIL 2017<\/p>\n<\/div>\n<p>Cliquer <a href=\"http:\/\/surmedicalisation.fr\/?page_id=4477\" target=\"_blank\" rel=\"noopener noreferrer\">ici<\/a><\/p>\n<hr \/>\n<h4 style=\"text-align: justify;\"><\/h4>\n<h2><strong>5\u00b0 Colloque de Bobigny\u00a0: \u00ab\u00a0Sur- et sous-m\u00e9dicalisation, surdiagnostics et surtraitements\u00a0\u00bb &#8211; Les 27 et 28 mai 2016<\/strong><\/h2>\n<h4 style=\"text-align: justify;\"><span style=\"text-decoration: underline;\"><strong>Vendredi 16 septembre 2016, 15h30 : Mise en ligne des actes du colloque 2016 <\/strong><\/span><\/h4>\n<p><span style=\"color: #000000;\">Cliquer dans le bandeau du site<\/span> <a href=\"http:\/\/surmedicalisation.fr\/\">http:\/\/surmedicalisation.fr\/<\/a><span style=\"color: #000000;\">, sur \u00ab\u00a0Les colloques de Bobigny\u00a0\u00bb, puis ouvrir les listes d\u00e9roulantes comme ceci :<br \/>\n<\/span><\/p>\n<p><a href=\"http:\/\/surmedicalisation.fr\/blog\/WordPress3\/wp-content\/uploads\/2014\/06\/Cliquer_sur_colloque_de_Bobigny_puis_sur_les_listes_d\u00e9roulantes.jpg\"><img loading=\"lazy\" class=\"size-medium wp-image-4428 aligncenter\" src=\"http:\/\/surmedicalisation.fr\/blog\/WordPress3\/wp-content\/uploads\/2014\/06\/Cliquer_sur_colloque_de_Bobigny_puis_sur_les_listes_d\u00e9roulantes-300x168.jpg\" alt=\"cliquer_sur_colloque_de_bobigny_puis_sur_les_listes_deroulantes\" width=\"300\" height=\"168\" srcset=\"https:\/\/surmedicalisation.fr\/blog\/WordPress3\/wp-content\/uploads\/2014\/06\/Cliquer_sur_colloque_de_Bobigny_puis_sur_les_listes_d\u00e9roulantes-300x168.jpg 300w, https:\/\/surmedicalisation.fr\/blog\/WordPress3\/wp-content\/uploads\/2014\/06\/Cliquer_sur_colloque_de_Bobigny_puis_sur_les_listes_d\u00e9roulantes-768x431.jpg 768w, https:\/\/surmedicalisation.fr\/blog\/WordPress3\/wp-content\/uploads\/2014\/06\/Cliquer_sur_colloque_de_Bobigny_puis_sur_les_listes_d\u00e9roulantes-1024x574.jpg 1024w, https:\/\/surmedicalisation.fr\/blog\/WordPress3\/wp-content\/uploads\/2014\/06\/Cliquer_sur_colloque_de_Bobigny_puis_sur_les_listes_d\u00e9roulantes.jpg 1368w\" sizes=\"(max-width: 300px) 100vw, 300px\" \/><\/a><\/p>\n<p><span style=\"color: #000000;\">Ou bien, cliquer directement sur le lien :<\/span> <span style=\"color: #0000ff;\"><strong><a style=\"color: #0000ff;\" href=\"http:\/\/surmedicalisation.fr\/?page_id=4094\" target=\"_blank\" rel=\"noopener noreferrer\">ici<\/a><\/strong><\/span>.<\/p>\n<hr \/>\n<p>&nbsp;<\/p>\n<p>&nbsp;<\/p>\n<h4 style=\"text-align: justify;\"><strong><span style=\"color: #000000;\"><a id=\"Bernard JUNOD\"><\/a>HOMMAGE A BERNARD JUNOD<\/span><\/strong><\/h4>\n<h4 style=\"text-align: justify;\">Bernard JUNOD nous a quitt\u00e9. Le groupe Princeps souhaite lui rendre hommage et rappeler qu\u2019\u00e0 deux reprises, il est venu \u00e9clairer notre colloque de ses travaux sur les surdiagnostics et autres risques associ\u00e9s au d\u00e9pistage g\u00e9n\u00e9ralis\u00e9 de cancers du sein par mammographie. Retrouvez ses interventions en suivant les liens\u00a0: Colloques de Bobigny <strong><a href=\"http:\/\/surmedicalisation.fr\/?page_id=340#Bernard_Junod\" target=\"_blank\" rel=\"noopener noreferrer\">2012<\/a><\/strong>, <strong><a href=\"http:\/\/surmedicalisation.fr\/?page_id=2989#Bernard_Junod\" target=\"_blank\" rel=\"noopener noreferrer\">2014<\/a><\/strong>. Bernard a \u00e9galement fait une brillante conf\u00e9rence au colloque international \u00ab\u00a0Preventing overdiagnosis\u00a0\u00bb \u00e0 Oxford en septembre 2014\u00a0: <strong><a href=\"https:\/\/www.youtube.com\/watch?v=j9fywDzSViI\" target=\"_blank\" rel=\"noopener noreferrer\">ici<\/a><\/strong>.<\/h4>\n<p><a href=\"http:\/\/surmedicalisation.fr\/blog\/WordPress3\/wp-content\/uploads\/2014\/06\/Bernard_JUNOD.jpg\"><img loading=\"lazy\" class=\"alignnone size-medium wp-image-3615\" src=\"http:\/\/surmedicalisation.fr\/blog\/WordPress3\/wp-content\/uploads\/2014\/06\/Bernard_JUNOD-234x300.jpg\" alt=\"Bernard_JUNOD\" width=\"234\" height=\"300\" srcset=\"https:\/\/surmedicalisation.fr\/blog\/WordPress3\/wp-content\/uploads\/2014\/06\/Bernard_JUNOD-234x300.jpg 234w, https:\/\/surmedicalisation.fr\/blog\/WordPress3\/wp-content\/uploads\/2014\/06\/Bernard_JUNOD.jpg 480w\" sizes=\"(max-width: 234px) 100vw, 234px\" \/><\/a><\/p>\n<hr \/>\n<h4><\/h4>\n<h4><span style=\"text-decoration: underline;\"><strong>Mercredi 4 mars 2015 &#8211; Deuxi\u00e8me annonce et appel \u00e0 communication pour le colloque 2015 :<\/strong><\/span> cliquer <a href=\"http:\/\/surmedicalisation.fr\/?page_id=3646\" target=\"_blank\" rel=\"noopener noreferrer\">ici<\/a>.<span style=\"text-decoration: underline;\"><strong><br \/>\n<\/strong><\/span><\/h4>\n<h4><span style=\"text-decoration: underline;\"><strong>Mercredi 4 f\u00e9vrier 2015 &#8211; Rappel premi\u00e8re annonce <\/strong><\/span><span style=\"text-decoration: underline;\"><strong><br \/>\n<\/strong><\/span><\/h4>\n<h4><span style=\"text-decoration: underline;\"><strong>Lundi 29 d\u00e9cembre 2014 &#8211; Premi\u00e8re annonce et appel \u00e0 communication pour le colloque 2015 :<\/strong><\/span> cliquer <a href=\"http:\/\/surmedicalisation.fr\/?page_id=3623\" target=\"_blank\" rel=\"noopener noreferrer\">ici<\/a>.<span style=\"text-decoration: underline;\"><strong><br \/>\n<\/strong><\/span><\/h4>\n<hr \/>\n<h4><\/h4>\n<h4><span style=\"text-decoration: underline;\"><strong>Jeudi 26 juin 2014 &#8211; Mise en ligne des actes du colloque 2014<\/strong><\/span><\/h4>\n<h1>Colloque 2014<\/h1>\n<h2>Sur et sous m\u00e9dicalisation, surdiagnostics, surtraitements<\/h2>\n<h2>Facult\u00e9 de M\u00e9decine de Bobigny<\/h2>\n<h4 style=\"text-align: justify;\">Le groupe Princeps, le D\u00e9partement de M\u00e9decine G\u00e9n\u00e9rale de la facult\u00e9 de m\u00e9decine de Bobigny, la Soci\u00e9t\u00e9 de Formation \u00e0 la Th\u00e9rapeutique du G\u00e9n\u00e9raliste, l&rsquo;association Civic Sant\u00e9 sont heureux d&rsquo;annoncer la mise en ligne des actes du colloque qu&rsquo;ils ont organis\u00e9 les 25 et 26 avril 2014.<\/h4>\n<h4><strong>Lire la suite : <a href=\"http:\/\/surmedicalisation.fr\/?page_id=2958\" target=\"_blank\" rel=\"noopener noreferrer\">ici<\/a><\/strong><\/h4>\n<p>Quelques photos du Colloque 2014<\/p>\n<h5>(Cliquer sur les images pour les agrandir)<\/h5>\n<p>&nbsp;<\/p>\n<p><a href=\"http:\/\/surmedicalisation.fr\/blog\/WordPress3\/wp-content\/uploads\/2014\/05\/250420143833.jpg\"><img loading=\"lazy\" src=\"http:\/\/surmedicalisation.fr\/blog\/WordPress3\/wp-content\/uploads\/2014\/05\/250420143833-300x225.jpg\" alt=\"250420143833\" width=\"300\" height=\"225\" \/><\/a><a href=\"http:\/\/surmedicalisation.fr\/blog\/WordPress3\/wp-content\/uploads\/2014\/05\/250420143837.jpg\"><img loading=\"lazy\" src=\"http:\/\/surmedicalisation.fr\/blog\/WordPress3\/wp-content\/uploads\/2014\/05\/250420143837-300x225.jpg\" alt=\"250420143837\" width=\"300\" height=\"225\" \/><\/a><\/p>\n<p><a href=\"http:\/\/surmedicalisation.fr\/blog\/WordPress3\/wp-content\/uploads\/2014\/05\/250420143815.jpg\"><img loading=\"lazy\" src=\"http:\/\/surmedicalisation.fr\/blog\/WordPress3\/wp-content\/uploads\/2014\/05\/250420143815-300x225.jpg\" alt=\"250420143815\" width=\"300\" height=\"225\" \/><\/a><a href=\"http:\/\/surmedicalisation.fr\/blog\/WordPress3\/wp-content\/uploads\/2014\/05\/250420143809.jpg\"><img loading=\"lazy\" src=\"http:\/\/surmedicalisation.fr\/blog\/WordPress3\/wp-content\/uploads\/2014\/05\/250420143809-300x225.jpg\" alt=\"250420143809\" width=\"300\" height=\"225\" \/><\/a><\/p>\n<p><a href=\"http:\/\/surmedicalisation.fr\/blog\/WordPress3\/wp-content\/uploads\/2013\/12\/250420143820.jpg\"><img loading=\"lazy\" src=\"http:\/\/surmedicalisation.fr\/blog\/WordPress3\/wp-content\/uploads\/2013\/12\/250420143820-300x225.jpg\" alt=\"250420143820\" width=\"300\" height=\"225\" \/><\/a>\u00a0<a href=\"http:\/\/surmedicalisation.fr\/blog\/WordPress3\/wp-content\/uploads\/2013\/12\/250420143838.jpg\"><img loading=\"lazy\" src=\"http:\/\/surmedicalisation.fr\/blog\/WordPress3\/wp-content\/uploads\/2013\/12\/250420143838-300x225.jpg\" alt=\"250420143838\" width=\"300\" height=\"225\" \/><\/a><\/p>\n<p><a href=\"http:\/\/surmedicalisation.fr\/blog\/WordPress3\/wp-content\/uploads\/2013\/12\/250420143832.jpg\"><img loading=\"lazy\" src=\"http:\/\/surmedicalisation.fr\/blog\/WordPress3\/wp-content\/uploads\/2013\/12\/250420143832-300x225.jpg\" alt=\"250420143832\" width=\"300\" height=\"225\" \/><\/a><a href=\"http:\/\/surmedicalisation.fr\/blog\/WordPress3\/wp-content\/uploads\/2013\/12\/250420143835.jpg\"><img loading=\"lazy\" src=\"http:\/\/surmedicalisation.fr\/blog\/WordPress3\/wp-content\/uploads\/2013\/12\/250420143835-300x225.jpg\" alt=\"250420143835\" width=\"300\" height=\"225\" \/><\/a><\/p>\n<p><a href=\"http:\/\/surmedicalisation.fr\/blog\/WordPress3\/wp-content\/uploads\/2013\/12\/260420143840.jpg\"><img loading=\"lazy\" src=\"http:\/\/surmedicalisation.fr\/blog\/WordPress3\/wp-content\/uploads\/2013\/12\/260420143840-300x225.jpg\" alt=\"260420143840\" width=\"300\" height=\"225\" \/><\/a><a href=\"http:\/\/surmedicalisation.fr\/blog\/WordPress3\/wp-content\/uploads\/2013\/12\/260420143844.jpg\"><img loading=\"lazy\" src=\"http:\/\/surmedicalisation.fr\/blog\/WordPress3\/wp-content\/uploads\/2013\/12\/260420143844-300x225.jpg\" alt=\"260420143844\" width=\"300\" height=\"225\" \/><\/a><\/p>\n<p><a href=\"http:\/\/surmedicalisation.fr\/blog\/WordPress3\/wp-content\/uploads\/2013\/12\/250420143819.jpg\"><img loading=\"lazy\" src=\"http:\/\/surmedicalisation.fr\/blog\/WordPress3\/wp-content\/uploads\/2013\/12\/250420143819-300x225.jpg\" alt=\"250420143819\" width=\"300\" height=\"225\" \/><\/a><a href=\"http:\/\/surmedicalisation.fr\/blog\/WordPress3\/wp-content\/uploads\/2013\/12\/260420143849.jpg\"><img loading=\"lazy\" src=\"http:\/\/surmedicalisation.fr\/blog\/WordPress3\/wp-content\/uploads\/2013\/12\/260420143849-300x225.jpg\" alt=\"260420143849\" width=\"300\" height=\"225\" \/><\/a><\/p>\n<p><a href=\"http:\/\/surmedicalisation.fr\/blog\/WordPress3\/wp-content\/uploads\/2014\/05\/IMG_9034.jpg\"><img loading=\"lazy\" class=\"size-medium wp-image-3342 aligncenter\" src=\"http:\/\/surmedicalisation.fr\/blog\/WordPress3\/wp-content\/uploads\/2014\/05\/IMG_9034-225x300.jpg\" alt=\"IMG_9034\" width=\"225\" height=\"300\" srcset=\"https:\/\/surmedicalisation.fr\/blog\/WordPress3\/wp-content\/uploads\/2014\/05\/IMG_9034-225x300.jpg 225w, https:\/\/surmedicalisation.fr\/blog\/WordPress3\/wp-content\/uploads\/2014\/05\/IMG_9034.jpg 360w\" sizes=\"(max-width: 225px) 100vw, 225px\" \/><\/a><\/p>\n<p><a href=\"http:\/\/surmedicalisation.fr\/blog\/WordPress3\/wp-content\/uploads\/2014\/05\/IMG_6271.jpg\"><img loading=\"lazy\" class=\"wp-image-3343 size-full aligncenter\" src=\"http:\/\/surmedicalisation.fr\/blog\/WordPress3\/wp-content\/uploads\/2014\/05\/IMG_6271.jpg\" alt=\"IMG_6271\" width=\"360\" height=\"270\" srcset=\"https:\/\/surmedicalisation.fr\/blog\/WordPress3\/wp-content\/uploads\/2014\/05\/IMG_6271.jpg 360w, https:\/\/surmedicalisation.fr\/blog\/WordPress3\/wp-content\/uploads\/2014\/05\/IMG_6271-300x225.jpg 300w\" sizes=\"(max-width: 360px) 100vw, 360px\" \/><\/a><a href=\"http:\/\/surmedicalisation.fr\/blog\/WordPress3\/wp-content\/uploads\/2014\/05\/IMG_7323.jpg\"><img loading=\"lazy\" class=\"size-medium wp-image-3344 aligncenter\" src=\"http:\/\/surmedicalisation.fr\/blog\/WordPress3\/wp-content\/uploads\/2014\/05\/IMG_7323-300x225.jpg\" alt=\"IMG_7323\" width=\"300\" height=\"225\" srcset=\"https:\/\/surmedicalisation.fr\/blog\/WordPress3\/wp-content\/uploads\/2014\/05\/IMG_7323-300x225.jpg 300w, https:\/\/surmedicalisation.fr\/blog\/WordPress3\/wp-content\/uploads\/2014\/05\/IMG_7323.jpg 360w\" sizes=\"(max-width: 300px) 100vw, 300px\" \/><\/a><\/p>\n","protected":false},"excerpt":{"rendered":"<p>20\/03\/2020 Le groupe Princeps, la SFTG et tous les organisateurs du colloque 2019 ont le plaisir de vous annoncer la publication en ligne de ses actes et de l\u2019int\u00e9gralit\u00e9 de son contenu : http:\/\/surmedicalisation.fr\/?page_id=5707 &#8211; 1 th\u00e8me g\u00e9n\u00e9ral \u00ab L\u2019int\u00e9r\u00eat &hellip; <a href=\"https:\/\/surmedicalisation.fr\/\">Continuer la lecture <span class=\"meta-nav\">&rarr;<\/span><\/a><\/p>\n","protected":false},"author":1,"featured_media":0,"parent":0,"menu_order":0,"comment_status":"open","ping_status":"open","template":"","meta":[],"_links":{"self":[{"href":"https:\/\/surmedicalisation.fr\/index.php?rest_route=\/wp\/v2\/pages\/3598"}],"collection":[{"href":"https:\/\/surmedicalisation.fr\/index.php?rest_route=\/wp\/v2\/pages"}],"about":[{"href":"https:\/\/surmedicalisation.fr\/index.php?rest_route=\/wp\/v2\/types\/page"}],"author":[{"embeddable":true,"href":"https:\/\/surmedicalisation.fr\/index.php?rest_route=\/wp\/v2\/users\/1"}],"replies":[{"embeddable":true,"href":"https:\/\/surmedicalisation.fr\/index.php?rest_route=%2Fwp%2Fv2%2Fcomments&post=3598"}],"version-history":[{"count":58,"href":"https:\/\/surmedicalisation.fr\/index.php?rest_route=\/wp\/v2\/pages\/3598\/revisions"}],"predecessor-version":[{"id":6225,"href":"https:\/\/surmedicalisation.fr\/index.php?rest_route=\/wp\/v2\/pages\/3598\/revisions\/6225"}],"wp:attachment":[{"href":"https:\/\/surmedicalisation.fr\/index.php?rest_route=%2Fwp%2Fv2%2Fmedia&parent=3598"}],"curies":[{"name":"wp","href":"https:\/\/api.w.org\/{rel}","templated":true}]}}