{"id":3709,"date":"2016-02-07T23:42:00","date_gmt":"2016-02-07T22:42:00","guid":{"rendered":"http:\/\/surmedicalisation.fr\/?page_id=3709"},"modified":"2016-02-07T23:42:00","modified_gmt":"2016-02-07T22:42:00","slug":"26eme-journees-du-medecin-generaliste-brest-22112013","status":"publish","type":"page","link":"https:\/\/surmedicalisation.fr\/?page_id=3709","title":{"rendered":"26\u00e8me journ\u00e9es du m\u00e9decin g\u00e9n\u00e9raliste, Brest, 22\/11\/2013"},"content":{"rendered":"<p><script>\/\/ <![CDATA[\n  (function(i,s,o,g,r,a,m){i['GoogleAnalyticsObject']=r;i[r]=i[r]||function(){\n  (i[r].q=i[r].q||[]).push(arguments)},i[r].l=1*new Date();a=s.createElement(o),\n  m=s.getElementsByTagName(o)[0];a.async=1;a.src=g;m.parentNode.insertBefore(a,m)\n  })(window,document,'script','\/\/www.google-analytics.com\/analytics.js','ga');\n\n  ga('create', 'UA-40453293-1', 'surmedicalisation.fr');\n  ga('send', 'pageview');\n\/\/ ]]><\/script><\/p>\n<h1 style=\"text-align: center;\"><\/h1>\n<h1 style=\"text-align: center;\"><\/h1>\n<h1 style=\"text-align: center;\"><\/h1>\n<h1 style=\"text-align: center;\"><\/h1>\n<h1 style=\"text-align: center;\"><span style=\"color: #0000ff;\">26<sup>\u00e8me<\/sup> journ\u00e9es du m\u00e9decin g\u00e9n\u00e9raliste<\/span><\/h1>\n<h3 style=\"text-align: center;\"><strong><span style=\"color: #666699;\">Conf\u00e9rence de BREST au Quartz, le 22 novembre 2013<\/span><\/strong><\/h3>\n<h3 style=\"text-align: center;\"><span style=\"text-decoration: underline;\"><em>Pr\u00e9sentation par Michel Thomas<\/em><\/span><\/h3>\n<h5 style=\"text-align: center;\"><strong><span style=\"color: #339966;\">Cliquer sur l&rsquo;image pour ouvrir la pr\u00e9sentation<\/span><\/strong><\/h5>\n<p style=\"text-align: center;\"><a href=\"http:\/\/surmedicalisation.fr\/blog\/WordPress3\/wp-content\/uploads\/2014\/01\/Sur-et-sous-m\u00e9dicalisation-Brest.ppsx\"><img loading=\"lazy\" class=\"aligncenter size-medium wp-image-2914\" style=\"border: 2px solid black;\" src=\"http:\/\/surmedicalisation.fr\/blog\/WordPress3\/wp-content\/uploads\/2014\/01\/IMAGE-DIAPO-BREST-300x225.jpg\" alt=\"IMAGE DIAPO BREST\" width=\"300\" height=\"225\" srcset=\"https:\/\/surmedicalisation.fr\/blog\/WordPress3\/wp-content\/uploads\/2014\/01\/IMAGE-DIAPO-BREST-300x225.jpg 300w, https:\/\/surmedicalisation.fr\/blog\/WordPress3\/wp-content\/uploads\/2014\/01\/IMAGE-DIAPO-BREST-1024x769.jpg 1024w, https:\/\/surmedicalisation.fr\/blog\/WordPress3\/wp-content\/uploads\/2014\/01\/IMAGE-DIAPO-BREST.jpg 1197w\" sizes=\"(max-width: 300px) 100vw, 300px\" \/><\/a><\/p>\n","protected":false},"excerpt":{"rendered":"<p>26\u00e8me journ\u00e9es du m\u00e9decin g\u00e9n\u00e9raliste Conf\u00e9rence de BREST au Quartz, le 22 novembre 2013 Pr\u00e9sentation par Michel Thomas Cliquer sur l&rsquo;image pour ouvrir la pr\u00e9sentation<\/p>\n","protected":false},"author":1,"featured_media":0,"parent":2907,"menu_order":1,"comment_status":"closed","ping_status":"closed","template":"","meta":[],"_links":{"self":[{"href":"https:\/\/surmedicalisation.fr\/index.php?rest_route=\/wp\/v2\/pages\/3709"}],"collection":[{"href":"https:\/\/surmedicalisation.fr\/index.php?rest_route=\/wp\/v2\/pages"}],"about":[{"href":"https:\/\/surmedicalisation.fr\/index.php?rest_route=\/wp\/v2\/types\/page"}],"author":[{"embeddable":true,"href":"https:\/\/surmedicalisation.fr\/index.php?rest_route=\/wp\/v2\/users\/1"}],"replies":[{"embeddable":true,"href":"https:\/\/surmedicalisation.fr\/index.php?rest_route=%2Fwp%2Fv2%2Fcomments&post=3709"}],"version-history":[{"count":1,"href":"https:\/\/surmedicalisation.fr\/index.php?rest_route=\/wp\/v2\/pages\/3709\/revisions"}],"predecessor-version":[{"id":3710,"href":"https:\/\/surmedicalisation.fr\/index.php?rest_route=\/wp\/v2\/pages\/3709\/revisions\/3710"}],"up":[{"embeddable":true,"href":"https:\/\/surmedicalisation.fr\/index.php?rest_route=\/wp\/v2\/pages\/2907"}],"wp:attachment":[{"href":"https:\/\/surmedicalisation.fr\/index.php?rest_route=%2Fwp%2Fv2%2Fmedia&parent=3709"}],"curies":[{"name":"wp","href":"https:\/\/api.w.org\/{rel}","templated":true}]}}