{"id":4525,"date":"2017-06-16T11:08:22","date_gmt":"2017-06-16T09:08:22","guid":{"rendered":"http:\/\/surmedicalisation.fr\/?page_id=4525"},"modified":"2017-12-18T17:15:51","modified_gmt":"2017-12-18T16:15:51","slug":"les-actes-colloque-2017","status":"publish","type":"page","link":"https:\/\/surmedicalisation.fr\/?page_id=4525","title":{"rendered":"Les actes &#8211; Colloque 2017"},"content":{"rendered":"<p><script>\/\/ <![CDATA[ (function(i,s,o,g,r,a,m){i['GoogleAnalyticsObject']=r;i[r]=i[r]||function(){ (i[r].q=i[r].q||[]).push(arguments)},i[r].l=1*new Date();a=s.createElement(o), m=s.getElementsByTagName(o)[0];a.async=1;a.src=g;m.parentNode.insertBefore(a,m) })(window,document,'script','\/\/www.google-analytics.com\/analytics.js','ga'); ga('create', 'UA-40453293-1', 'surmedicalisation.fr'); ga('send', 'pageview'); \/\/ ]]><\/script><\/p>\n<h1><\/h1>\n<h1><\/h1>\n<h1><\/h1>\n<h1>Colloque 2017<\/h1>\n<h2>Sur et sous m\u00e9dicalisation, surdiagnostics, surtraitements<\/h2>\n<h2>Facult\u00e9 de M\u00e9decine de Bobigny, Universit\u00e9 Paris 13<\/h2>\n<h4 style=\"text-align: justify;\">Le groupe Princeps, le D\u00e9partement de M\u00e9decine G\u00e9n\u00e9rale de la facult\u00e9 de m\u00e9decine de Bobigny, la Soci\u00e9t\u00e9 de Formation \u00e0 la Th\u00e9rapeutique du G\u00e9n\u00e9raliste (SFTG), et l&rsquo;association Civic Sant\u00e9, sont heureux de vous pr\u00e9senter les actes du colloque qui s&rsquo;est tenu les vendredi 27 mai 2016, de 9h \u00e0 17h, et samedi 28 mai de 9h \u00e0 13h.<\/h4>\n<hr \/>\n<h5 style=\"text-align: center;\"><span style=\"text-decoration: underline;\"><span style=\"color: #000000; text-decoration: underline;\">Cliquer sur les liens pour ouvrir les pages<\/span><\/span><\/h5>\n<h2 style=\"text-align: center;\"><strong><span style=\"color: #000000;\">Vendredi 28 avril 2017 &#8211; Matin\u00e9e<\/span><\/strong><\/h2>\n<p style=\"text-align: center;\"><span style=\"color: #000000;\">Accueil des participants<\/span><\/p>\n<p style=\"text-align: center;\"><span style=\"color: #000000;\">Ouverture du colloque<\/span><\/p>\n<p style=\"text-align: center;\"><strong><span style=\"color: #000000;\">Accueil du Doyen de la facult\u00e9 de m\u00e9decine de Bobigny<\/span><\/strong><\/p>\n<p style=\"text-align: center;\"><span style=\"color: #0000ff;\"><strong>Mots de bienvenue : Professeur Michel THOMAS<\/strong><\/span><\/p>\n<h2><\/h2>\n<h2 style=\"text-align: center;\"><a href=\"http:\/\/surmedicalisation.fr\/?page_id=4543#Gerard_ROIZES\" target=\"_blank\" rel=\"noopener\">Conf\u00e9rence introductive<\/a><\/h2>\n<p>&nbsp;<\/p>\n<h1 style=\"text-align: center;\"><a href=\"http:\/\/surmedicalisation.fr\/?page_id=4543#Gerard_ROIZES\" target=\"_blank\" rel=\"noopener\">\u00ab Apport de la biologie mol\u00e9culaire dans les<\/a><\/h1>\n<h1 style=\"text-align: center;\"><a href=\"http:\/\/surmedicalisation.fr\/?page_id=4543#Gerard_ROIZES\" target=\"_blank\" rel=\"noopener\">progr\u00e8s de la m\u00e9decine \u00bb<\/a><\/h1>\n<p>&nbsp;<\/p>\n<p style=\"text-align: center;\"><a href=\"http:\/\/surmedicalisation.fr\/?page_id=4543#Gerard_ROIZES\" target=\"_blank\" rel=\"noopener\"><strong>Dr.<\/strong> <strong>G\u00e9rard ROIZES<\/strong><\/a><\/p>\n<p style=\"text-align: center;\"><strong>Directeur de Recherche \u00c9m\u00e9rite, Montpellier<br \/>\n<\/strong><\/p>\n<p>&nbsp;<\/p>\n<p style=\"text-align: center;\"><strong>Discussion<\/strong><\/p>\n<p>&nbsp;<\/p>\n<p>&nbsp;<\/p>\n<h1 style=\"text-align: center;\"><a href=\"http:\/\/surmedicalisation.fr\/?page_id=4543#Etienne_KLEIN\" target=\"_blank\" rel=\"noopener\">\u00ab Innovation et progr\u00e8s \u00bb<\/a><\/h1>\n<p style=\"text-align: center;\"><a href=\"http:\/\/surmedicalisation.fr\/?page_id=4543#Etienne_KLEIN\" target=\"_blank\" rel=\"noopener\"><strong>Etienne KLEIN<\/strong><\/a><\/p>\n<p style=\"text-align: center;\"><strong>Physicien et philosophe, Professeur \u00e0 l&rsquo;\u00c9cole Centrale<br \/>\n<\/strong><\/p>\n<p>&nbsp;<\/p>\n<h1 style=\"text-align: center;\"><span style=\"color: #000000;\"><strong>\u00ab Le point sur les actions de Princeps \u00bb<\/strong><\/span><\/h1>\n<h2 style=\"text-align: center;\"><\/h2>\n<h1 style=\"text-align: center;\"><a href=\"http:\/\/surmedicalisation.fr\/?page_id=4543#Alain_SIARY\" target=\"_blank\" rel=\"noopener\"><span style=\"color: #0000ff;\">\u00ab Le d\u00e9pistage organis\u00e9 des cancers du sein \u00bb<\/span><\/a><\/h1>\n<p><span style=\"color: #ffffff;\"> &#8230;<\/span><\/p>\n<p style=\"text-align: center;\"><a href=\"http:\/\/surmedicalisation.fr\/?page_id=4543#Alain_SIARY\" target=\"_blank\" rel=\"noopener\"><span style=\"color: #0000ff;\"><strong>Dr. Alain SIARY<\/strong><\/span><\/a><\/p>\n<p style=\"text-align: center;\"><span style=\"color: #000000;\"><strong>\u00a0<\/strong><\/span><\/p>\n<p style=\"text-align: center;\"><span style=\"color: #0000ff;\"><strong>\u00a0<\/strong><\/span><\/p>\n<h1 style=\"text-align: center;\"><a href=\"http:\/\/surmedicalisation.fr\/?page_id=4543#Michel_THOMAS\" target=\"_blank\" rel=\"noopener\"><span style=\"color: #0000ff;\">\u00ab Les M\u00e9dicaments Essentiels \u00bb<\/span><\/a><\/h1>\n<p><span style=\"color: #ffffff;\"> &#8230;<\/span><\/p>\n<p style=\"text-align: center;\"><span style=\"color: #000000;\"><strong><a href=\"http:\/\/surmedicalisation.fr\/?page_id=4543#Michel_THOMAS\" target=\"_blank\" rel=\"noopener\"><span style=\"color: #0000ff;\">Pr. Michel THOMAS<\/span><\/a><br \/>\n<\/strong><\/span><\/p>\n<p>&nbsp;<\/p>\n<p>&nbsp;<\/p>\n<h1 style=\"text-align: center;\"><a href=\"http:\/\/surmedicalisation.fr\/?page_id=4543#Michel_DORE\" target=\"_blank\" rel=\"noopener\"><span style=\"color: #0000ff;\">\u00ab Antibior\u00e9sistance \u00bb<\/span><\/a><\/h1>\n<p><span style=\"color: #ffffff;\"> &#8230;<\/span><\/p>\n<p style=\"text-align: center;\"><span style=\"color: #000000;\"><strong><a href=\"http:\/\/surmedicalisation.fr\/?page_id=4543#Michel_DORE\" target=\"_blank\" rel=\"noopener\">Dr. Michel DOR\u00c9<\/a><br \/>\n<\/strong><\/span><\/p>\n<p>&nbsp;<\/p>\n<p>&nbsp;<\/p>\n<h1 style=\"text-align: center;\"><a href=\"http:\/\/surmedicalisation.fr\/?page_id=4543#Jean-Claude_SALOMON\" target=\"_blank\" rel=\"noopener\">\u00ab Prix, co\u00fbt et valeur des m\u00e9dicaments \u00bb<\/a><\/h1>\n<p>&nbsp;<\/p>\n<p style=\"text-align: center;\"><strong><a href=\"http:\/\/surmedicalisation.fr\/?page_id=4543#Jean-Claude_SALOMON\" target=\"_blank\" rel=\"noopener\">Dr. Jean-Claude SALOMON<\/a><br \/>\n<\/strong><\/p>\n<p>&nbsp;<\/p>\n<p>&nbsp;<\/p>\n<h1 style=\"text-align: center;\"><a href=\"http:\/\/surmedicalisation.fr\/?page_id=4543#Francois_PESTY\" target=\"_blank\" rel=\"noopener\">\u00ab Traitements de fond de la polyarthrite<\/a><\/h1>\n<h1 style=\"text-align: center;\"><a href=\"http:\/\/surmedicalisation.fr\/?page_id=4543#Francois_PESTY\" target=\"_blank\" rel=\"noopener\">rhumato\u00efde \u00bb<\/a><\/h1>\n<p>&nbsp;<\/p>\n<p style=\"text-align: center;\"><strong><a href=\"http:\/\/surmedicalisation.fr\/?page_id=4543#Francois_PESTY\" target=\"_blank\" rel=\"noopener\">Dr. Fran\u00e7ois PESTY<\/a><br \/>\n<\/strong><\/p>\n<p>&nbsp;<\/p>\n<p>&nbsp;<\/p>\n<p style=\"text-align: center;\"><strong>Discussion<\/strong><\/p>\n<p>&nbsp;<\/p>\n<p>&nbsp;<\/p>\n<hr \/>\n<h2 style=\"text-align: center;\"><strong><span style=\"color: #000000;\">Vendredi 28 mai 2017 &#8211; Apr\u00e8s-midi<\/span><\/strong><\/h2>\n<p>&nbsp;<\/p>\n<h1 style=\"text-align: center;\"><span style=\"color: #000000;\"><strong><a href=\"http:\/\/surmedicalisation.fr\/?page_id=4556#Posters\" target=\"_blank\" rel=\"noopener\">Visite des Posters<\/a><br \/>\n<\/strong><\/span><\/h1>\n<p>&nbsp;<\/p>\n<p style=\"text-align: center;\"><a href=\"http:\/\/surmedicalisation.fr\/?page_id=4556#Francis_ABRAMOVICI\" target=\"_blank\" rel=\"noopener\">Poster N\u00b01<\/a><\/p>\n<p style=\"text-align: center;\"><a href=\"http:\/\/surmedicalisation.fr\/?page_id=4556#Francis_ABRAMOVICI\" target=\"_blank\" rel=\"noopener\">Francis ABRAMOVICI,<\/a><\/p>\n<p style=\"text-align: center;\"><a href=\"http:\/\/surmedicalisation.fr\/?page_id=4556#Francis_ABRAMOVICI\" target=\"_blank\" rel=\"noopener\">M\u00e9decin g\u00e9n\u00e9raliste, Cor\u00e9dacteur en Chef de la revue M\u00e9decine,<\/a><\/p>\n<p style=\"text-align: center;\"><a href=\"http:\/\/surmedicalisation.fr\/?page_id=4556#Francis_ABRAMOVICI\" target=\"_blank\" rel=\"noopener\">\u00ab\u00a0Cancer du col de l\u2019ut\u00e9rus\u00a0: Entre trop peu et trop\u00a0?\u00a0\u00bb<\/a><\/p>\n<p>&nbsp;<\/p>\n<p>&nbsp;<\/p>\n<p style=\"text-align: center;\"><a href=\"http:\/\/surmedicalisation.fr\/?page_id=4556#Jean-Yves_LE_HESTRAN\" target=\"_blank\" rel=\"noopener\">Poster N\u00b02<\/a><\/p>\n<p style=\"text-align: center;\"><a href=\"http:\/\/surmedicalisation.fr\/?page_id=4556#Jean-Yves_LE_HESTRAN\" target=\"_blank\" rel=\"noopener\">Jean-Yves LE HESTRAN***, Arnauld Gb\u00e9nou****, Emilienne ANAGO****,<br \/>\nOlga <\/a><a href=\"http:\/\/surmedicalisation.fr\/?page_id=4556#Jean-Yves_LE_HESTRAN\" target=\"_blank\" rel=\"noopener\">Hemadou****, Anani AGOSSOU****, Adolphe Kpatchavi**, Carine Baxerres*<\/a><\/p>\n<p style=\"text-align: center;\"><a href=\"http:\/\/surmedicalisation.fr\/?page_id=4556#Jean-Yves_LE_HESTRAN\" target=\"_blank\" rel=\"noopener\">* : anthropologue, charg\u00e9e de recherche \u00e0 l\u2019IRD, PI du projet GLOBALMED ** : socio-<\/a><a href=\"http:\/\/surmedicalisation.fr\/?page_id=4556#Jean-Yves_LE_HESTRAN\" target=\"_blank\" rel=\"noopener\">anthropologue, enseignant-chercheur \u00e0 l\u2019Universit\u00e9 Abomey Calavi du B\u00e9nin *** :<\/a> <a href=\"http:\/\/surmedicalisation.fr\/?page_id=4556#Jean-Yves_LE_HESTRAN\" target=\"_blank\" rel=\"noopener\">\u00e9pid\u00e9miologiste, directeur de recherche \u00e0 l\u2019IRD, Master GLOBALMED ****<\/a><\/p>\n<p style=\"text-align: center;\"><a href=\"http:\/\/surmedicalisation.fr\/?page_id=4556#Jean-Yves_LE_HESTRAN\" target=\"_blank\" rel=\"noopener\">\u00ab\u00a0Acc\u00e8s aux soins et aux m\u00e9dicaments au B\u00e9nin &#8211; Pratiques de soins au sein des familles\u00a0\u00bb<\/a><\/p>\n<p>&nbsp;<\/p>\n<p>&nbsp;<\/p>\n<p style=\"text-align: center;\"><a href=\"http:\/\/surmedicalisation.fr\/?page_id=4556#Mathilde_LEGAY\" target=\"_blank\" rel=\"noopener\">Poster N\u00b03<\/a><\/p>\n<p style=\"text-align: center;\"><a href=\"http:\/\/surmedicalisation.fr\/?page_id=4556#Mathilde_LEGAY\" target=\"_blank\" rel=\"noopener\">Mathilde LEGAY, C\u00e9line PULCINI, Christian RABAUD, Jacques BIRG\u00c9<\/a><\/p>\n<p style=\"text-align: center;\"><a href=\"http:\/\/surmedicalisation.fr\/?page_id=4556#Mathilde_LEGAY\" target=\"_blank\" rel=\"noopener\">D\u00e9partement de M\u00e9decine G\u00e9n\u00e9rale, Facult\u00e9 de M\u00e9decine de Nancy et<\/a> <a href=\"http:\/\/www.antibiolor.org\/\">Antibiolor<\/a><\/p>\n<p style=\"text-align: center;\"><a href=\"http:\/\/surmedicalisation.fr\/?page_id=4556#Mathilde_LEGAY\" target=\"_blank\" rel=\"noopener\">\u00ab\u00a0Co prescriptions antibiotiques anti-inflammatoires par les m\u00e9decins g\u00e9n\u00e9ralistes :<\/a> <a href=\"http:\/\/surmedicalisation.fr\/?page_id=4556#Mathilde_LEGAY\" target=\"_blank\" rel=\"noopener\">rapport b\u00e9n\u00e9fices\/risques et pratiques en Lorraine\u00a0\u00bb<\/a><\/p>\n<p>&nbsp;<\/p>\n<p>&nbsp;<\/p>\n<p style=\"text-align: center;\"><a href=\"http:\/\/surmedicalisation.fr\/?page_id=4556#Gerard_DELEPINE1\" target=\"_blank\" rel=\"noopener\">Poster N\u00b04<\/a><\/p>\n<p style=\"text-align: center;\"><a href=\"http:\/\/surmedicalisation.fr\/?page_id=4556#Gerard_DELEPINE1\" target=\"_blank\" rel=\"noopener\">G\u00e9rard DEL\u00c9PINE, Nicole DEL\u00c9PINE, Salwa ALKHALLAF<\/a><\/p>\n<p style=\"text-align: center;\"><a href=\"http:\/\/surmedicalisation.fr\/?page_id=4556#Gerard_DELEPINE1\" target=\"_blank\" rel=\"noopener\">\u00ab\u00a0La dur\u00e9e de la dite \u00ab\u00a0survie sans progression\u00a0\u00bb est-elle pr\u00e9dictive de la survie globale\u00a0?<\/a><br \/>\n<a href=\"http:\/\/surmedicalisation.fr\/?page_id=4556#Gerard_DELEPINE1\" target=\"_blank\" rel=\"noopener\">Analyse des \u00e9tudes de th\u00e9rapies cibl\u00e9es en canc\u00e9rologie \u00bb<\/a><\/p>\n<p>&nbsp;<\/p>\n<p>&nbsp;<\/p>\n<p style=\"text-align: center;\"><a href=\"http:\/\/surmedicalisation.fr\/?page_id=4556#G\u00e9rard_DELEPINE2\" target=\"_blank\" rel=\"noopener\">Poster N\u00b05<\/a><\/p>\n<p style=\"text-align: center;\"><a href=\"http:\/\/surmedicalisation.fr\/?page_id=4556#G\u00e9rard_DELEPINE2\" target=\"_blank\" rel=\"noopener\">G\u00e9rard DEL\u00c9PINE, Nicole DEL\u00c9PINE, Salwa ALKHALLAF<\/a><\/p>\n<p style=\"text-align: center;\"><a href=\"http:\/\/surmedicalisation.fr\/?page_id=4556#G\u00e9rard_DELEPINE2\" target=\"_blank\" rel=\"noopener\">\u00ab\u00a0Les r\u00e9sultats des \u00e9tudes pivot de th\u00e9rapies cibl\u00e9es en canc\u00e9rologie des tumeurs solides<\/a> <a href=\"http:\/\/surmedicalisation.fr\/?page_id=4556#G\u00e9rard_DELEPINE2\" target=\"_blank\" rel=\"noopener\">sont-ils fiables?\u00a0\u00bb<\/a><\/p>\n<p>&nbsp;<\/p>\n<p>&nbsp;<\/p>\n<p style=\"text-align: center;\"><a href=\"http:\/\/surmedicalisation.fr\/?page_id=4556#Pr_Philippe_ARLET\" target=\"_blank\" rel=\"noopener\">Poster N\u00b06<\/a><\/p>\n<p style=\"text-align: center;\"><a href=\"http:\/\/surmedicalisation.fr\/?page_id=4556#Pr_Philippe_ARLET\" target=\"_blank\" rel=\"noopener\">Gr\u00e9gory PUGNET*, Lisa NGUYEN**, Philippe ARLET*, Haleh BAGHERI***,<\/a><br \/>\n<a href=\"http:\/\/surmedicalisation.fr\/?page_id=4556#Pr_Philippe_ARLET\" target=\"_blank\" rel=\"noopener\">France LAFFISSE****, Serge BISMUTH*****,<\/a><\/p>\n<p style=\"text-align: center;\"><a href=\"http:\/\/surmedicalisation.fr\/?page_id=4556#Pr_Philippe_ARLET\" target=\"_blank\" rel=\"noopener\">*\u00a0: interniste, CHU Toulouse, **\u00a0: g\u00e9n\u00e9raliste, \u00e9tudiante en th\u00e8se, ***\u00a0: pharmacologue, <\/a><a href=\"http:\/\/surmedicalisation.fr\/?page_id=4556#Pr_Philippe_ARLET\" target=\"_blank\" rel=\"noopener\">CHU Toulouse, ****\u00a0: praticien charg\u00e9e de la t\u00e9l\u00e9m\u00e9decine au CHU Toulouse, *****\u00a0:<\/a> <a href=\"http:\/\/surmedicalisation.fr\/?page_id=4556#Pr_Philippe_ARLET\" target=\"_blank\" rel=\"noopener\">g\u00e9n\u00e9raliste, MCU DUMG Toulouse<\/a><\/p>\n<p style=\"text-align: center;\"><a href=\"http:\/\/surmedicalisation.fr\/?page_id=4556#Pr_Philippe_ARLET\" target=\"_blank\" rel=\"noopener\">\u00ab\u00a0Cr\u00e9ation d\u2019un r\u00e9seau ville \u2013 h\u00f4pital \u2013 ville d\u2019aide \u00e0 la d\u00e9prescription m\u00e9dicamenteuse en <\/a><a href=\"http:\/\/surmedicalisation.fr\/?page_id=4556#Pr_Philippe_ARLET\" target=\"_blank\" rel=\"noopener\">r\u00e9gion Occitanie\u00a0\u00bb<\/a><\/p>\n<p>&nbsp;<\/p>\n<p>&nbsp;<\/p>\n<p style=\"text-align: center;\"><a href=\"http:\/\/surmedicalisation.fr\/?page_id=4556#Florence_TABOULET\" target=\"_blank\" rel=\"noopener\">Poster N\u00b07<\/a><\/p>\n<p style=\"text-align: center;\"><a href=\"http:\/\/surmedicalisation.fr\/?page_id=4556#Florence_TABOULET\" target=\"_blank\" rel=\"noopener\">Florence TABOULET,<\/a><\/p>\n<p style=\"text-align: center;\"><a href=\"http:\/\/surmedicalisation.fr\/?page_id=4556#Florence_TABOULET\" target=\"_blank\" rel=\"noopener\">Pharmacien, Professeur en droit pharmaceutique et en \u00e9conomie de la sant\u00e9<\/a><\/p>\n<p style=\"text-align: center;\"><a href=\"http:\/\/surmedicalisation.fr\/?page_id=4556#Florence_TABOULET\" target=\"_blank\" rel=\"noopener\">\u00a0\u00ab\u00a0Une offre illimit\u00e9e : porte ouverte \u00e0 une surm\u00e9dicalisation?\u00a0 Interrogations autour de la <\/a><a href=\"http:\/\/surmedicalisation.fr\/?page_id=4556#Florence_TABOULET\" target=\"_blank\" rel=\"noopener\">contraception d\u2019urgence chez les mineures\u00a0\u00bb<\/a><\/p>\n<p>&nbsp;<\/p>\n<p>&nbsp;<\/p>\n<p style=\"text-align: center;\"><a href=\"http:\/\/surmedicalisation.fr\/?page_id=4556#P_LAMOUR\" target=\"_blank\" rel=\"noopener\">Poster N\u00b08<\/a><\/p>\n<p style=\"text-align: center;\"><a href=\"http:\/\/surmedicalisation.fr\/?page_id=4556#P_LAMOUR\" target=\"_blank\" rel=\"noopener\">Dr Patrick LAMOUR<\/a><\/p>\n<p style=\"text-align: center;\"><a href=\"http:\/\/surmedicalisation.fr\/?page_id=4556#P_LAMOUR\" target=\"_blank\" rel=\"noopener\">M\u00e9decin G\u00e9n\u00e9raliste, Nantes<\/a><\/p>\n<p style=\"text-align: center;\"><a href=\"http:\/\/surmedicalisation.fr\/?page_id=4556#Patrick_LAMOUR\" target=\"_blank\" rel=\"noopener\">\u00ab La surm\u00e9dicalisation, le surdiagnostic, le surtraitement<\/a><\/p>\n<p style=\"text-align: center;\"><a href=\"http:\/\/surmedicalisation.fr\/?page_id=4556#P_LAMOUR\" target=\"_blank\" rel=\"noopener\">dans le quotidien d&rsquo;une consultation de m\u00e9decine g\u00e9n\u00e9rale \u00bb<\/a><\/p>\n<p>&nbsp;<\/p>\n<p>&nbsp;<\/p>\n<p style=\"text-align: center;\"><a href=\"http:\/\/surmedicalisation.fr\/?page_id=4556#B\u00e9atrice_FERRARI\" target=\"_blank\" rel=\"noopener\">Poster N\u00b09<\/a><\/p>\n<p style=\"text-align: center;\"><a href=\"http:\/\/surmedicalisation.fr\/?page_id=4556#B\u00e9atrice_FERRARI\" target=\"_blank\" rel=\"noopener\">B\u00e9atrice FERRARI,<\/a><\/p>\n<p style=\"text-align: center;\"><a href=\"http:\/\/surmedicalisation.fr\/?page_id=4556#B\u00e9atrice_FERRARI\" target=\"_blank\" rel=\"noopener\">kin\u00e9sith\u00e9rapeute vasculaire de ville, Toulouse<\/a><\/p>\n<p style=\"text-align: center;\"><a href=\"http:\/\/surmedicalisation.fr\/?page_id=4556#B\u00e9atrice_FERRARI\" target=\"_blank\" rel=\"noopener\">\u00ab\u00a0D\u00e9velopper des prises en charge ambulatoires pour optimiser les co\u00fbts :<\/a><\/p>\n<p style=\"text-align: center;\"><a href=\"http:\/\/surmedicalisation.fr\/?page_id=4556#B\u00e9atrice_FERRARI\" target=\"_blank\" rel=\"noopener\">Exemple de la r\u00e9\u00e9ducation cardio-vasculaire en ville\u00a0\u00bb<\/a><\/p>\n<hr \/>\n<hr \/>\n<p>&nbsp;<\/p>\n<h2 style=\"text-align: center;\">Conf\u00e9rence introductive<\/h2>\n<p>&nbsp;<\/p>\n<h1 style=\"text-align: center;\"><a href=\"http:\/\/surmedicalisation.fr\/?page_id=4550#Claude_MAILLET\" target=\"_blank\" rel=\"noopener\">\u00ab La voix du CNOM<\/a><\/h1>\n<h1 style=\"text-align: center;\"><a href=\"http:\/\/surmedicalisation.fr\/?page_id=4550#Claude_MAILLET\" target=\"_blank\" rel=\"noopener\">La grande concertation<\/a><a href=\"http:\/\/surmedicalisation.fr\/?page_id=4550#Claude_MAILLET\" target=\"_blank\" rel=\"noopener\"> \u00bb<\/a><\/h1>\n<p>&nbsp;<\/p>\n<p style=\"text-align: center;\"><span style=\"color: #000000;\"><strong>Dr<\/strong> <\/span><span style=\"color: #3366ff;\"><strong><span style=\"color: #000000;\">Claude MAILLET, Conseil D\u00e9partemental de l&rsquo;Ordre des M\u00e9decins, 31<\/span><br \/>\n<\/strong><\/span><\/p>\n<p style=\"text-align: center;\"><strong>Pour le Dr Patrick BOUET, Pr\u00e9sident du Conseil National<br \/>\n<\/strong><strong>de l&rsquo;Ordre des M\u00e9decins<\/strong><\/p>\n<hr \/>\n<h2><\/h2>\n<h2 style=\"text-align: center;\"><a href=\"http:\/\/surmedicalisation.fr\/?page_id=4550\" target=\"_blank\" rel=\"noopener\">Atelier N\u00b01<\/a><\/h2>\n<h3 style=\"text-align: center;\"><\/h3>\n<h1 style=\"text-align: center;\"><a href=\"http:\/\/surmedicalisation.fr\/?page_id=4550\" target=\"_blank\" rel=\"noopener\"><strong>\u00ab Sur- et Sous-m\u00e9dicalisation en M\u00e9decine G\u00e9n\u00e9rale \u00bb<\/strong><\/a><strong>\u00a0<\/strong><\/h1>\n<p>&nbsp;<\/p>\n<p>&nbsp;<\/p>\n<p style=\"text-align: center;\">Mod\u00e9rateur : Omar BRIXI, Alain SIARY,<\/p>\n<p style=\"text-align: center;\">Avec la participation des Dr. Jacques BIRG\u00c9,<br \/>\nPatrick LAMOUR et Ma\u00eflys MICHOT-CASBAS<\/p>\n<p>&nbsp;<\/p>\n<h2 style=\"text-align: center;\">Introduction<\/h2>\n<p style=\"text-align: center;\"><span style=\"color: #000000;\">Dr Omar BRIXI<\/span><\/p>\n<p><span style=\"color: #ffffff;\">.<\/span><\/p>\n<h2 style=\"text-align: center;\"><span style=\"color: #0000ff;\">Discussion <\/span><\/h2>\n<h3 style=\"text-align: center;\"><\/h3>\n<h3 style=\"text-align: center;\"><span style=\"color: #ffffff;\">&#8230;.<\/span><\/h3>\n<p>&nbsp;<\/p>\n<hr \/>\n<h2 style=\"text-align: center;\"><a href=\"http:\/\/surmedicalisation.fr\/?page_id=4552\" target=\"_blank\" rel=\"noopener\">Atelier N\u00b02<\/a><\/h2>\n<h1 style=\"text-align: center;\"><a href=\"http:\/\/surmedicalisation.fr\/?page_id=4552\" target=\"_blank\" rel=\"noopener\"><span style=\"color: #000000;\"><strong>\u00ab Innovation et\/ou Progr\u00e8s \u00bb<\/strong><\/span><\/a><\/h1>\n<p style=\"text-align: center;\">Mod\u00e9rateur : Fran\u00e7ois PESTY, Rapporteur : Jean-Claude SALOMON<\/p>\n<p><span style=\"color: #ffffff;\">&#8230;<\/span><\/p>\n<p>&nbsp;<\/p>\n<h1 style=\"text-align: center;\"><a href=\"http:\/\/surmedicalisation.fr\/?page_id=4552#Pr_Isabelle_QUERE\" target=\"_blank\" rel=\"noopener\"><span style=\"color: #0000ff;\">\u00ab Le Lymphorac. En quoi le statut social influe sur les s\u00e9quelles de la chirurgie du cancer du sein ? \u00bb<\/span><\/a><\/h1>\n<p>&nbsp;<\/p>\n<p style=\"text-align: center;\"><a href=\"http:\/\/surmedicalisation.fr\/?page_id=4552#Pr_Isabelle_QUERE\" target=\"_blank\" rel=\"noopener\">\u00a0<span style=\"color: #000000;\"><strong>Pr. Isabelle QU\u00c9R\u00c9, Chirurgie vasculaire, Universit\u00e9 et CHU Saint-Eloi, Montpellier<\/strong><\/span><\/a><\/p>\n<p>&nbsp;<\/p>\n<h1 style=\"text-align: center;\"><a href=\"http:\/\/surmedicalisation.fr\/?page_id=4552#Francois_PESTY\" target=\"_blank\" rel=\"noopener\">\u00ab\u00a0Bioth\u00e9rapies\u00a0: Innovation ou progr\u00e8s dans le traitement de fond de la polyarthrite rhumato\u00efde\u00a0?\u00a0\u00bb<\/a><\/h1>\n<p style=\"text-align: center;\">\u00a0<strong><a href=\"http:\/\/surmedicalisation.fr\/?page_id=4552#Francois_PESTY\" target=\"_blank\" rel=\"noopener\">Dr. Fran\u00e7ois PESTY<\/a><br \/>\n<\/strong><\/p>\n<p><span style=\"color: #ffffff;\">&#8230;<\/span><\/p>\n<p>&nbsp;<\/p>\n<h1 style=\"text-align: center;\"><a href=\"http:\/\/surmedicalisation.fr\/?page_id=4552#Gerard_DELEPINE\" target=\"_blank\" rel=\"noopener\">\u00ab La dur\u00e9e de survie sans progression est-elle<\/a><\/h1>\n<h1 style=\"text-align: center;\"><a href=\"http:\/\/surmedicalisation.fr\/?page_id=4552#Gerard_DELEPINE\" target=\"_blank\" rel=\"noopener\">pr\u00e9dictive de la survie globale ?<\/a><\/h1>\n<h1 style=\"text-align: center;\"><a href=\"http:\/\/surmedicalisation.fr\/?page_id=4552#Gerard_DELEPINE\" target=\"_blank\" rel=\"noopener\">Analyse des \u00e9tudes de th\u00e9rapies cibl\u00e9es en<\/a><\/h1>\n<h1 style=\"text-align: center;\"><a href=\"http:\/\/surmedicalisation.fr\/?page_id=4552#Gerard_DELEPINE\" target=\"_blank\" rel=\"noopener\">canc\u00e9rologie \u00bb<\/a><\/h1>\n<p>&nbsp;<\/p>\n<p style=\"text-align: center;\">\u00a0<strong><a href=\"http:\/\/surmedicalisation.fr\/?page_id=4552#Gerard_DELEPINE\" target=\"_blank\" rel=\"noopener\">Dr. G\u00e9rard DEL\u00c9PINE, Chirurgien et Oncologue<\/a><br \/>\n<\/strong><\/p>\n<p><span style=\"color: #ffffff;\">&#8230;.<\/span><\/p>\n<p>&nbsp;<\/p>\n<p style=\"text-align: center;\"><strong><span style=\"color: #000000;\">Discussion<\/span><\/strong><\/p>\n<hr \/>\n<p>&nbsp;<\/p>\n<p style=\"text-align: center;\"><span style=\"color: #000000;\"><strong>S\u00e9ance pl\u00e9ni\u00e8re de restitution des ateliers et synth\u00e8se<\/strong><\/span><\/p>\n<p style=\"text-align: center;\"><span style=\"color: #ffffff;\">&#8230;<\/span><\/p>\n<p>&nbsp;<\/p>\n<hr \/>\n<p>&nbsp;<\/p>\n<h2 style=\"text-align: center;\"><strong><span style=\"color: #000000;\">Samedi 29 avril 2017 &#8211; Matin\u00e9e<\/span><\/strong><\/h2>\n<p>&nbsp;<\/p>\n<h2 style=\"text-align: center;\">Conf\u00e9rence introductive<\/h2>\n<h1 style=\"text-align: center;\"><a href=\"http:\/\/surmedicalisation.fr\/?page_id=4554#Herve_MAISONNEUVE\" target=\"_blank\" rel=\"noopener\">\u00ab L&#8217;embellissement des publications<\/a><br \/>\n<a href=\"http:\/\/surmedicalisation.fr\/?page_id=4554#Herve_MAISONNEUVE\" target=\"_blank\" rel=\"noopener\">pollue la science \u00bb<\/a><\/h1>\n<p>&nbsp;<\/p>\n<p style=\"text-align: center;\"><a href=\"http:\/\/surmedicalisation.fr\/?page_id=4554#Herve_MAISONNEUVE\" target=\"_blank\" rel=\"noopener\"><strong>Dr.<\/strong> <\/a><strong><a href=\"http:\/\/surmedicalisation.fr\/?page_id=4554#Herve_MAISONNEUVE\" target=\"_blank\" rel=\"noopener\">Herv\u00e9 MAISONNEUVE, Consultant en R\u00e9daction Scientifique, Ancien<\/a> <a href=\"http:\/\/surmedicalisation.fr\/?page_id=4554#Herve_MAISONNEUVE\" target=\"_blank\" rel=\"noopener\">Professeur Associ\u00e9 en Sant\u00e9 Publique, R\u00e9dacteur de<\/a> <a href=\"http:\/\/www.redactionmedicale.fr\">www.redactionmedicale.fr<\/a><br \/>\n<\/strong><\/p>\n<hr \/>\n<p>&nbsp;<\/p>\n<h2 style=\"text-align: center;\"><a href=\"http:\/\/surmedicalisation.fr\/?page_id=4554\" target=\"_blank\" rel=\"noopener\">Atelier N\u00b03<\/a><\/h2>\n<h3 style=\"text-align: center;\"><\/h3>\n<h1 style=\"text-align: center;\"><a href=\"http:\/\/surmedicalisation.fr\/?page_id=4554\" target=\"_blank\" rel=\"noopener\"><span style=\"color: #000000;\"><strong>\u00ab Fraude en m\u00e9decine, \u00ab\u00a0Bad m\u00e9dicine\u00a0\u00bb et Surm\u00e9dicalisation<\/strong><\/span><span style=\"color: #000000;\"><strong> \u00bb<\/strong><\/span><\/a><\/h1>\n<p style=\"text-align: center;\">Mod\u00e9rateurs : Ma\u00eflys MICHOT-CASBAS, Alain SIARY, Michel THOMAS<\/p>\n<p><span style=\"color: #ffffff;\">&#8230;<\/span><\/p>\n<h2 style=\"text-align: center;\"><a href=\"http:\/\/surmedicalisation.fr\/?page_id=4554#Francois_PESTY\" target=\"_blank\" rel=\"noopener\"><strong>\u00ab Recommandations biais\u00e9es, embellissements des essais, mauvais comparateurs, questions \u00e9thiques, conflits d&rsquo;int\u00e9r\u00eats et surtraitement<\/strong><\/a><br \/>\n<a href=\"http:\/\/surmedicalisation.fr\/?page_id=4554#Francois_PESTY\" target=\"_blank\" rel=\"noopener\"><strong> dans la polyarthrite rhumato\u00efde \u00bb<\/strong><\/a><\/h2>\n<p>&nbsp;<\/p>\n<p style=\"text-align: center;\">\u00a0<strong><a href=\"http:\/\/surmedicalisation.fr\/?page_id=4554#Francois_PESTY\" target=\"_blank\" rel=\"noopener\">Dr. Fran\u00e7ois PESTY<\/a><br \/>\n<\/strong><\/p>\n<p style=\"text-align: center;\"><span style=\"color: #ffffff;\">&#8230;<\/span><\/p>\n<h2 style=\"text-align: center;\"><a href=\"http:\/\/surmedicalisation.fr\/?page_id=4554#Gerard_DELEPINE\" target=\"_blank\" rel=\"noopener\"><strong>\u00ab Les r\u00e9sultats des \u00e9tudes pivots en<\/strong><\/a><\/h2>\n<h2 style=\"text-align: center;\"><a href=\"http:\/\/surmedicalisation.fr\/?page_id=4554#Gerard_DELEPINE\" target=\"_blank\" rel=\"noopener\"><strong>canc\u00e9rologie sont-ils fiables ? \u00bb<\/strong><\/a><\/h2>\n<p>&nbsp;<\/p>\n<p style=\"text-align: center;\">\u00a0<strong><a href=\"http:\/\/surmedicalisation.fr\/?page_id=4554#Gerard_DELEPINE\" target=\"_blank\" rel=\"noopener\"><span style=\"color: #000000;\">Dr. G\u00e9rard DEL\u00c9PINE, Chirurgien et Oncologue<\/span><\/a><br \/>\n<\/strong><\/p>\n<p style=\"text-align: center;\"><span style=\"color: #ffffff;\">&#8230;.<\/span><\/p>\n<p><span style=\"color: #ffffff;\"> &#8230;<\/span><\/p>\n<p>&nbsp;<\/p>\n<p style=\"text-align: center;\"><span style=\"color: #0000ff;\"><strong>Discussion<\/strong><\/span><\/p>\n<hr \/>\n<h3 style=\"text-align: center;\"><\/h3>\n<h1 style=\"text-align: center;\"><span style=\"color: #000000;\"><strong>Synth\u00e8se du colloque<br \/>\n<\/strong><\/span><\/h1>\n<p style=\"text-align: center;\"><strong><span style=\"color: #000000;\">Omar BRIXI<\/span><br \/>\n<\/strong><\/p>\n<p>&nbsp;<\/p>\n<h1 style=\"text-align: center;\"><span style=\"color: #000000;\"><strong>Cl\u00f4ture du colloque<br \/>\n<\/strong><\/span><\/h1>\n<p style=\"text-align: center;\"><strong><span style=\"color: #000000;\">Pr. Michel THOMAS<\/span><br \/>\n<\/strong><\/p>\n<hr \/>\n<h3 style=\"text-align: center;\"><span style=\"color: #ffffff;\">&#8230;&#8230;<\/span><\/h3>\n<h1 style=\"text-align: center;\"><span style=\"color: #000000;\"><strong><a href=\"http:\/\/surmedicalisation.fr\/?page_id=4558\" target=\"_blank\" rel=\"noopener\">Galerie photos<\/a><br \/>\n<\/strong><\/span><\/h1>\n<hr \/>\n","protected":false},"excerpt":{"rendered":"<p>Colloque 2017 Sur et sous m\u00e9dicalisation, surdiagnostics, surtraitements Facult\u00e9 de M\u00e9decine de Bobigny, Universit\u00e9 Paris 13 Le groupe Princeps, le D\u00e9partement de M\u00e9decine G\u00e9n\u00e9rale de la facult\u00e9 de m\u00e9decine de Bobigny, la Soci\u00e9t\u00e9 de Formation \u00e0 la Th\u00e9rapeutique du G\u00e9n\u00e9raliste &hellip; <a href=\"https:\/\/surmedicalisation.fr\/?page_id=4525\">Continuer la lecture <span class=\"meta-nav\">&rarr;<\/span><\/a><\/p>\n","protected":false},"author":1,"featured_media":0,"parent":4475,"menu_order":1,"comment_status":"closed","ping_status":"closed","template":"","meta":[],"_links":{"self":[{"href":"https:\/\/surmedicalisation.fr\/index.php?rest_route=\/wp\/v2\/pages\/4525"}],"collection":[{"href":"https:\/\/surmedicalisation.fr\/index.php?rest_route=\/wp\/v2\/pages"}],"about":[{"href":"https:\/\/surmedicalisation.fr\/index.php?rest_route=\/wp\/v2\/types\/page"}],"author":[{"embeddable":true,"href":"https:\/\/surmedicalisation.fr\/index.php?rest_route=\/wp\/v2\/users\/1"}],"replies":[{"embeddable":true,"href":"https:\/\/surmedicalisation.fr\/index.php?rest_route=%2Fwp%2Fv2%2Fcomments&post=4525"}],"version-history":[{"count":45,"href":"https:\/\/surmedicalisation.fr\/index.php?rest_route=\/wp\/v2\/pages\/4525\/revisions"}],"predecessor-version":[{"id":4943,"href":"https:\/\/surmedicalisation.fr\/index.php?rest_route=\/wp\/v2\/pages\/4525\/revisions\/4943"}],"up":[{"embeddable":true,"href":"https:\/\/surmedicalisation.fr\/index.php?rest_route=\/wp\/v2\/pages\/4475"}],"wp:attachment":[{"href":"https:\/\/surmedicalisation.fr\/index.php?rest_route=%2Fwp%2Fv2%2Fmedia&parent=4525"}],"curies":[{"name":"wp","href":"https:\/\/api.w.org\/{rel}","templated":true}]}}